{"id":384,"date":"2018-10-22T16:56:54","date_gmt":"2018-10-22T14:56:54","guid":{"rendered":"http:\/\/www.laurapennanen.fi\/?page_id=384"},"modified":"2024-02-21T08:43:32","modified_gmt":"2024-02-21T06:43:32","slug":"yhteysalukset","status":"publish","type":"page","link":"https:\/\/www.laurapennanen.fi\/?page_id=384","title":{"rendered":"Yhteysalukset"},"content":{"rendered":"<p>Kotkan Kuusisesta l\u00e4htev\u00e4t yhteysalukset m\/s Otava ja m\/s Tekla I, jotka kuljettavat matkustajia ja autoja Kotkan saaristoon <a href=\"http:\/\/kuutsalo.fi\/\" target=\"_blank\" rel=\"noopener noreferrer\">Kuutsaloon<\/a>, <a href=\"http:\/\/www.kaunissaari.fi\/\" target=\"_blank\" rel=\"noopener noreferrer\">Kaunissaareen<\/a>, <a href=\"http:\/\/www.haapasaariseura.fi\/\" target=\"_blank\" rel=\"noopener noreferrer\">Haapasaareen<\/a>, Rankkiin ja <a href=\"https:\/\/www.kotkansaaret.fi\/saaret\/kirkonmaa\/\" target=\"_blank\" rel=\"noopener noreferrer\">Kirkonmaahan<\/a>. N\u00e4it\u00e4 aluksia tuuraa tarvittaessa m\/s Finn\u00f6. Liikenn\u00f6inti\u00e4 l\u00e4hisaariin on l\u00e4hes jokaisena viikonp\u00e4iv\u00e4n\u00e4. Saarelaisille yhteysalus on v\u00e4ltt\u00e4m\u00e4t\u00f6n liikkumisv\u00e4line, etenkin talviaikana, jolloin omalla veneell\u00e4 ei pysty j\u00e4iden takia ajamaan. Liikenn\u00f6innist\u00e4 vastaa <a href=\"https:\/\/www.finferries.fi\/\" target=\"_blank\" rel=\"noopener noreferrer\">Finferries-varustamo<\/a>.<\/p>\n<p>Kovat j\u00e4\u00e4talvet laittavat yhteysalukset koville. Kovat myrskytuulet, ahto- ja ter\u00e4sj\u00e4\u00e4 vaikeuttavat kulkua saaristoon. Alhainen merivedenkorkeus (-50 cm) est\u00e4\u00e4 liikenn\u00f6innin Kuutsaloon ja Kaunissaareen. Yhteysalukset nostetaan v\u00e4lill\u00e4 my\u00f6s telakalle huoltoa varten ja silloin liikennek\u00e4ytt\u00f6\u00f6n otetaan vara-alukset. Finn\u00f6 on ollut vara-aluksena my\u00f6s teknisten ongelmien sattuessa. Vuoden 2024 alusta Kotkaan saapui Rosala II, joka paikkasi Tekla I vuorot sen moottorinvaihdon telakka-ajan. Tekla telakoitiin Loviisan Valkoon.<\/p>\n<p><a href=\"https:\/\/www.finferries.fi\/media\/aikataulut-2021\/kotkan-reitti-talvi-1.10.2021-30.4.2022.pdf\" target=\"_blank\" rel=\"noopener noreferrer\">Yhteysalusten aikataulut Kotkan saaristoon<\/a><\/p>\n<div class=\"kuvatleve\u00e4mpi\">\n<div id=\"attachment_426\" style=\"width: 510px\" class=\"wp-caption alignnone\"><a href=\"http:\/\/www.laurapennanen.fi\/wp-content\/uploads\/2018\/10\/Otava-2018-04.09.-13.13.02.jpg\"><img loading=\"lazy\" decoding=\"async\" aria-describedby=\"caption-attachment-426\" class=\"wp-image-426\" src=\"http:\/\/www.laurapennanen.fi\/wp-content\/uploads\/2018\/10\/Otava-2018-04.09.-13.13.02-1024x768.jpg\" alt=\"\" width=\"500\" height=\"376\" srcset=\"https:\/\/www.laurapennanen.fi\/wp-content\/uploads\/2018\/10\/Otava-2018-04.09.-13.13.02-1024x768.jpg 1024w, https:\/\/www.laurapennanen.fi\/wp-content\/uploads\/2018\/10\/Otava-2018-04.09.-13.13.02-300x225.jpg 300w, https:\/\/www.laurapennanen.fi\/wp-content\/uploads\/2018\/10\/Otava-2018-04.09.-13.13.02-768x576.jpg 768w, https:\/\/www.laurapennanen.fi\/wp-content\/uploads\/2018\/10\/Otava-2018-04.09.-13.13.02-624x468.jpg 624w, https:\/\/www.laurapennanen.fi\/wp-content\/uploads\/2018\/10\/Otava-2018-04.09.-13.13.02.jpg 2000w\" sizes=\"auto, (max-width: 500px) 100vw, 500px\" \/><\/a><p id=\"caption-attachment-426\" class=\"wp-caption-text\">Otava tulossa Kuutsaloon 9.4.2018<\/p><\/div>\n<\/div>\n<div class=\"kuvatleve\u00e4mpi\">\n<div id=\"attachment_1010\" style=\"width: 510px\" class=\"wp-caption alignnone\"><a href=\"http:\/\/www.laurapennanen.fi\/wp-content\/uploads\/2018\/12\/Otava-sinovalkoinen.jpg\"><img loading=\"lazy\" decoding=\"async\" aria-describedby=\"caption-attachment-1010\" class=\"wp-image-1010\" src=\"http:\/\/www.laurapennanen.fi\/wp-content\/uploads\/2018\/12\/Otava-sinovalkoinen-1024x768.jpg\" alt=\"\" width=\"500\" height=\"375\" srcset=\"https:\/\/www.laurapennanen.fi\/wp-content\/uploads\/2018\/12\/Otava-sinovalkoinen-1024x768.jpg 1024w, https:\/\/www.laurapennanen.fi\/wp-content\/uploads\/2018\/12\/Otava-sinovalkoinen-300x225.jpg 300w, https:\/\/www.laurapennanen.fi\/wp-content\/uploads\/2018\/12\/Otava-sinovalkoinen-768x576.jpg 768w, https:\/\/www.laurapennanen.fi\/wp-content\/uploads\/2018\/12\/Otava-sinovalkoinen-624x468.jpg 624w, https:\/\/www.laurapennanen.fi\/wp-content\/uploads\/2018\/12\/Otava-sinovalkoinen.jpg 2000w\" sizes=\"auto, (max-width: 500px) 100vw, 500px\" \/><\/a><p id=\"caption-attachment-1010\" class=\"wp-caption-text\">Otava vanhoissa v\u00e4reiss\u00e4 2.2.2016 saapumassa Mulliin.<\/p><\/div>\n<\/div>\n<div class=\"kuvatleve\u00e4mpi\">\n<div id=\"attachment_428\" style=\"width: 510px\" class=\"wp-caption alignnone\"><a href=\"http:\/\/www.laurapennanen.fi\/wp-content\/uploads\/2018\/10\/Tekla-2018-02.17.-13.18.14.jpg\"><img loading=\"lazy\" decoding=\"async\" aria-describedby=\"caption-attachment-428\" class=\"wp-image-428\" src=\"http:\/\/www.laurapennanen.fi\/wp-content\/uploads\/2018\/10\/Tekla-2018-02.17.-13.18.14-1024x768.jpg\" alt=\"\" width=\"500\" height=\"375\" srcset=\"https:\/\/www.laurapennanen.fi\/wp-content\/uploads\/2018\/10\/Tekla-2018-02.17.-13.18.14-1024x768.jpg 1024w, https:\/\/www.laurapennanen.fi\/wp-content\/uploads\/2018\/10\/Tekla-2018-02.17.-13.18.14-300x225.jpg 300w, https:\/\/www.laurapennanen.fi\/wp-content\/uploads\/2018\/10\/Tekla-2018-02.17.-13.18.14-768x576.jpg 768w, https:\/\/www.laurapennanen.fi\/wp-content\/uploads\/2018\/10\/Tekla-2018-02.17.-13.18.14-624x468.jpg 624w, https:\/\/www.laurapennanen.fi\/wp-content\/uploads\/2018\/10\/Tekla-2018-02.17.-13.18.14.jpg 2000w\" sizes=\"auto, (max-width: 500px) 100vw, 500px\" \/><\/a><p id=\"caption-attachment-428\" class=\"wp-caption-text\">Tekla I Mullissa 17.2.2018<\/p><\/div>\n<\/div>\n<div class=\"kuvatleve\u00e4mpi\">\n<div id=\"attachment_430\" style=\"width: 510px\" class=\"wp-caption alignnone\"><a href=\"http:\/\/www.laurapennanen.fi\/wp-content\/uploads\/2018\/10\/Finn\u00f6-2018-07.05.-07.21.56.jpg\"><img loading=\"lazy\" decoding=\"async\" aria-describedby=\"caption-attachment-430\" class=\"wp-image-430\" src=\"http:\/\/www.laurapennanen.fi\/wp-content\/uploads\/2018\/10\/Finn\u00f6-2018-07.05.-07.21.56-1024x768.jpg\" alt=\"\" width=\"500\" height=\"375\" srcset=\"https:\/\/www.laurapennanen.fi\/wp-content\/uploads\/2018\/10\/Finn\u00f6-2018-07.05.-07.21.56-1024x768.jpg 1024w, https:\/\/www.laurapennanen.fi\/wp-content\/uploads\/2018\/10\/Finn\u00f6-2018-07.05.-07.21.56-300x225.jpg 300w, https:\/\/www.laurapennanen.fi\/wp-content\/uploads\/2018\/10\/Finn\u00f6-2018-07.05.-07.21.56-768x576.jpg 768w, https:\/\/www.laurapennanen.fi\/wp-content\/uploads\/2018\/10\/Finn\u00f6-2018-07.05.-07.21.56-624x468.jpg 624w, https:\/\/www.laurapennanen.fi\/wp-content\/uploads\/2018\/10\/Finn\u00f6-2018-07.05.-07.21.56.jpg 2000w\" sizes=\"auto, (max-width: 500px) 100vw, 500px\" \/><\/a><p id=\"caption-attachment-430\" class=\"wp-caption-text\">Vara-alus Finn\u00f6 Kuutsalon vesill\u00e4 5.7.2018<\/p><\/div>\n<\/div>\n<div class=\"kuvatleve\u00e4mpi\">\n<div id=\"attachment_5274\" style=\"width: 510px\" class=\"wp-caption alignnone\"><a href=\"http:\/\/www.laurapennanen.fi\/wp-content\/uploads\/2021\/12\/Tekla-II.jpg\"><img loading=\"lazy\" decoding=\"async\" aria-describedby=\"caption-attachment-5274\" class=\"wp-image-5274 size-large\" src=\"http:\/\/www.laurapennanen.fi\/wp-content\/uploads\/2021\/12\/Tekla-II-1024x768.jpg\" alt=\"\" width=\"500\" height=\"375\" srcset=\"https:\/\/www.laurapennanen.fi\/wp-content\/uploads\/2021\/12\/Tekla-II-1024x768.jpg 1024w, https:\/\/www.laurapennanen.fi\/wp-content\/uploads\/2021\/12\/Tekla-II-300x225.jpg 300w, https:\/\/www.laurapennanen.fi\/wp-content\/uploads\/2021\/12\/Tekla-II-768x576.jpg 768w, https:\/\/www.laurapennanen.fi\/wp-content\/uploads\/2021\/12\/Tekla-II-1536x1152.jpg 1536w, https:\/\/www.laurapennanen.fi\/wp-content\/uploads\/2021\/12\/Tekla-II-624x468.jpg 624w, https:\/\/www.laurapennanen.fi\/wp-content\/uploads\/2021\/12\/Tekla-II.jpg 2000w\" sizes=\"auto, (max-width: 500px) 100vw, 500px\" \/><\/a><p id=\"caption-attachment-5274\" class=\"wp-caption-text\">Tekla II<\/p><\/div>\n<\/div>\n<div class=\"kuvatleve\u00e4mpi\">\n<div id=\"attachment_5819\" style=\"width: 510px\" class=\"wp-caption alignnone\"><a href=\"http:\/\/www.laurapennanen.fi\/wp-content\/uploads\/2024\/02\/Rosala-II.jpg\"><img loading=\"lazy\" decoding=\"async\" aria-describedby=\"caption-attachment-5819\" class=\"wp-image-5819 size-medium\" src=\"http:\/\/www.laurapennanen.fi\/wp-content\/uploads\/2024\/02\/Rosala-II-300x225.jpg\" alt=\"\" width=\"500\" height=\"375\" srcset=\"https:\/\/www.laurapennanen.fi\/wp-content\/uploads\/2024\/02\/Rosala-II-300x225.jpg 300w, https:\/\/www.laurapennanen.fi\/wp-content\/uploads\/2024\/02\/Rosala-II-1024x768.jpg 1024w, https:\/\/www.laurapennanen.fi\/wp-content\/uploads\/2024\/02\/Rosala-II-768x576.jpg 768w, https:\/\/www.laurapennanen.fi\/wp-content\/uploads\/2024\/02\/Rosala-II-1536x1152.jpg 1536w, https:\/\/www.laurapennanen.fi\/wp-content\/uploads\/2024\/02\/Rosala-II-624x468.jpg 624w, https:\/\/www.laurapennanen.fi\/wp-content\/uploads\/2024\/02\/Rosala-II.jpg 2000w\" sizes=\"auto, (max-width: 500px) 100vw, 500px\" \/><\/a><p id=\"caption-attachment-5819\" class=\"wp-caption-text\">Rosala II<\/p><\/div>\n<\/div>\n<h1>Vuoromoottorit<\/h1>\n<p>Vuoromoottorit, kotkalaisittain tuurit, ovat kuuluneet aina historiaani. Kotisaareeni Kuutsaloon kuljettiin tuurilla, joka kulki joka arkip\u00e4iv\u00e4 kolmesti, viikonloppuisin kahdesti p\u00e4iv\u00e4ss\u00e4. Vuoromoottoreiden l\u00e4ht\u00f6paikkana oli Sapokka. My\u00f6s Haapasaareen ja Kaunissaareen kulki omat vuorot ja tietenkin Varissaareen eli Vaakkuun.<\/p>\n<p>Nykyisin Sapokasta ajaa m\/s Klippan Varissaareen ja m\/s Jaana reitti\u00e4 Kotka-Kukouri-Lehm\u00e4-Kirkonmaa-Rankki. Lis\u00e4ksi Haminasta kulkee MeriSetin Viklat Tammioon, Ulko-Tammioon sek\u00e4 juhannusvuoroa Kaunissaareen. MeriSet j\u00e4rjest\u00e4\u00e4 my\u00f6s jokiristeilyj\u00e4 Kymijoen Korkeakoskenhaaraan. Kantasatamasta l\u00e4htee kaljaasi Vivan, jonka matkassa p\u00e4\u00e4see tutustumaan Kotkan kauniiseen saaristoon.<\/p>\n<p>Vuoromoottoreiden bongailu on mukavaa merell\u00e4 kulkiessa. Kotkalainen tapa on tervehti\u00e4 vastaantulijaa merell\u00e4, oli kyseess\u00e4 sitten soutuvene, liippari, vuoromoottori tai vaikkapa merivartijat. L\u00e4hes aina k\u00e4tt\u00e4\u00e4n nostaessa saa takaisin vuoromoottorin kyydiss\u00e4 olevien matkustajien vilkutukset.<\/p>\n<div class=\"kuvatleve\u00e4mpi\">\n<div id=\"attachment_2753\" style=\"width: 510px\" class=\"wp-caption alignnone\"><a href=\"http:\/\/www.laurapennanen.fi\/wp-content\/uploads\/2019\/05\/Jaana.jpg\"><img loading=\"lazy\" decoding=\"async\" aria-describedby=\"caption-attachment-2753\" class=\"wp-image-2753 size-large\" src=\"http:\/\/www.laurapennanen.fi\/wp-content\/uploads\/2019\/05\/Jaana-1024x768.jpg\" alt=\"\" width=\"625\" height=\"469\" srcset=\"https:\/\/www.laurapennanen.fi\/wp-content\/uploads\/2019\/05\/Jaana-1024x768.jpg 1024w, https:\/\/www.laurapennanen.fi\/wp-content\/uploads\/2019\/05\/Jaana-300x225.jpg 300w, https:\/\/www.laurapennanen.fi\/wp-content\/uploads\/2019\/05\/Jaana-768x576.jpg 768w, https:\/\/www.laurapennanen.fi\/wp-content\/uploads\/2019\/05\/Jaana-624x468.jpg 624w, https:\/\/www.laurapennanen.fi\/wp-content\/uploads\/2019\/05\/Jaana.jpg 2000w\" sizes=\"auto, (max-width: 625px) 100vw, 625px\" \/><\/a><p id=\"caption-attachment-2753\" class=\"wp-caption-text\">Jaana 23.5.2019.<\/p><\/div>\n<\/div>\n<div class=\"kuvatleve\u00e4mpi\">\n<div id=\"attachment_871\" style=\"width: 510px\" class=\"wp-caption alignnone\"><a href=\"http:\/\/www.laurapennanen.fi\/wp-content\/uploads\/2018\/11\/Klippan-14.6.2018.jpg\"><img loading=\"lazy\" decoding=\"async\" aria-describedby=\"caption-attachment-871\" class=\"wp-image-871\" src=\"http:\/\/www.laurapennanen.fi\/wp-content\/uploads\/2018\/11\/Klippan-14.6.2018-1024x768.jpg\" alt=\"\" width=\"500\" height=\"375\" srcset=\"https:\/\/www.laurapennanen.fi\/wp-content\/uploads\/2018\/11\/Klippan-14.6.2018-1024x768.jpg 1024w, https:\/\/www.laurapennanen.fi\/wp-content\/uploads\/2018\/11\/Klippan-14.6.2018-300x225.jpg 300w, https:\/\/www.laurapennanen.fi\/wp-content\/uploads\/2018\/11\/Klippan-14.6.2018-768x576.jpg 768w, https:\/\/www.laurapennanen.fi\/wp-content\/uploads\/2018\/11\/Klippan-14.6.2018-624x468.jpg 624w, https:\/\/www.laurapennanen.fi\/wp-content\/uploads\/2018\/11\/Klippan-14.6.2018.jpg 2000w\" sizes=\"auto, (max-width: 500px) 100vw, 500px\" \/><\/a><p id=\"caption-attachment-871\" class=\"wp-caption-text\">Vuoromoottori Klippan palaamassa Varissaaresta Sapokkaan 14.6.2018.<\/p><\/div>\n<\/div>\n<div class=\"kuvatleve\u00e4mpi\">\n<div id=\"attachment_900\" style=\"width: 510px\" class=\"wp-caption alignnone\"><a href=\"http:\/\/www.laurapennanen.fi\/wp-content\/uploads\/2018\/11\/Vikla-I.jpg\"><img loading=\"lazy\" decoding=\"async\" aria-describedby=\"caption-attachment-900\" class=\"wp-image-900\" src=\"http:\/\/www.laurapennanen.fi\/wp-content\/uploads\/2018\/11\/Vikla-I-1024x768.jpg\" alt=\"\" width=\"500\" height=\"375\" srcset=\"https:\/\/www.laurapennanen.fi\/wp-content\/uploads\/2018\/11\/Vikla-I-1024x768.jpg 1024w, https:\/\/www.laurapennanen.fi\/wp-content\/uploads\/2018\/11\/Vikla-I-300x225.jpg 300w, https:\/\/www.laurapennanen.fi\/wp-content\/uploads\/2018\/11\/Vikla-I-768x576.jpg 768w, https:\/\/www.laurapennanen.fi\/wp-content\/uploads\/2018\/11\/Vikla-I-624x468.jpg 624w, https:\/\/www.laurapennanen.fi\/wp-content\/uploads\/2018\/11\/Vikla-I.jpg 2000w\" sizes=\"auto, (max-width: 500px) 100vw, 500px\" \/><\/a><p id=\"caption-attachment-900\" class=\"wp-caption-text\">Vikla I Sapokassa Tulikukon viereisess\u00e4 laiturissa 25.9.2017.<\/p><\/div>\n<\/div>\n<div class=\"kuvatleve\u00e4mpi\">\n<div id=\"attachment_883\" style=\"width: 510px\" class=\"wp-caption alignnone\"><a href=\"http:\/\/www.laurapennanen.fi\/wp-content\/uploads\/2018\/11\/Vikla-III.jpg\"><img loading=\"lazy\" decoding=\"async\" aria-describedby=\"caption-attachment-883\" class=\"wp-image-883\" src=\"http:\/\/www.laurapennanen.fi\/wp-content\/uploads\/2018\/11\/Vikla-III-1024x768.jpg\" alt=\"\" width=\"500\" height=\"375\" srcset=\"https:\/\/www.laurapennanen.fi\/wp-content\/uploads\/2018\/11\/Vikla-III-1024x768.jpg 1024w, https:\/\/www.laurapennanen.fi\/wp-content\/uploads\/2018\/11\/Vikla-III-300x225.jpg 300w, https:\/\/www.laurapennanen.fi\/wp-content\/uploads\/2018\/11\/Vikla-III-768x576.jpg 768w, https:\/\/www.laurapennanen.fi\/wp-content\/uploads\/2018\/11\/Vikla-III-624x468.jpg 624w, https:\/\/www.laurapennanen.fi\/wp-content\/uploads\/2018\/11\/Vikla-III.jpg 2000w\" sizes=\"auto, (max-width: 500px) 100vw, 500px\" \/><\/a><p id=\"caption-attachment-883\" class=\"wp-caption-text\">Vikla III tulossa Sapokkaan 29.7.2017.<\/p><\/div>\n<\/div>\n<div class=\"kuvatleve\u00e4mpi\">\n<div id=\"attachment_1222\" style=\"width: 510px\" class=\"wp-caption alignnone\"><a href=\"http:\/\/www.laurapennanen.fi\/wp-content\/uploads\/2019\/01\/Vikla-II.jpg\"><img loading=\"lazy\" decoding=\"async\" aria-describedby=\"caption-attachment-1222\" class=\"wp-image-1222\" src=\"http:\/\/www.laurapennanen.fi\/wp-content\/uploads\/2019\/01\/Vikla-II-1024x768.jpg\" alt=\"\" width=\"500\" height=\"375\" srcset=\"https:\/\/www.laurapennanen.fi\/wp-content\/uploads\/2019\/01\/Vikla-II-1024x768.jpg 1024w, https:\/\/www.laurapennanen.fi\/wp-content\/uploads\/2019\/01\/Vikla-II-300x225.jpg 300w, https:\/\/www.laurapennanen.fi\/wp-content\/uploads\/2019\/01\/Vikla-II-768x576.jpg 768w, https:\/\/www.laurapennanen.fi\/wp-content\/uploads\/2019\/01\/Vikla-II-624x468.jpg 624w, https:\/\/www.laurapennanen.fi\/wp-content\/uploads\/2019\/01\/Vikla-II.jpg 2000w\" sizes=\"auto, (max-width: 500px) 100vw, 500px\" \/><\/a><p id=\"caption-attachment-1222\" class=\"wp-caption-text\">Vikla II matkustajineen Kotkan edustalla 26.7.2017.<\/p><\/div>\n<\/div>\n<div class=\"kuvatleve\u00e4mpi\">\n<div id=\"attachment_1069\" style=\"width: 510px\" class=\"wp-caption alignnone\"><a href=\"http:\/\/www.laurapennanen.fi\/wp-content\/uploads\/2018\/12\/Kajava.jpg\"><img loading=\"lazy\" decoding=\"async\" aria-describedby=\"caption-attachment-1069\" class=\"wp-image-1069\" src=\"http:\/\/www.laurapennanen.fi\/wp-content\/uploads\/2018\/12\/Kajava-1024x768.jpg\" alt=\"\" width=\"500\" height=\"375\" srcset=\"https:\/\/www.laurapennanen.fi\/wp-content\/uploads\/2018\/12\/Kajava-1024x768.jpg 1024w, https:\/\/www.laurapennanen.fi\/wp-content\/uploads\/2018\/12\/Kajava-300x225.jpg 300w, https:\/\/www.laurapennanen.fi\/wp-content\/uploads\/2018\/12\/Kajava-768x576.jpg 768w, https:\/\/www.laurapennanen.fi\/wp-content\/uploads\/2018\/12\/Kajava-624x468.jpg 624w, https:\/\/www.laurapennanen.fi\/wp-content\/uploads\/2018\/12\/Kajava.jpg 2000w\" sizes=\"auto, (max-width: 500px) 100vw, 500px\" \/><\/a><p id=\"caption-attachment-1069\" class=\"wp-caption-text\">Kajava Rankin laiturissa 16.7.2015.<\/p><\/div>\n<\/div>\n<p style=\"clear: both;\"><a href=\"http:\/\/www.laurapennanen.fi\/?page_id=109\">\u21d0 Palaa Merell\u00e4-sivustoon<\/a><\/p>\n","protected":false},"excerpt":{"rendered":"<p>Kotkan Kuusisesta l\u00e4htev\u00e4t yhteysalukset m\/s Otava ja m\/s Tekla I, jotka kuljettavat matkustajia ja autoja Kotkan saaristoon Kuutsaloon, Kaunissaareen, Haapasaareen, Rankkiin ja Kirkonmaahan. N\u00e4it\u00e4 aluksia tuuraa tarvittaessa m\/s Finn\u00f6. Liikenn\u00f6inti\u00e4 l\u00e4hisaariin on l\u00e4hes jokaisena viikonp\u00e4iv\u00e4n\u00e4. Saarelaisille yhteysalus on v\u00e4ltt\u00e4m\u00e4t\u00f6n liikkumisv\u00e4line, etenkin talviaikana, jolloin omalla veneell\u00e4 ei pysty j\u00e4iden takia ajamaan. Liikenn\u00f6innist\u00e4 vastaa Finferries-varustamo. Kovat j\u00e4\u00e4talvet [&hellip;]<\/p>\n","protected":false},"author":1,"featured_media":0,"parent":109,"menu_order":0,"comment_status":"closed","ping_status":"closed","template":"page-templates\/full-width.php","meta":{"footnotes":""},"class_list":["post-384","page","type-page","status-publish","hentry"],"_links":{"self":[{"href":"https:\/\/www.laurapennanen.fi\/index.php?rest_route=\/wp\/v2\/pages\/384","targetHints":{"allow":["GET"]}}],"collection":[{"href":"https:\/\/www.laurapennanen.fi\/index.php?rest_route=\/wp\/v2\/pages"}],"about":[{"href":"https:\/\/www.laurapennanen.fi\/index.php?rest_route=\/wp\/v2\/types\/page"}],"author":[{"embeddable":true,"href":"https:\/\/www.laurapennanen.fi\/index.php?rest_route=\/wp\/v2\/users\/1"}],"replies":[{"embeddable":true,"href":"https:\/\/www.laurapennanen.fi\/index.php?rest_route=%2Fwp%2Fv2%2Fcomments&post=384"}],"version-history":[{"count":39,"href":"https:\/\/www.laurapennanen.fi\/index.php?rest_route=\/wp\/v2\/pages\/384\/revisions"}],"predecessor-version":[{"id":5823,"href":"https:\/\/www.laurapennanen.fi\/index.php?rest_route=\/wp\/v2\/pages\/384\/revisions\/5823"}],"up":[{"embeddable":true,"href":"https:\/\/www.laurapennanen.fi\/index.php?rest_route=\/wp\/v2\/pages\/109"}],"wp:attachment":[{"href":"https:\/\/www.laurapennanen.fi\/index.php?rest_route=%2Fwp%2Fv2%2Fmedia&parent=384"}],"curies":[{"name":"wp","href":"https:\/\/api.w.org\/{rel}","templated":true}]}}