{"id":402,"date":"2018-10-22T17:25:20","date_gmt":"2018-10-22T15:25:20","guid":{"rendered":"http:\/\/www.laurapennanen.fi\/?page_id=402"},"modified":"2021-09-16T09:25:16","modified_gmt":"2021-09-16T07:25:16","slug":"puuveneet","status":"publish","type":"page","link":"https:\/\/www.laurapennanen.fi\/?page_id=402","title":{"rendered":"Puuveneet"},"content":{"rendered":"<p>Puuveneet ovat veneilyn helmi\u00e4. En v\u00e4sy koskaan ihailemasta niit\u00e4. N\u00e4ytt\u00e4v\u00e4n puuveneen takana on aina paljon ty\u00f6t\u00e4 kev\u00e4isin ja kokonaisuudessaan oman puuveneen tekeminen on yksi suurista haaveistani. Sit\u00e4 mahdollisuutta odotellessa tyydyn kuvaamaan ja katselemaan merell\u00e4 vastaantulevia puuveneit\u00e4. Sapokkaan on Tervasillan kupeeseen tehty varta vasten puuveneille oma laituri, jossa niit\u00e4 voi k\u00e4velless\u00e4 ihailla, niin kotkalaiset kuin turistitkin. Kotkan muistakin pienvenesatamista l\u00f6ytyy n\u00e4it\u00e4 ihanuuksia, joten silm\u00e4niloa l\u00f6ytyy pitkin ja poikin Kotkan rantoja kulkiessa.<\/p>\n<p><a href=\"#Aakkosellinen hakemisto\">Aakkosellinen hakemisto<\/a><\/p>\n<div class=\"kuvat\">\n<p><a name=\"Brunette\"><\/a><\/p>\n<div id=\"attachment_5206\" style=\"width: 635px\" class=\"wp-caption alignnone\"><a href=\"http:\/\/www.laurapennanen.fi\/wp-content\/uploads\/2021\/09\/Brunette.jpg\"><img loading=\"lazy\" decoding=\"async\" aria-describedby=\"caption-attachment-5206\" class=\"wp-image-5206 size-large\" src=\"http:\/\/www.laurapennanen.fi\/wp-content\/uploads\/2021\/09\/Brunette-1024x768.jpg\" alt=\"\" width=\"625\" height=\"469\" srcset=\"https:\/\/www.laurapennanen.fi\/wp-content\/uploads\/2021\/09\/Brunette-1024x768.jpg 1024w, https:\/\/www.laurapennanen.fi\/wp-content\/uploads\/2021\/09\/Brunette-300x225.jpg 300w, https:\/\/www.laurapennanen.fi\/wp-content\/uploads\/2021\/09\/Brunette-768x576.jpg 768w, https:\/\/www.laurapennanen.fi\/wp-content\/uploads\/2021\/09\/Brunette-1536x1152.jpg 1536w, https:\/\/www.laurapennanen.fi\/wp-content\/uploads\/2021\/09\/Brunette-624x468.jpg 624w, https:\/\/www.laurapennanen.fi\/wp-content\/uploads\/2021\/09\/Brunette.jpg 2000w\" sizes=\"auto, (max-width: 625px) 100vw, 625px\" \/><\/a><p id=\"caption-attachment-5206\" class=\"wp-caption-text\">Brunette Sapokan puuvenelaiturissa 15.6.2021.<\/p><\/div>\n<\/div>\n<div class=\"kuvat\">\n<p><a name=\"Mercury\"><\/a><\/p>\n<div id=\"attachment_5207\" style=\"width: 635px\" class=\"wp-caption alignnone\"><a href=\"http:\/\/www.laurapennanen.fi\/wp-content\/uploads\/2021\/09\/Mercury.jpg\"><img loading=\"lazy\" decoding=\"async\" aria-describedby=\"caption-attachment-5207\" class=\"wp-image-5207 size-large\" src=\"http:\/\/www.laurapennanen.fi\/wp-content\/uploads\/2021\/09\/Mercury-1024x768.jpg\" alt=\"\" width=\"625\" height=\"469\" srcset=\"https:\/\/www.laurapennanen.fi\/wp-content\/uploads\/2021\/09\/Mercury-1024x768.jpg 1024w, https:\/\/www.laurapennanen.fi\/wp-content\/uploads\/2021\/09\/Mercury-300x225.jpg 300w, https:\/\/www.laurapennanen.fi\/wp-content\/uploads\/2021\/09\/Mercury-768x576.jpg 768w, https:\/\/www.laurapennanen.fi\/wp-content\/uploads\/2021\/09\/Mercury-1536x1152.jpg 1536w, https:\/\/www.laurapennanen.fi\/wp-content\/uploads\/2021\/09\/Mercury-624x468.jpg 624w, https:\/\/www.laurapennanen.fi\/wp-content\/uploads\/2021\/09\/Mercury.jpg 2000w\" sizes=\"auto, (max-width: 625px) 100vw, 625px\" \/><\/a><p id=\"caption-attachment-5207\" class=\"wp-caption-text\">Mercury Sapokan puuvenelaiturissa 15.6.2021.<\/p><\/div>\n<\/div>\n<div class=\"kuvat\">\n<p><a name=\"Nina\"><\/a><\/p>\n<div id=\"attachment_4791\" style=\"width: 635px\" class=\"wp-caption alignnone\"><a href=\"http:\/\/www.laurapennanen.fi\/wp-content\/uploads\/2020\/09\/Nina.jpg\"><img loading=\"lazy\" decoding=\"async\" aria-describedby=\"caption-attachment-4791\" class=\"wp-image-4791 size-large\" src=\"http:\/\/www.laurapennanen.fi\/wp-content\/uploads\/2020\/09\/Nina-1024x683.jpg\" alt=\"\" width=\"625\" height=\"417\" srcset=\"https:\/\/www.laurapennanen.fi\/wp-content\/uploads\/2020\/09\/Nina-1024x683.jpg 1024w, https:\/\/www.laurapennanen.fi\/wp-content\/uploads\/2020\/09\/Nina-300x200.jpg 300w, https:\/\/www.laurapennanen.fi\/wp-content\/uploads\/2020\/09\/Nina-768x512.jpg 768w, https:\/\/www.laurapennanen.fi\/wp-content\/uploads\/2020\/09\/Nina-1536x1025.jpg 1536w, https:\/\/www.laurapennanen.fi\/wp-content\/uploads\/2020\/09\/Nina-624x416.jpg 624w, https:\/\/www.laurapennanen.fi\/wp-content\/uploads\/2020\/09\/Nina.jpg 1892w\" sizes=\"auto, (max-width: 625px) 100vw, 625px\" \/><\/a><p id=\"caption-attachment-4791\" class=\"wp-caption-text\">Nina Sapokassa 6.9.2020.<\/p><\/div>\n<\/div>\n<div class=\"kuvat\">\n<p><a name=\"Ulpukka\"><\/a><\/p>\n<div id=\"attachment_4731\" style=\"width: 635px\" class=\"wp-caption alignnone\"><a href=\"http:\/\/www.laurapennanen.fi\/wp-content\/uploads\/2020\/08\/Ulpukka.jpg\"><img loading=\"lazy\" decoding=\"async\" aria-describedby=\"caption-attachment-4731\" class=\"wp-image-4731 size-large\" src=\"http:\/\/www.laurapennanen.fi\/wp-content\/uploads\/2020\/08\/Ulpukka-1024x683.jpg\" alt=\"\" width=\"625\" height=\"417\" srcset=\"https:\/\/www.laurapennanen.fi\/wp-content\/uploads\/2020\/08\/Ulpukka-1024x683.jpg 1024w, https:\/\/www.laurapennanen.fi\/wp-content\/uploads\/2020\/08\/Ulpukka-300x200.jpg 300w, https:\/\/www.laurapennanen.fi\/wp-content\/uploads\/2020\/08\/Ulpukka-768x512.jpg 768w, https:\/\/www.laurapennanen.fi\/wp-content\/uploads\/2020\/08\/Ulpukka-1536x1024.jpg 1536w, https:\/\/www.laurapennanen.fi\/wp-content\/uploads\/2020\/08\/Ulpukka-624x416.jpg 624w, https:\/\/www.laurapennanen.fi\/wp-content\/uploads\/2020\/08\/Ulpukka.jpg 1966w\" sizes=\"auto, (max-width: 625px) 100vw, 625px\" \/><\/a><p id=\"caption-attachment-4731\" class=\"wp-caption-text\">Ulpukka Sapokassa 17.8.2020.<\/p><\/div>\n<\/div>\n<div class=\"kuvat\">\n<p><a name=\"R12333\"><\/a><\/p>\n<div id=\"attachment_3664\" style=\"width: 635px\" class=\"wp-caption alignnone\"><a href=\"http:\/\/www.laurapennanen.fi\/wp-content\/uploads\/2019\/09\/Puuvene-R12333.jpg\"><img loading=\"lazy\" decoding=\"async\" aria-describedby=\"caption-attachment-3664\" class=\"wp-image-3664 size-large\" src=\"http:\/\/www.laurapennanen.fi\/wp-content\/uploads\/2019\/09\/Puuvene-R12333-1024x769.jpg\" alt=\"\" width=\"625\" height=\"469\" srcset=\"https:\/\/www.laurapennanen.fi\/wp-content\/uploads\/2019\/09\/Puuvene-R12333-1024x769.jpg 1024w, https:\/\/www.laurapennanen.fi\/wp-content\/uploads\/2019\/09\/Puuvene-R12333-300x225.jpg 300w, https:\/\/www.laurapennanen.fi\/wp-content\/uploads\/2019\/09\/Puuvene-R12333-768x577.jpg 768w, https:\/\/www.laurapennanen.fi\/wp-content\/uploads\/2019\/09\/Puuvene-R12333-624x468.jpg 624w, https:\/\/www.laurapennanen.fi\/wp-content\/uploads\/2019\/09\/Puuvene-R12333.jpg 1833w\" sizes=\"auto, (max-width: 625px) 100vw, 625px\" \/><\/a><p id=\"caption-attachment-3664\" class=\"wp-caption-text\">Nimet\u00f6n puuvene Sapokan puuvenelaiturissa 8.9.2019.<\/p><\/div>\n<\/div>\n<div class=\"kuvat\">\n<p><a name=\"Kokema\"><\/a><\/p>\n<div id=\"attachment_3628\" style=\"width: 635px\" class=\"wp-caption alignnone\"><a href=\"http:\/\/www.laurapennanen.fi\/wp-content\/uploads\/2019\/08\/Kokema.jpg\"><img loading=\"lazy\" decoding=\"async\" aria-describedby=\"caption-attachment-3628\" class=\"wp-image-3628 size-large\" src=\"http:\/\/www.laurapennanen.fi\/wp-content\/uploads\/2019\/08\/Kokema-1024x769.jpg\" alt=\"\" width=\"625\" height=\"469\" srcset=\"https:\/\/www.laurapennanen.fi\/wp-content\/uploads\/2019\/08\/Kokema-1024x769.jpg 1024w, https:\/\/www.laurapennanen.fi\/wp-content\/uploads\/2019\/08\/Kokema-300x225.jpg 300w, https:\/\/www.laurapennanen.fi\/wp-content\/uploads\/2019\/08\/Kokema-768x576.jpg 768w, https:\/\/www.laurapennanen.fi\/wp-content\/uploads\/2019\/08\/Kokema-624x468.jpg 624w, https:\/\/www.laurapennanen.fi\/wp-content\/uploads\/2019\/08\/Kokema.jpg 1776w\" sizes=\"auto, (max-width: 625px) 100vw, 625px\" \/><\/a><p id=\"caption-attachment-3628\" class=\"wp-caption-text\">Kokema merell\u00e4 Kotkan edustalla 29.8.2019.<\/p><\/div>\n<\/div>\n<div class=\"kuvat\">\n<p><a name=\"A57703\"><\/a><\/p>\n<div id=\"attachment_3579\" style=\"width: 635px\" class=\"wp-caption alignnone\"><a href=\"http:\/\/www.laurapennanen.fi\/wp-content\/uploads\/2019\/08\/Purjevene-A57703.jpg\"><img loading=\"lazy\" decoding=\"async\" aria-describedby=\"caption-attachment-3579\" class=\"wp-image-3579 size-large\" src=\"http:\/\/www.laurapennanen.fi\/wp-content\/uploads\/2019\/08\/Purjevene-A57703-1024x768.jpg\" alt=\"\" width=\"625\" height=\"469\" srcset=\"https:\/\/www.laurapennanen.fi\/wp-content\/uploads\/2019\/08\/Purjevene-A57703-1024x768.jpg 1024w, https:\/\/www.laurapennanen.fi\/wp-content\/uploads\/2019\/08\/Purjevene-A57703-300x225.jpg 300w, https:\/\/www.laurapennanen.fi\/wp-content\/uploads\/2019\/08\/Purjevene-A57703-768x576.jpg 768w, https:\/\/www.laurapennanen.fi\/wp-content\/uploads\/2019\/08\/Purjevene-A57703-624x468.jpg 624w, https:\/\/www.laurapennanen.fi\/wp-content\/uploads\/2019\/08\/Purjevene-A57703.jpg 2000w\" sizes=\"auto, (max-width: 625px) 100vw, 625px\" \/><\/a><p id=\"caption-attachment-3579\" class=\"wp-caption-text\">A57703 Sapokassa 21.8.2019.<\/p><\/div>\n<\/div>\n<div class=\"kuvat\">\n<p><a name=\"Kismet\"><\/a><\/p>\n<div id=\"attachment_3533\" style=\"width: 635px\" class=\"wp-caption alignnone\"><a href=\"http:\/\/www.laurapennanen.fi\/wp-content\/uploads\/2019\/08\/Kismet.jpg\"><img loading=\"lazy\" decoding=\"async\" aria-describedby=\"caption-attachment-3533\" class=\"wp-image-3533 size-large\" src=\"http:\/\/www.laurapennanen.fi\/wp-content\/uploads\/2019\/08\/Kismet-1024x769.jpg\" alt=\"\" width=\"625\" height=\"469\" srcset=\"https:\/\/www.laurapennanen.fi\/wp-content\/uploads\/2019\/08\/Kismet-1024x769.jpg 1024w, https:\/\/www.laurapennanen.fi\/wp-content\/uploads\/2019\/08\/Kismet-300x225.jpg 300w, https:\/\/www.laurapennanen.fi\/wp-content\/uploads\/2019\/08\/Kismet-768x577.jpg 768w, https:\/\/www.laurapennanen.fi\/wp-content\/uploads\/2019\/08\/Kismet-624x469.jpg 624w, https:\/\/www.laurapennanen.fi\/wp-content\/uploads\/2019\/08\/Kismet.jpg 1606w\" sizes=\"auto, (max-width: 625px) 100vw, 625px\" \/><\/a><p id=\"caption-attachment-3533\" class=\"wp-caption-text\">Kismet 1.8.2019.<\/p><\/div>\n<\/div>\n<div class=\"kuvat\">\n<p><a name=\"Inka\"><\/a><\/p>\n<div id=\"attachment_3456\" style=\"width: 635px\" class=\"wp-caption alignnone\"><a href=\"http:\/\/www.laurapennanen.fi\/wp-content\/uploads\/2019\/08\/Inka-1.jpg\"><img loading=\"lazy\" decoding=\"async\" aria-describedby=\"caption-attachment-3456\" class=\"wp-image-3456 size-large\" src=\"http:\/\/www.laurapennanen.fi\/wp-content\/uploads\/2019\/08\/Inka-1-1024x769.jpg\" alt=\"\" width=\"625\" height=\"469\" srcset=\"https:\/\/www.laurapennanen.fi\/wp-content\/uploads\/2019\/08\/Inka-1-1024x769.jpg 1024w, https:\/\/www.laurapennanen.fi\/wp-content\/uploads\/2019\/08\/Inka-1-300x225.jpg 300w, https:\/\/www.laurapennanen.fi\/wp-content\/uploads\/2019\/08\/Inka-1-768x577.jpg 768w, https:\/\/www.laurapennanen.fi\/wp-content\/uploads\/2019\/08\/Inka-1-624x469.jpg 624w, https:\/\/www.laurapennanen.fi\/wp-content\/uploads\/2019\/08\/Inka-1.jpg 1915w\" sizes=\"auto, (max-width: 625px) 100vw, 625px\" \/><\/a><p id=\"caption-attachment-3456\" class=\"wp-caption-text\">Inka 1.8.2019.<\/p><\/div>\n<\/div>\n<div class=\"kuvat\">\n<p><a name=\"Lissu\"><\/a><\/p>\n<div id=\"attachment_3285\" style=\"width: 635px\" class=\"wp-caption alignnone\"><a href=\"http:\/\/www.laurapennanen.fi\/wp-content\/uploads\/2019\/07\/Lissu.jpg\"><img loading=\"lazy\" decoding=\"async\" aria-describedby=\"caption-attachment-3285\" class=\"wp-image-3285 size-large\" src=\"http:\/\/www.laurapennanen.fi\/wp-content\/uploads\/2019\/07\/Lissu-1024x769.jpg\" alt=\"\" width=\"625\" height=\"469\" srcset=\"https:\/\/www.laurapennanen.fi\/wp-content\/uploads\/2019\/07\/Lissu-1024x769.jpg 1024w, https:\/\/www.laurapennanen.fi\/wp-content\/uploads\/2019\/07\/Lissu-300x225.jpg 300w, https:\/\/www.laurapennanen.fi\/wp-content\/uploads\/2019\/07\/Lissu-768x577.jpg 768w, https:\/\/www.laurapennanen.fi\/wp-content\/uploads\/2019\/07\/Lissu-624x469.jpg 624w, https:\/\/www.laurapennanen.fi\/wp-content\/uploads\/2019\/07\/Lissu.jpg 1868w\" sizes=\"auto, (max-width: 625px) 100vw, 625px\" \/><\/a><p id=\"caption-attachment-3285\" class=\"wp-caption-text\">Lissu Sapokassa 14.7.2019.<\/p><\/div>\n<\/div>\n<div class=\"kuvat\">\n<p><a name=\"Iines\"><\/a><\/p>\n<div id=\"attachment_2769\" style=\"width: 635px\" class=\"wp-caption alignnone\"><a href=\"http:\/\/www.laurapennanen.fi\/wp-content\/uploads\/2019\/05\/Iines.jpg\"><img loading=\"lazy\" decoding=\"async\" aria-describedby=\"caption-attachment-2769\" class=\"wp-image-2769 size-large\" src=\"http:\/\/www.laurapennanen.fi\/wp-content\/uploads\/2019\/05\/Iines-1024x768.jpg\" alt=\"\" width=\"625\" height=\"469\" srcset=\"https:\/\/www.laurapennanen.fi\/wp-content\/uploads\/2019\/05\/Iines-1024x768.jpg 1024w, https:\/\/www.laurapennanen.fi\/wp-content\/uploads\/2019\/05\/Iines-300x225.jpg 300w, https:\/\/www.laurapennanen.fi\/wp-content\/uploads\/2019\/05\/Iines-768x576.jpg 768w, https:\/\/www.laurapennanen.fi\/wp-content\/uploads\/2019\/05\/Iines-624x468.jpg 624w, https:\/\/www.laurapennanen.fi\/wp-content\/uploads\/2019\/05\/Iines.jpg 2000w\" sizes=\"auto, (max-width: 625px) 100vw, 625px\" \/><\/a><p id=\"caption-attachment-2769\" class=\"wp-caption-text\">Marun laiturinaapuri Iines Sapokassa 25.5.2019.<\/p><\/div>\n<\/div>\n<div class=\"kuvat\">\n<p><a name=\"A16289\"><\/a><\/p>\n<div id=\"attachment_2768\" style=\"width: 635px\" class=\"wp-caption alignnone\"><a href=\"http:\/\/www.laurapennanen.fi\/wp-content\/uploads\/2019\/05\/Puuvene-A16289.jpg\"><img loading=\"lazy\" decoding=\"async\" aria-describedby=\"caption-attachment-2768\" class=\"wp-image-2768 size-large\" src=\"http:\/\/www.laurapennanen.fi\/wp-content\/uploads\/2019\/05\/Puuvene-A16289-1024x768.jpg\" alt=\"\" width=\"625\" height=\"469\" srcset=\"https:\/\/www.laurapennanen.fi\/wp-content\/uploads\/2019\/05\/Puuvene-A16289-1024x768.jpg 1024w, https:\/\/www.laurapennanen.fi\/wp-content\/uploads\/2019\/05\/Puuvene-A16289-300x225.jpg 300w, https:\/\/www.laurapennanen.fi\/wp-content\/uploads\/2019\/05\/Puuvene-A16289-768x576.jpg 768w, https:\/\/www.laurapennanen.fi\/wp-content\/uploads\/2019\/05\/Puuvene-A16289-624x468.jpg 624w, https:\/\/www.laurapennanen.fi\/wp-content\/uploads\/2019\/05\/Puuvene-A16289.jpg 2000w\" sizes=\"auto, (max-width: 625px) 100vw, 625px\" \/><\/a><p id=\"caption-attachment-2768\" class=\"wp-caption-text\">Nimet\u00f6n komea puuvene Sapokassa 25.5.2019.<\/p><\/div>\n<\/div>\n<div class=\"kuvat\">\n<p><a name=\"Nonna\"><\/a><\/p>\n<div id=\"attachment_2767\" style=\"width: 635px\" class=\"wp-caption alignnone\"><a href=\"http:\/\/www.laurapennanen.fi\/wp-content\/uploads\/2019\/05\/Nonna.jpg\"><img loading=\"lazy\" decoding=\"async\" aria-describedby=\"caption-attachment-2767\" class=\"wp-image-2767 size-large\" src=\"http:\/\/www.laurapennanen.fi\/wp-content\/uploads\/2019\/05\/Nonna-1024x768.jpg\" alt=\"\" width=\"625\" height=\"469\" srcset=\"https:\/\/www.laurapennanen.fi\/wp-content\/uploads\/2019\/05\/Nonna-1024x768.jpg 1024w, https:\/\/www.laurapennanen.fi\/wp-content\/uploads\/2019\/05\/Nonna-300x225.jpg 300w, https:\/\/www.laurapennanen.fi\/wp-content\/uploads\/2019\/05\/Nonna-768x576.jpg 768w, https:\/\/www.laurapennanen.fi\/wp-content\/uploads\/2019\/05\/Nonna-624x468.jpg 624w, https:\/\/www.laurapennanen.fi\/wp-content\/uploads\/2019\/05\/Nonna.jpg 2000w\" sizes=\"auto, (max-width: 625px) 100vw, 625px\" \/><\/a><p id=\"caption-attachment-2767\" class=\"wp-caption-text\">Nonna B-laiturissa Sapokassa 25.5.2019.<\/p><\/div>\n<\/div>\n<div class=\"kuvat\">\n<p><a name=\"R53016\"><\/a><\/p>\n<div id=\"attachment_2766\" style=\"width: 635px\" class=\"wp-caption alignnone\"><a href=\"http:\/\/www.laurapennanen.fi\/wp-content\/uploads\/2019\/05\/Puuvene-R53016.jpg\"><img loading=\"lazy\" decoding=\"async\" aria-describedby=\"caption-attachment-2766\" class=\"wp-image-2766 size-large\" src=\"http:\/\/www.laurapennanen.fi\/wp-content\/uploads\/2019\/05\/Puuvene-R53016-1024x768.jpg\" alt=\"\" width=\"625\" height=\"469\" srcset=\"https:\/\/www.laurapennanen.fi\/wp-content\/uploads\/2019\/05\/Puuvene-R53016-1024x768.jpg 1024w, https:\/\/www.laurapennanen.fi\/wp-content\/uploads\/2019\/05\/Puuvene-R53016-300x225.jpg 300w, https:\/\/www.laurapennanen.fi\/wp-content\/uploads\/2019\/05\/Puuvene-R53016-768x576.jpg 768w, https:\/\/www.laurapennanen.fi\/wp-content\/uploads\/2019\/05\/Puuvene-R53016-624x468.jpg 624w, https:\/\/www.laurapennanen.fi\/wp-content\/uploads\/2019\/05\/Puuvene-R53016.jpg 2000w\" sizes=\"auto, (max-width: 625px) 100vw, 625px\" \/><\/a><p id=\"caption-attachment-2766\" class=\"wp-caption-text\">B-laituri on pullollaan puisia kaunottaria 25.5.2019.<\/p><\/div>\n<\/div>\n<div class=\"kuvat\">\n<p><a name=\"Mira\"><\/a><\/p>\n<div id=\"attachment_2772\" style=\"width: 635px\" class=\"wp-caption alignnone\"><a href=\"http:\/\/www.laurapennanen.fi\/wp-content\/uploads\/2019\/05\/Puuvene-R6684.jpg\"><img loading=\"lazy\" decoding=\"async\" aria-describedby=\"caption-attachment-2772\" class=\"wp-image-2772 size-large\" src=\"http:\/\/www.laurapennanen.fi\/wp-content\/uploads\/2019\/05\/Puuvene-R6684-1024x768.jpg\" alt=\"\" width=\"625\" height=\"469\" srcset=\"https:\/\/www.laurapennanen.fi\/wp-content\/uploads\/2019\/05\/Puuvene-R6684-1024x768.jpg 1024w, https:\/\/www.laurapennanen.fi\/wp-content\/uploads\/2019\/05\/Puuvene-R6684-300x225.jpg 300w, https:\/\/www.laurapennanen.fi\/wp-content\/uploads\/2019\/05\/Puuvene-R6684-768x576.jpg 768w, https:\/\/www.laurapennanen.fi\/wp-content\/uploads\/2019\/05\/Puuvene-R6684-624x468.jpg 624w, https:\/\/www.laurapennanen.fi\/wp-content\/uploads\/2019\/05\/Puuvene-R6684.jpg 1773w\" sizes=\"auto, (max-width: 625px) 100vw, 625px\" \/><\/a><p id=\"caption-attachment-2772\" class=\"wp-caption-text\">Mira merell\u00e4 24.5.2019.<\/p><\/div>\n<\/div>\n<div class=\"kuvat\">\n<p><a name=\"Titanella\"><\/a><\/p>\n<div id=\"attachment_2771\" style=\"width: 635px\" class=\"wp-caption alignnone\"><a href=\"http:\/\/www.laurapennanen.fi\/wp-content\/uploads\/2019\/05\/Titanella.jpg\"><img loading=\"lazy\" decoding=\"async\" aria-describedby=\"caption-attachment-2771\" class=\"wp-image-2771 size-large\" src=\"http:\/\/www.laurapennanen.fi\/wp-content\/uploads\/2019\/05\/Titanella-1024x768.jpg\" alt=\"\" width=\"625\" height=\"469\" srcset=\"https:\/\/www.laurapennanen.fi\/wp-content\/uploads\/2019\/05\/Titanella-1024x768.jpg 1024w, https:\/\/www.laurapennanen.fi\/wp-content\/uploads\/2019\/05\/Titanella-300x225.jpg 300w, https:\/\/www.laurapennanen.fi\/wp-content\/uploads\/2019\/05\/Titanella-768x576.jpg 768w, https:\/\/www.laurapennanen.fi\/wp-content\/uploads\/2019\/05\/Titanella-624x468.jpg 624w, https:\/\/www.laurapennanen.fi\/wp-content\/uploads\/2019\/05\/Titanella.jpg 2000w\" sizes=\"auto, (max-width: 625px) 100vw, 625px\" \/><\/a><p id=\"caption-attachment-2771\" class=\"wp-caption-text\">Helsinkil\u00e4inen Titanella Sapokan vierasvenelaiturissa 24.5.2019.<\/p><\/div>\n<\/div>\n<div class=\"kuvat\">\n<p><a name=\"R53903\"><\/a><\/p>\n<div id=\"attachment_2770\" style=\"width: 635px\" class=\"wp-caption alignnone\"><a href=\"http:\/\/www.laurapennanen.fi\/wp-content\/uploads\/2019\/05\/Puuvene-R53903.jpg\"><img loading=\"lazy\" decoding=\"async\" aria-describedby=\"caption-attachment-2770\" class=\"wp-image-2770 size-large\" src=\"http:\/\/www.laurapennanen.fi\/wp-content\/uploads\/2019\/05\/Puuvene-R53903-1024x768.jpg\" alt=\"\" width=\"625\" height=\"469\" srcset=\"https:\/\/www.laurapennanen.fi\/wp-content\/uploads\/2019\/05\/Puuvene-R53903-1024x768.jpg 1024w, https:\/\/www.laurapennanen.fi\/wp-content\/uploads\/2019\/05\/Puuvene-R53903-300x225.jpg 300w, https:\/\/www.laurapennanen.fi\/wp-content\/uploads\/2019\/05\/Puuvene-R53903-768x576.jpg 768w, https:\/\/www.laurapennanen.fi\/wp-content\/uploads\/2019\/05\/Puuvene-R53903-624x468.jpg 624w, https:\/\/www.laurapennanen.fi\/wp-content\/uploads\/2019\/05\/Puuvene-R53903.jpg 2000w\" sizes=\"auto, (max-width: 625px) 100vw, 625px\" \/><\/a><p id=\"caption-attachment-2770\" class=\"wp-caption-text\">Vierasvenelaiturissa kiinnittyneen\u00e4 my\u00f6s t\u00e4llainen paatti 24.5.2019.<\/p><\/div>\n<\/div>\n<div class=\"kuvat\">\n<p><a name=\"Ilona\"><\/a><\/p>\n<div id=\"attachment_2625\" style=\"width: 635px\" class=\"wp-caption alignnone\"><a href=\"http:\/\/www.laurapennanen.fi\/wp-content\/uploads\/2019\/05\/Puuvene-R5339.jpg\"><img loading=\"lazy\" decoding=\"async\" aria-describedby=\"caption-attachment-2625\" class=\"wp-image-2625 size-large\" src=\"http:\/\/www.laurapennanen.fi\/wp-content\/uploads\/2019\/05\/Puuvene-R5339-1024x768.jpg\" alt=\"\" width=\"625\" height=\"469\" srcset=\"https:\/\/www.laurapennanen.fi\/wp-content\/uploads\/2019\/05\/Puuvene-R5339-1024x768.jpg 1024w, https:\/\/www.laurapennanen.fi\/wp-content\/uploads\/2019\/05\/Puuvene-R5339-300x225.jpg 300w, https:\/\/www.laurapennanen.fi\/wp-content\/uploads\/2019\/05\/Puuvene-R5339-768x576.jpg 768w, https:\/\/www.laurapennanen.fi\/wp-content\/uploads\/2019\/05\/Puuvene-R5339-624x468.jpg 624w, https:\/\/www.laurapennanen.fi\/wp-content\/uploads\/2019\/05\/Puuvene-R5339.jpg 2000w\" sizes=\"auto, (max-width: 625px) 100vw, 625px\" \/><\/a><p id=\"caption-attachment-2625\" class=\"wp-caption-text\">Ilona Sapokassa laiturissa koululaiva Katariinan vieress\u00e4 9.5.2019.<\/p><\/div>\n<\/div>\n<div class=\"kuvat\">\n<p><a name=\"R4740\"><\/a><\/p>\n<div id=\"attachment_2626\" style=\"width: 635px\" class=\"wp-caption alignnone\"><a href=\"http:\/\/www.laurapennanen.fi\/wp-content\/uploads\/2019\/05\/Puuvene-R4740.jpg\"><img loading=\"lazy\" decoding=\"async\" aria-describedby=\"caption-attachment-2626\" class=\"wp-image-2626 size-large\" src=\"http:\/\/www.laurapennanen.fi\/wp-content\/uploads\/2019\/05\/Puuvene-R4740-1024x769.jpg\" alt=\"\" width=\"625\" height=\"469\" srcset=\"https:\/\/www.laurapennanen.fi\/wp-content\/uploads\/2019\/05\/Puuvene-R4740-1024x769.jpg 1024w, https:\/\/www.laurapennanen.fi\/wp-content\/uploads\/2019\/05\/Puuvene-R4740-300x225.jpg 300w, https:\/\/www.laurapennanen.fi\/wp-content\/uploads\/2019\/05\/Puuvene-R4740-768x577.jpg 768w, https:\/\/www.laurapennanen.fi\/wp-content\/uploads\/2019\/05\/Puuvene-R4740-624x468.jpg 624w, https:\/\/www.laurapennanen.fi\/wp-content\/uploads\/2019\/05\/Puuvene-R4740.jpg 1849w\" sizes=\"auto, (max-width: 625px) 100vw, 625px\" \/><\/a><p id=\"caption-attachment-2626\" class=\"wp-caption-text\">Puinen liippari vierasvenelaiturissa 6.5.2019.<\/p><\/div>\n<\/div>\n<div class=\"kuvat\">\n<p><a name=\"Heili II\"><\/a><\/p>\n<div id=\"attachment_523\" style=\"width: 310px\" class=\"wp-caption alignnone\"><a href=\"http:\/\/www.laurapennanen.fi\/wp-content\/uploads\/2018\/10\/Heili.jpg\"><img loading=\"lazy\" decoding=\"async\" aria-describedby=\"caption-attachment-523\" class=\"wp-image-523\" src=\"http:\/\/www.laurapennanen.fi\/wp-content\/uploads\/2018\/10\/Heili-1024x768.jpg\" alt=\"\" width=\"300\" height=\"225\" srcset=\"https:\/\/www.laurapennanen.fi\/wp-content\/uploads\/2018\/10\/Heili-1024x768.jpg 1024w, https:\/\/www.laurapennanen.fi\/wp-content\/uploads\/2018\/10\/Heili-300x225.jpg 300w, https:\/\/www.laurapennanen.fi\/wp-content\/uploads\/2018\/10\/Heili-768x576.jpg 768w, https:\/\/www.laurapennanen.fi\/wp-content\/uploads\/2018\/10\/Heili-624x468.jpg 624w, https:\/\/www.laurapennanen.fi\/wp-content\/uploads\/2018\/10\/Heili.jpg 1397w\" sizes=\"auto, (max-width: 300px) 100vw, 300px\" \/><\/a><p id=\"caption-attachment-523\" class=\"wp-caption-text\">Heili II Sapokan satamassa Kotkassa 8.8.2018.<\/p><\/div>\n<\/div>\n<div class=\"kuvat\">\n<p><a name=\"B\u00f6lja\"><\/a><\/p>\n<div id=\"attachment_818\" style=\"width: 310px\" class=\"wp-caption alignnone\"><a href=\"http:\/\/www.laurapennanen.fi\/wp-content\/uploads\/2018\/11\/B\u00f6lja.jpg\"><img loading=\"lazy\" decoding=\"async\" aria-describedby=\"caption-attachment-818\" class=\"wp-image-818\" src=\"http:\/\/www.laurapennanen.fi\/wp-content\/uploads\/2018\/11\/B\u00f6lja-1024x768.jpg\" alt=\"\" width=\"300\" height=\"225\" srcset=\"https:\/\/www.laurapennanen.fi\/wp-content\/uploads\/2018\/11\/B\u00f6lja-1024x768.jpg 1024w, https:\/\/www.laurapennanen.fi\/wp-content\/uploads\/2018\/11\/B\u00f6lja-300x225.jpg 300w, https:\/\/www.laurapennanen.fi\/wp-content\/uploads\/2018\/11\/B\u00f6lja-768x576.jpg 768w, https:\/\/www.laurapennanen.fi\/wp-content\/uploads\/2018\/11\/B\u00f6lja-624x468.jpg 624w, https:\/\/www.laurapennanen.fi\/wp-content\/uploads\/2018\/11\/B\u00f6lja.jpg 1600w\" sizes=\"auto, (max-width: 300px) 100vw, 300px\" \/><\/a><p id=\"caption-attachment-818\" class=\"wp-caption-text\">B\u00f6lja B-laiturissa Sapokassa 8.8.2018.<\/p><\/div>\n<\/div>\n<div class=\"kuvat\">\n<p><a name=\"R50481\"><\/a><\/p>\n<div id=\"attachment_821\" style=\"width: 310px\" class=\"wp-caption alignnone\"><a href=\"http:\/\/www.laurapennanen.fi\/wp-content\/uploads\/2018\/11\/R-50481-puuvene.jpg\"><img loading=\"lazy\" decoding=\"async\" aria-describedby=\"caption-attachment-821\" class=\"wp-image-821\" src=\"http:\/\/www.laurapennanen.fi\/wp-content\/uploads\/2018\/11\/R-50481-puuvene-1024x768.jpg\" alt=\"\" width=\"300\" height=\"225\" srcset=\"https:\/\/www.laurapennanen.fi\/wp-content\/uploads\/2018\/11\/R-50481-puuvene-1024x768.jpg 1024w, https:\/\/www.laurapennanen.fi\/wp-content\/uploads\/2018\/11\/R-50481-puuvene-300x225.jpg 300w, https:\/\/www.laurapennanen.fi\/wp-content\/uploads\/2018\/11\/R-50481-puuvene-768x576.jpg 768w, https:\/\/www.laurapennanen.fi\/wp-content\/uploads\/2018\/11\/R-50481-puuvene-624x468.jpg 624w, https:\/\/www.laurapennanen.fi\/wp-content\/uploads\/2018\/11\/R-50481-puuvene.jpg 1600w\" sizes=\"auto, (max-width: 300px) 100vw, 300px\" \/><\/a><p id=\"caption-attachment-821\" class=\"wp-caption-text\">Nimet\u00f6n puuvene Sapokassa 8.8.2018.<\/p><\/div>\n<\/div>\n<div class=\"kuvat\">\n<p><a name=\"Mari II\"><\/a><\/p>\n<div id=\"attachment_820\" style=\"width: 310px\" class=\"wp-caption alignnone\"><a href=\"http:\/\/www.laurapennanen.fi\/wp-content\/uploads\/2018\/11\/Mari-II.jpg\"><img loading=\"lazy\" decoding=\"async\" aria-describedby=\"caption-attachment-820\" class=\"wp-image-820\" src=\"http:\/\/www.laurapennanen.fi\/wp-content\/uploads\/2018\/11\/Mari-II-1024x768.jpg\" alt=\"\" width=\"300\" height=\"225\" srcset=\"https:\/\/www.laurapennanen.fi\/wp-content\/uploads\/2018\/11\/Mari-II-1024x768.jpg 1024w, https:\/\/www.laurapennanen.fi\/wp-content\/uploads\/2018\/11\/Mari-II-300x225.jpg 300w, https:\/\/www.laurapennanen.fi\/wp-content\/uploads\/2018\/11\/Mari-II-768x576.jpg 768w, https:\/\/www.laurapennanen.fi\/wp-content\/uploads\/2018\/11\/Mari-II-624x468.jpg 624w, https:\/\/www.laurapennanen.fi\/wp-content\/uploads\/2018\/11\/Mari-II.jpg 1600w\" sizes=\"auto, (max-width: 300px) 100vw, 300px\" \/><\/a><p id=\"caption-attachment-820\" class=\"wp-caption-text\">Mari II Sapokassa 17.7.2018.<\/p><\/div>\n<\/div>\n<div class=\"kuvat\">\n<p><a name=\"Haukka\"><\/a><\/p>\n<div id=\"attachment_819\" style=\"width: 310px\" class=\"wp-caption alignnone\"><a href=\"http:\/\/www.laurapennanen.fi\/wp-content\/uploads\/2018\/11\/Haukka.jpg\"><img loading=\"lazy\" decoding=\"async\" aria-describedby=\"caption-attachment-819\" class=\"wp-image-819\" src=\"http:\/\/www.laurapennanen.fi\/wp-content\/uploads\/2018\/11\/Haukka-1024x768.jpg\" alt=\"\" width=\"300\" height=\"225\" srcset=\"https:\/\/www.laurapennanen.fi\/wp-content\/uploads\/2018\/11\/Haukka-1024x768.jpg 1024w, https:\/\/www.laurapennanen.fi\/wp-content\/uploads\/2018\/11\/Haukka-300x225.jpg 300w, https:\/\/www.laurapennanen.fi\/wp-content\/uploads\/2018\/11\/Haukka-768x576.jpg 768w, https:\/\/www.laurapennanen.fi\/wp-content\/uploads\/2018\/11\/Haukka-624x468.jpg 624w, https:\/\/www.laurapennanen.fi\/wp-content\/uploads\/2018\/11\/Haukka.jpg 1600w\" sizes=\"auto, (max-width: 300px) 100vw, 300px\" \/><\/a><p id=\"caption-attachment-819\" class=\"wp-caption-text\">Haukka Pursiseuran laiturissa Sapokassa 17.7.2018.<\/p><\/div>\n<\/div>\n<div class=\"kuvat\">\n<p><a name=\"A62136\"><\/a><\/p>\n<div id=\"attachment_873\" style=\"width: 310px\" class=\"wp-caption alignnone\"><a href=\"http:\/\/www.laurapennanen.fi\/wp-content\/uploads\/2018\/11\/Puuvene-A62136.jpg\"><img loading=\"lazy\" decoding=\"async\" aria-describedby=\"caption-attachment-873\" class=\"wp-image-873\" src=\"http:\/\/www.laurapennanen.fi\/wp-content\/uploads\/2018\/11\/Puuvene-A62136-1024x768.jpg\" alt=\"\" width=\"300\" height=\"225\" srcset=\"https:\/\/www.laurapennanen.fi\/wp-content\/uploads\/2018\/11\/Puuvene-A62136-1024x768.jpg 1024w, https:\/\/www.laurapennanen.fi\/wp-content\/uploads\/2018\/11\/Puuvene-A62136-300x225.jpg 300w, https:\/\/www.laurapennanen.fi\/wp-content\/uploads\/2018\/11\/Puuvene-A62136-768x576.jpg 768w, https:\/\/www.laurapennanen.fi\/wp-content\/uploads\/2018\/11\/Puuvene-A62136-624x468.jpg 624w, https:\/\/www.laurapennanen.fi\/wp-content\/uploads\/2018\/11\/Puuvene-A62136.jpg 2000w\" sizes=\"auto, (max-width: 300px) 100vw, 300px\" \/><\/a><p id=\"caption-attachment-873\" class=\"wp-caption-text\">Sapokan B-laiturissa oleva komea tasaper\u00e4inen puuvene 21.5.2018.<\/p><\/div>\n<\/div>\n<div class=\"kuvat\">\n<p><a name=\"Nestori\"><\/a><\/p>\n<div id=\"attachment_827\" style=\"width: 310px\" class=\"wp-caption alignnone\"><a href=\"http:\/\/www.laurapennanen.fi\/wp-content\/uploads\/2018\/11\/Nestori.jpg\"><img loading=\"lazy\" decoding=\"async\" aria-describedby=\"caption-attachment-827\" class=\"wp-image-827\" src=\"http:\/\/www.laurapennanen.fi\/wp-content\/uploads\/2018\/11\/Nestori-1024x768.jpg\" alt=\"\" width=\"300\" height=\"225\" srcset=\"https:\/\/www.laurapennanen.fi\/wp-content\/uploads\/2018\/11\/Nestori-1024x768.jpg 1024w, https:\/\/www.laurapennanen.fi\/wp-content\/uploads\/2018\/11\/Nestori-300x225.jpg 300w, https:\/\/www.laurapennanen.fi\/wp-content\/uploads\/2018\/11\/Nestori-768x576.jpg 768w, https:\/\/www.laurapennanen.fi\/wp-content\/uploads\/2018\/11\/Nestori-624x468.jpg 624w, https:\/\/www.laurapennanen.fi\/wp-content\/uploads\/2018\/11\/Nestori.jpg 2000w\" sizes=\"auto, (max-width: 300px) 100vw, 300px\" \/><\/a><p id=\"caption-attachment-827\" class=\"wp-caption-text\">Nestori aallonmurtajan laiturissa Sapokassa 7.5.2018.<\/p><\/div>\n<\/div>\n<div class=\"kuvat\">\n<p><a name=\"El Mar\"><\/a><\/p>\n<div id=\"attachment_829\" style=\"width: 310px\" class=\"wp-caption alignnone\"><a href=\"http:\/\/www.laurapennanen.fi\/wp-content\/uploads\/2018\/11\/El-Mar.jpg\"><img loading=\"lazy\" decoding=\"async\" aria-describedby=\"caption-attachment-829\" class=\"wp-image-829\" src=\"http:\/\/www.laurapennanen.fi\/wp-content\/uploads\/2018\/11\/El-Mar-1024x768.jpg\" alt=\"\" width=\"300\" height=\"225\" srcset=\"https:\/\/www.laurapennanen.fi\/wp-content\/uploads\/2018\/11\/El-Mar-1024x768.jpg 1024w, https:\/\/www.laurapennanen.fi\/wp-content\/uploads\/2018\/11\/El-Mar-300x225.jpg 300w, https:\/\/www.laurapennanen.fi\/wp-content\/uploads\/2018\/11\/El-Mar-768x576.jpg 768w, https:\/\/www.laurapennanen.fi\/wp-content\/uploads\/2018\/11\/El-Mar-624x468.jpg 624w, https:\/\/www.laurapennanen.fi\/wp-content\/uploads\/2018\/11\/El-Mar.jpg 1600w\" sizes=\"auto, (max-width: 300px) 100vw, 300px\" \/><\/a><p id=\"caption-attachment-829\" class=\"wp-caption-text\">El Mar Sapokassa 7.5.2018.<\/p><\/div>\n<\/div>\n<div class=\"kuvat\">\n<p><a name=\"Sampi\"><\/a><\/p>\n<div id=\"attachment_828\" style=\"width: 310px\" class=\"wp-caption alignnone\"><a href=\"http:\/\/www.laurapennanen.fi\/wp-content\/uploads\/2018\/11\/Sampi.jpg\"><img loading=\"lazy\" decoding=\"async\" aria-describedby=\"caption-attachment-828\" class=\"wp-image-828\" src=\"http:\/\/www.laurapennanen.fi\/wp-content\/uploads\/2018\/11\/Sampi-1024x768.jpg\" alt=\"\" width=\"300\" height=\"225\" srcset=\"https:\/\/www.laurapennanen.fi\/wp-content\/uploads\/2018\/11\/Sampi-1024x768.jpg 1024w, https:\/\/www.laurapennanen.fi\/wp-content\/uploads\/2018\/11\/Sampi-300x225.jpg 300w, https:\/\/www.laurapennanen.fi\/wp-content\/uploads\/2018\/11\/Sampi-768x576.jpg 768w, https:\/\/www.laurapennanen.fi\/wp-content\/uploads\/2018\/11\/Sampi-624x468.jpg 624w, https:\/\/www.laurapennanen.fi\/wp-content\/uploads\/2018\/11\/Sampi.jpg 2000w\" sizes=\"auto, (max-width: 300px) 100vw, 300px\" \/><\/a><p id=\"caption-attachment-828\" class=\"wp-caption-text\">Sampi lep\u00e4ilee kev\u00e4tauringon paisteessa Sapokassa 7.5.2018.<\/p><\/div>\n<\/div>\n<div class=\"kuvat\">\n<p><a name=\"Birgit\"><\/a><\/p>\n<div id=\"attachment_1217\" style=\"width: 310px\" class=\"wp-caption alignnone\"><a href=\"http:\/\/www.laurapennanen.fi\/wp-content\/uploads\/2019\/01\/Birgit.jpg\"><img loading=\"lazy\" decoding=\"async\" aria-describedby=\"caption-attachment-1217\" class=\"wp-image-1217\" src=\"http:\/\/www.laurapennanen.fi\/wp-content\/uploads\/2019\/01\/Birgit-1024x768.jpg\" alt=\"\" width=\"300\" height=\"225\" srcset=\"https:\/\/www.laurapennanen.fi\/wp-content\/uploads\/2019\/01\/Birgit-1024x768.jpg 1024w, https:\/\/www.laurapennanen.fi\/wp-content\/uploads\/2019\/01\/Birgit-300x225.jpg 300w, https:\/\/www.laurapennanen.fi\/wp-content\/uploads\/2019\/01\/Birgit-768x576.jpg 768w, https:\/\/www.laurapennanen.fi\/wp-content\/uploads\/2019\/01\/Birgit-624x468.jpg 624w, https:\/\/www.laurapennanen.fi\/wp-content\/uploads\/2019\/01\/Birgit.jpg 2000w\" sizes=\"auto, (max-width: 300px) 100vw, 300px\" \/><\/a><p id=\"caption-attachment-1217\" class=\"wp-caption-text\">Birgit Sapokan A-laiturissa 28.8.2017.<\/p><\/div>\n<\/div>\n<div class=\"kuvat\">\n<p><a name=\"Merisontti\"><\/a><\/p>\n<div id=\"attachment_880\" style=\"width: 310px\" class=\"wp-caption alignnone\"><a href=\"http:\/\/www.laurapennanen.fi\/wp-content\/uploads\/2018\/11\/Merisontti.jpg\"><img loading=\"lazy\" decoding=\"async\" aria-describedby=\"caption-attachment-880\" class=\"wp-image-880\" src=\"http:\/\/www.laurapennanen.fi\/wp-content\/uploads\/2018\/11\/Merisontti-1024x768.jpg\" alt=\"\" width=\"300\" height=\"225\" srcset=\"https:\/\/www.laurapennanen.fi\/wp-content\/uploads\/2018\/11\/Merisontti-1024x768.jpg 1024w, https:\/\/www.laurapennanen.fi\/wp-content\/uploads\/2018\/11\/Merisontti-300x225.jpg 300w, https:\/\/www.laurapennanen.fi\/wp-content\/uploads\/2018\/11\/Merisontti-768x576.jpg 768w, https:\/\/www.laurapennanen.fi\/wp-content\/uploads\/2018\/11\/Merisontti-624x468.jpg 624w, https:\/\/www.laurapennanen.fi\/wp-content\/uploads\/2018\/11\/Merisontti.jpg 1600w\" sizes=\"auto, (max-width: 300px) 100vw, 300px\" \/><\/a><p id=\"caption-attachment-880\" class=\"wp-caption-text\">Merisontti Sapokassa Kuusisen puolen laiturissa 29.7.2017.<\/p><\/div>\n<\/div>\n<div class=\"kuvat\">\n<p><a name=\"Saarent\u00e4hti\"><\/a><\/p>\n<div id=\"attachment_881\" style=\"width: 310px\" class=\"wp-caption alignnone\"><a href=\"http:\/\/www.laurapennanen.fi\/wp-content\/uploads\/2018\/11\/Saarent\u00e4hti.jpg\"><img loading=\"lazy\" decoding=\"async\" aria-describedby=\"caption-attachment-881\" class=\"wp-image-881\" src=\"http:\/\/www.laurapennanen.fi\/wp-content\/uploads\/2018\/11\/Saarent\u00e4hti-1024x768.jpg\" alt=\"\" width=\"300\" height=\"225\" srcset=\"https:\/\/www.laurapennanen.fi\/wp-content\/uploads\/2018\/11\/Saarent\u00e4hti-1024x768.jpg 1024w, https:\/\/www.laurapennanen.fi\/wp-content\/uploads\/2018\/11\/Saarent\u00e4hti-300x225.jpg 300w, https:\/\/www.laurapennanen.fi\/wp-content\/uploads\/2018\/11\/Saarent\u00e4hti-768x576.jpg 768w, https:\/\/www.laurapennanen.fi\/wp-content\/uploads\/2018\/11\/Saarent\u00e4hti-624x468.jpg 624w, https:\/\/www.laurapennanen.fi\/wp-content\/uploads\/2018\/11\/Saarent\u00e4hti.jpg 1600w\" sizes=\"auto, (max-width: 300px) 100vw, 300px\" \/><\/a><p id=\"caption-attachment-881\" class=\"wp-caption-text\">Saarent\u00e4hti Pursiseuran laiturissa Sapokassa 29.7.2017.<\/p><\/div>\n<\/div>\n<div class=\"kuvat\">\n<p><a name=\"Obus\"><\/a><\/p>\n<div id=\"attachment_1220\" style=\"width: 310px\" class=\"wp-caption alignnone\"><a href=\"http:\/\/www.laurapennanen.fi\/wp-content\/uploads\/2019\/01\/Obus.jpg\"><img loading=\"lazy\" decoding=\"async\" aria-describedby=\"caption-attachment-1220\" class=\"wp-image-1220\" src=\"http:\/\/www.laurapennanen.fi\/wp-content\/uploads\/2019\/01\/Obus-1024x768.jpg\" alt=\"\" width=\"300\" height=\"225\" srcset=\"https:\/\/www.laurapennanen.fi\/wp-content\/uploads\/2019\/01\/Obus-1024x768.jpg 1024w, https:\/\/www.laurapennanen.fi\/wp-content\/uploads\/2019\/01\/Obus-300x225.jpg 300w, https:\/\/www.laurapennanen.fi\/wp-content\/uploads\/2019\/01\/Obus-768x576.jpg 768w, https:\/\/www.laurapennanen.fi\/wp-content\/uploads\/2019\/01\/Obus-624x468.jpg 624w, https:\/\/www.laurapennanen.fi\/wp-content\/uploads\/2019\/01\/Obus.jpg 2000w\" sizes=\"auto, (max-width: 300px) 100vw, 300px\" \/><\/a><p id=\"caption-attachment-1220\" class=\"wp-caption-text\">Obus 26.7.2017 Kuutsalon it\u00e4puolella.<\/p><\/div>\n<\/div>\n<div class=\"kuvat\">\n<p><a name=\"Tiira\"><\/a><\/p>\n<div id=\"attachment_1090\" style=\"width: 310px\" class=\"wp-caption alignnone\"><a href=\"http:\/\/www.laurapennanen.fi\/wp-content\/uploads\/2018\/12\/Tiira.jpg\"><img loading=\"lazy\" decoding=\"async\" aria-describedby=\"caption-attachment-1090\" class=\"wp-image-1090\" src=\"http:\/\/www.laurapennanen.fi\/wp-content\/uploads\/2018\/12\/Tiira-1024x683.jpg\" alt=\"\" width=\"300\" height=\"200\" srcset=\"https:\/\/www.laurapennanen.fi\/wp-content\/uploads\/2018\/12\/Tiira-1024x683.jpg 1024w, https:\/\/www.laurapennanen.fi\/wp-content\/uploads\/2018\/12\/Tiira-300x200.jpg 300w, https:\/\/www.laurapennanen.fi\/wp-content\/uploads\/2018\/12\/Tiira-768x512.jpg 768w, https:\/\/www.laurapennanen.fi\/wp-content\/uploads\/2018\/12\/Tiira-624x416.jpg 624w\" sizes=\"auto, (max-width: 300px) 100vw, 300px\" \/><\/a><p id=\"caption-attachment-1090\" class=\"wp-caption-text\">Tiira Metsolan venerannan laiturissa 12.7.2017.<\/p><\/div>\n<\/div>\n<div class=\"kuvat\">\n<p><a name=\"Rosita\"><\/a><\/p>\n<div id=\"attachment_1091\" style=\"width: 310px\" class=\"wp-caption alignnone\"><a href=\"http:\/\/www.laurapennanen.fi\/wp-content\/uploads\/2018\/12\/Rosita.jpg\"><img loading=\"lazy\" decoding=\"async\" aria-describedby=\"caption-attachment-1091\" class=\"wp-image-1091\" src=\"http:\/\/www.laurapennanen.fi\/wp-content\/uploads\/2018\/12\/Rosita-1024x683.jpg\" alt=\"\" width=\"300\" height=\"200\" srcset=\"https:\/\/www.laurapennanen.fi\/wp-content\/uploads\/2018\/12\/Rosita-1024x683.jpg 1024w, https:\/\/www.laurapennanen.fi\/wp-content\/uploads\/2018\/12\/Rosita-300x200.jpg 300w, https:\/\/www.laurapennanen.fi\/wp-content\/uploads\/2018\/12\/Rosita-768x512.jpg 768w, https:\/\/www.laurapennanen.fi\/wp-content\/uploads\/2018\/12\/Rosita-624x416.jpg 624w\" sizes=\"auto, (max-width: 300px) 100vw, 300px\" \/><\/a><p id=\"caption-attachment-1091\" class=\"wp-caption-text\">Massiivinen Rosita Metsolan venerannassa 12.7.2017.<\/p><\/div>\n<\/div>\n<div class=\"kuvat\">\n<p><a name=\"A8059\"><\/a><\/p>\n<div id=\"attachment_804\" style=\"width: 310px\" class=\"wp-caption alignnone\"><a href=\"http:\/\/www.laurapennanen.fi\/wp-content\/uploads\/2018\/11\/A-8059-per\u00e4moottori-puuvene.jpg\"><img loading=\"lazy\" decoding=\"async\" aria-describedby=\"caption-attachment-804\" class=\"wp-image-804\" src=\"http:\/\/www.laurapennanen.fi\/wp-content\/uploads\/2018\/11\/A-8059-per\u00e4moottori-puuvene-1024x768.jpg\" alt=\"\" width=\"300\" height=\"225\" srcset=\"https:\/\/www.laurapennanen.fi\/wp-content\/uploads\/2018\/11\/A-8059-per\u00e4moottori-puuvene-1024x768.jpg 1024w, https:\/\/www.laurapennanen.fi\/wp-content\/uploads\/2018\/11\/A-8059-per\u00e4moottori-puuvene-300x225.jpg 300w, https:\/\/www.laurapennanen.fi\/wp-content\/uploads\/2018\/11\/A-8059-per\u00e4moottori-puuvene-768x576.jpg 768w, https:\/\/www.laurapennanen.fi\/wp-content\/uploads\/2018\/11\/A-8059-per\u00e4moottori-puuvene-624x468.jpg 624w, https:\/\/www.laurapennanen.fi\/wp-content\/uploads\/2018\/11\/A-8059-per\u00e4moottori-puuvene.jpg 1843w\" sizes=\"auto, (max-width: 300px) 100vw, 300px\" \/><\/a><p id=\"caption-attachment-804\" class=\"wp-caption-text\">Nimet\u00f6n per\u00e4moottorilla varustettu puuvene Sapokan puuvenelaiturissa 8.7.2017.<\/p><\/div>\n<\/div>\n<div class=\"kuvat\">\n<p><a name=\"Jahvetti\"><\/a><\/p>\n<div id=\"attachment_805\" style=\"width: 310px\" class=\"wp-caption alignnone\"><a href=\"http:\/\/www.laurapennanen.fi\/wp-content\/uploads\/2018\/11\/Jahvetti.jpg\"><img loading=\"lazy\" decoding=\"async\" aria-describedby=\"caption-attachment-805\" class=\"wp-image-805\" src=\"http:\/\/www.laurapennanen.fi\/wp-content\/uploads\/2018\/11\/Jahvetti-1024x768.jpg\" alt=\"\" width=\"300\" height=\"225\" srcset=\"https:\/\/www.laurapennanen.fi\/wp-content\/uploads\/2018\/11\/Jahvetti-1024x768.jpg 1024w, https:\/\/www.laurapennanen.fi\/wp-content\/uploads\/2018\/11\/Jahvetti-300x225.jpg 300w, https:\/\/www.laurapennanen.fi\/wp-content\/uploads\/2018\/11\/Jahvetti-768x576.jpg 768w, https:\/\/www.laurapennanen.fi\/wp-content\/uploads\/2018\/11\/Jahvetti-624x468.jpg 624w, https:\/\/www.laurapennanen.fi\/wp-content\/uploads\/2018\/11\/Jahvetti.jpg 1843w\" sizes=\"auto, (max-width: 300px) 100vw, 300px\" \/><\/a><p id=\"caption-attachment-805\" class=\"wp-caption-text\">Jahvetti Sapokan puuvenelaiturissa 8.7.2017.<\/p><\/div>\n<\/div>\n<div class=\"kuvat\">\n<p><a name=\"pikkuvene 1\"><\/a><\/p>\n<div id=\"attachment_806\" style=\"width: 310px\" class=\"wp-caption alignnone\"><a href=\"http:\/\/www.laurapennanen.fi\/wp-content\/uploads\/2018\/11\/puuvene-tumma-iso-ei-moottoria.jpg\"><img loading=\"lazy\" decoding=\"async\" aria-describedby=\"caption-attachment-806\" class=\"wp-image-806\" src=\"http:\/\/www.laurapennanen.fi\/wp-content\/uploads\/2018\/11\/puuvene-tumma-iso-ei-moottoria-1024x768.jpg\" alt=\"\" width=\"300\" height=\"225\" srcset=\"https:\/\/www.laurapennanen.fi\/wp-content\/uploads\/2018\/11\/puuvene-tumma-iso-ei-moottoria-1024x768.jpg 1024w, https:\/\/www.laurapennanen.fi\/wp-content\/uploads\/2018\/11\/puuvene-tumma-iso-ei-moottoria-300x225.jpg 300w, https:\/\/www.laurapennanen.fi\/wp-content\/uploads\/2018\/11\/puuvene-tumma-iso-ei-moottoria-768x576.jpg 768w, https:\/\/www.laurapennanen.fi\/wp-content\/uploads\/2018\/11\/puuvene-tumma-iso-ei-moottoria-624x468.jpg 624w, https:\/\/www.laurapennanen.fi\/wp-content\/uploads\/2018\/11\/puuvene-tumma-iso-ei-moottoria.jpg 1843w\" sizes=\"auto, (max-width: 300px) 100vw, 300px\" \/><\/a><p id=\"caption-attachment-806\" class=\"wp-caption-text\">Kaunis puurunkoinen vene Sapokan puuvenelaiturissa 8.7.2017<\/p><\/div>\n<\/div>\n<div class=\"kuvat\">\n<p><a name=\"pikkuvene 2\"><\/a><\/p>\n<div id=\"attachment_807\" style=\"width: 310px\" class=\"wp-caption alignnone\"><a href=\"http:\/\/www.laurapennanen.fi\/wp-content\/uploads\/2018\/11\/puuvene-tumma-pieni-per\u00e4moottori.jpg\"><img loading=\"lazy\" decoding=\"async\" aria-describedby=\"caption-attachment-807\" class=\"wp-image-807\" src=\"http:\/\/www.laurapennanen.fi\/wp-content\/uploads\/2018\/11\/puuvene-tumma-pieni-per\u00e4moottori-1024x768.jpg\" alt=\"\" width=\"300\" height=\"225\" srcset=\"https:\/\/www.laurapennanen.fi\/wp-content\/uploads\/2018\/11\/puuvene-tumma-pieni-per\u00e4moottori-1024x768.jpg 1024w, https:\/\/www.laurapennanen.fi\/wp-content\/uploads\/2018\/11\/puuvene-tumma-pieni-per\u00e4moottori-300x225.jpg 300w, https:\/\/www.laurapennanen.fi\/wp-content\/uploads\/2018\/11\/puuvene-tumma-pieni-per\u00e4moottori-768x576.jpg 768w, https:\/\/www.laurapennanen.fi\/wp-content\/uploads\/2018\/11\/puuvene-tumma-pieni-per\u00e4moottori-624x468.jpg 624w, https:\/\/www.laurapennanen.fi\/wp-content\/uploads\/2018\/11\/puuvene-tumma-pieni-per\u00e4moottori.jpg 1843w\" sizes=\"auto, (max-width: 300px) 100vw, 300px\" \/><\/a><p id=\"caption-attachment-807\" class=\"wp-caption-text\">Pieni puinen b\u00e5tski, per\u00e4moottorilla, Sapokan puuvenelaiturissa 8.7.2017.<\/p><\/div>\n<\/div>\n<div class=\"kuvat\">\n<p><a name=\"pikkuvene 3\"><\/a><\/p>\n<div id=\"attachment_808\" style=\"width: 310px\" class=\"wp-caption alignnone\"><a href=\"http:\/\/www.laurapennanen.fi\/wp-content\/uploads\/2018\/11\/puuvene-vaalea-pieni-per\u00e4moottori.jpg\"><img loading=\"lazy\" decoding=\"async\" aria-describedby=\"caption-attachment-808\" class=\"wp-image-808\" src=\"http:\/\/www.laurapennanen.fi\/wp-content\/uploads\/2018\/11\/puuvene-vaalea-pieni-per\u00e4moottori-1024x768.jpg\" alt=\"\" width=\"300\" height=\"225\" srcset=\"https:\/\/www.laurapennanen.fi\/wp-content\/uploads\/2018\/11\/puuvene-vaalea-pieni-per\u00e4moottori-1024x768.jpg 1024w, https:\/\/www.laurapennanen.fi\/wp-content\/uploads\/2018\/11\/puuvene-vaalea-pieni-per\u00e4moottori-300x225.jpg 300w, https:\/\/www.laurapennanen.fi\/wp-content\/uploads\/2018\/11\/puuvene-vaalea-pieni-per\u00e4moottori-768x576.jpg 768w, https:\/\/www.laurapennanen.fi\/wp-content\/uploads\/2018\/11\/puuvene-vaalea-pieni-per\u00e4moottori-624x468.jpg 624w, https:\/\/www.laurapennanen.fi\/wp-content\/uploads\/2018\/11\/puuvene-vaalea-pieni-per\u00e4moottori.jpg 1843w\" sizes=\"auto, (max-width: 300px) 100vw, 300px\" \/><\/a><p id=\"caption-attachment-808\" class=\"wp-caption-text\">Pikku puuvenekaunotar per\u00e4moottorin kera Sapokan puuvenelaiturissa 8.7.2017<\/p><\/div>\n<\/div>\n<div class=\"kuvat\">\n<p><a name=\"R35684\"><\/a><\/p>\n<div id=\"attachment_809\" style=\"width: 310px\" class=\"wp-caption alignnone\"><a href=\"http:\/\/www.laurapennanen.fi\/wp-content\/uploads\/2018\/11\/R-35684-puuvene.jpg\"><img loading=\"lazy\" decoding=\"async\" aria-describedby=\"caption-attachment-809\" class=\"wp-image-809\" src=\"http:\/\/www.laurapennanen.fi\/wp-content\/uploads\/2018\/11\/R-35684-puuvene-1024x768.jpg\" alt=\"\" width=\"300\" height=\"225\" srcset=\"https:\/\/www.laurapennanen.fi\/wp-content\/uploads\/2018\/11\/R-35684-puuvene-1024x768.jpg 1024w, https:\/\/www.laurapennanen.fi\/wp-content\/uploads\/2018\/11\/R-35684-puuvene-300x225.jpg 300w, https:\/\/www.laurapennanen.fi\/wp-content\/uploads\/2018\/11\/R-35684-puuvene-768x576.jpg 768w, https:\/\/www.laurapennanen.fi\/wp-content\/uploads\/2018\/11\/R-35684-puuvene-624x468.jpg 624w, https:\/\/www.laurapennanen.fi\/wp-content\/uploads\/2018\/11\/R-35684-puuvene.jpg 1843w\" sizes=\"auto, (max-width: 300px) 100vw, 300px\" \/><\/a><p id=\"caption-attachment-809\" class=\"wp-caption-text\">Vauhdikkaan oloinen puuvene Sapokassa puuvenelaiturissa 8.7.2017.<\/p><\/div>\n<\/div>\n<div class=\"kuvat\">\n<p><a name=\"R51557\"><\/a><\/p>\n<div id=\"attachment_810\" style=\"width: 310px\" class=\"wp-caption alignnone\"><a href=\"http:\/\/www.laurapennanen.fi\/wp-content\/uploads\/2018\/11\/R-51557-puuvene.jpg\"><img loading=\"lazy\" decoding=\"async\" aria-describedby=\"caption-attachment-810\" class=\"wp-image-810\" src=\"http:\/\/www.laurapennanen.fi\/wp-content\/uploads\/2018\/11\/R-51557-puuvene-1024x768.jpg\" alt=\"\" width=\"300\" height=\"225\" srcset=\"https:\/\/www.laurapennanen.fi\/wp-content\/uploads\/2018\/11\/R-51557-puuvene-1024x768.jpg 1024w, https:\/\/www.laurapennanen.fi\/wp-content\/uploads\/2018\/11\/R-51557-puuvene-300x225.jpg 300w, https:\/\/www.laurapennanen.fi\/wp-content\/uploads\/2018\/11\/R-51557-puuvene-768x576.jpg 768w, https:\/\/www.laurapennanen.fi\/wp-content\/uploads\/2018\/11\/R-51557-puuvene-624x468.jpg 624w, https:\/\/www.laurapennanen.fi\/wp-content\/uploads\/2018\/11\/R-51557-puuvene.jpg 1843w\" sizes=\"auto, (max-width: 300px) 100vw, 300px\" \/><\/a><p id=\"caption-attachment-810\" class=\"wp-caption-text\">Tasaper\u00e4inen puuvene Sapokassa puuvenelaiturissa 8.7.2017.<\/p><\/div>\n<\/div>\n<div class=\"kuvat\">\n<p><a name=\"R51977\"><\/a><\/p>\n<div id=\"attachment_811\" style=\"width: 310px\" class=\"wp-caption alignnone\"><a href=\"http:\/\/www.laurapennanen.fi\/wp-content\/uploads\/2018\/11\/R-51977-puuvene.jpg\"><img loading=\"lazy\" decoding=\"async\" aria-describedby=\"caption-attachment-811\" class=\"wp-image-811\" src=\"http:\/\/www.laurapennanen.fi\/wp-content\/uploads\/2018\/11\/R-51977-puuvene-1024x768.jpg\" alt=\"\" width=\"300\" height=\"225\" srcset=\"https:\/\/www.laurapennanen.fi\/wp-content\/uploads\/2018\/11\/R-51977-puuvene-1024x768.jpg 1024w, https:\/\/www.laurapennanen.fi\/wp-content\/uploads\/2018\/11\/R-51977-puuvene-300x225.jpg 300w, https:\/\/www.laurapennanen.fi\/wp-content\/uploads\/2018\/11\/R-51977-puuvene-768x576.jpg 768w, https:\/\/www.laurapennanen.fi\/wp-content\/uploads\/2018\/11\/R-51977-puuvene-624x468.jpg 624w, https:\/\/www.laurapennanen.fi\/wp-content\/uploads\/2018\/11\/R-51977-puuvene.jpg 1843w\" sizes=\"auto, (max-width: 300px) 100vw, 300px\" \/><\/a><p id=\"caption-attachment-811\" class=\"wp-caption-text\">Valossa ja varjossa komea puuvene Sapokassa puuvenelaiturissa 8.7.2017.<\/p><\/div>\n<\/div>\n<div class=\"kuvat\">\n<p><a name=\"Tyyne\"><\/a><\/p>\n<div id=\"attachment_812\" style=\"width: 310px\" class=\"wp-caption alignnone\"><a href=\"http:\/\/www.laurapennanen.fi\/wp-content\/uploads\/2018\/11\/Tyyne.jpg\"><img loading=\"lazy\" decoding=\"async\" aria-describedby=\"caption-attachment-812\" class=\"wp-image-812\" src=\"http:\/\/www.laurapennanen.fi\/wp-content\/uploads\/2018\/11\/Tyyne-1024x768.jpg\" alt=\"\" width=\"300\" height=\"225\" srcset=\"https:\/\/www.laurapennanen.fi\/wp-content\/uploads\/2018\/11\/Tyyne-1024x768.jpg 1024w, https:\/\/www.laurapennanen.fi\/wp-content\/uploads\/2018\/11\/Tyyne-300x225.jpg 300w, https:\/\/www.laurapennanen.fi\/wp-content\/uploads\/2018\/11\/Tyyne-768x576.jpg 768w, https:\/\/www.laurapennanen.fi\/wp-content\/uploads\/2018\/11\/Tyyne-624x468.jpg 624w, https:\/\/www.laurapennanen.fi\/wp-content\/uploads\/2018\/11\/Tyyne.jpg 1843w\" sizes=\"auto, (max-width: 300px) 100vw, 300px\" \/><\/a><p id=\"caption-attachment-812\" class=\"wp-caption-text\">Tyyne Sapokan puuvenelaiturissa 8.7.2017.<\/p><\/div>\n<\/div>\n<div class=\"kuvat\">\n<p><a name=\"Kapu\"><\/a><\/p>\n<div id=\"attachment_879\" style=\"width: 310px\" class=\"wp-caption alignnone\"><a href=\"http:\/\/www.laurapennanen.fi\/wp-content\/uploads\/2018\/11\/Kapu.jpg\"><img loading=\"lazy\" decoding=\"async\" aria-describedby=\"caption-attachment-879\" class=\"wp-image-879\" src=\"http:\/\/www.laurapennanen.fi\/wp-content\/uploads\/2018\/11\/Kapu-1024x768.jpg\" alt=\"\" width=\"300\" height=\"225\" srcset=\"https:\/\/www.laurapennanen.fi\/wp-content\/uploads\/2018\/11\/Kapu-1024x768.jpg 1024w, https:\/\/www.laurapennanen.fi\/wp-content\/uploads\/2018\/11\/Kapu-300x225.jpg 300w, https:\/\/www.laurapennanen.fi\/wp-content\/uploads\/2018\/11\/Kapu-768x576.jpg 768w, https:\/\/www.laurapennanen.fi\/wp-content\/uploads\/2018\/11\/Kapu-624x468.jpg 624w, https:\/\/www.laurapennanen.fi\/wp-content\/uploads\/2018\/11\/Kapu.jpg 1600w\" sizes=\"auto, (max-width: 300px) 100vw, 300px\" \/><\/a><p id=\"caption-attachment-879\" class=\"wp-caption-text\">Kapu Sapokan B-laiturissa 4.7.2017.<\/p><\/div>\n<\/div>\n<div class=\"kuvat\">\n<p><a name=\"\u00c4ni\"><\/a><\/p>\n<div id=\"attachment_813\" style=\"width: 310px\" class=\"wp-caption alignnone\"><a href=\"http:\/\/www.laurapennanen.fi\/wp-content\/uploads\/2018\/11\/\u00c4ni.jpg\"><img loading=\"lazy\" decoding=\"async\" aria-describedby=\"caption-attachment-813\" class=\"wp-image-813\" src=\"http:\/\/www.laurapennanen.fi\/wp-content\/uploads\/2018\/11\/\u00c4ni-1024x768.jpg\" alt=\"\" width=\"300\" height=\"225\" srcset=\"https:\/\/www.laurapennanen.fi\/wp-content\/uploads\/2018\/11\/\u00c4ni-1024x768.jpg 1024w, https:\/\/www.laurapennanen.fi\/wp-content\/uploads\/2018\/11\/\u00c4ni-300x225.jpg 300w, https:\/\/www.laurapennanen.fi\/wp-content\/uploads\/2018\/11\/\u00c4ni-768x576.jpg 768w, https:\/\/www.laurapennanen.fi\/wp-content\/uploads\/2018\/11\/\u00c4ni-624x468.jpg 624w, https:\/\/www.laurapennanen.fi\/wp-content\/uploads\/2018\/11\/\u00c4ni.jpg 1843w\" sizes=\"auto, (max-width: 300px) 100vw, 300px\" \/><\/a><p id=\"caption-attachment-813\" class=\"wp-caption-text\">Komea \u00c4ni Sapokassa puuvenelaiturissa 22.6.2017.<\/p><\/div>\n<\/div>\n<div class=\"kuvat\">\n<p><a name=\"Mocca\"><\/a><\/p>\n<div id=\"attachment_1057\" style=\"width: 310px\" class=\"wp-caption alignnone\"><a href=\"http:\/\/www.laurapennanen.fi\/wp-content\/uploads\/2018\/12\/Mocca1.jpg\"><img loading=\"lazy\" decoding=\"async\" aria-describedby=\"caption-attachment-1057\" class=\"wp-image-1057\" src=\"http:\/\/www.laurapennanen.fi\/wp-content\/uploads\/2018\/12\/Mocca1-1024x768.jpg\" alt=\"\" width=\"300\" height=\"225\" srcset=\"https:\/\/www.laurapennanen.fi\/wp-content\/uploads\/2018\/12\/Mocca1-1024x768.jpg 1024w, https:\/\/www.laurapennanen.fi\/wp-content\/uploads\/2018\/12\/Mocca1-300x225.jpg 300w, https:\/\/www.laurapennanen.fi\/wp-content\/uploads\/2018\/12\/Mocca1-768x576.jpg 768w, https:\/\/www.laurapennanen.fi\/wp-content\/uploads\/2018\/12\/Mocca1-624x468.jpg 624w, https:\/\/www.laurapennanen.fi\/wp-content\/uploads\/2018\/12\/Mocca1.jpg 2000w\" sizes=\"auto, (max-width: 300px) 100vw, 300px\" \/><\/a><p id=\"caption-attachment-1057\" class=\"wp-caption-text\">Mocca B-laiturin p\u00e4\u00e4ss\u00e4 Sapokassa 20.6.2017. Mik\u00e4 vauhti t\u00e4ll\u00e4 veneell\u00e4 onkaan merell\u00e4!<\/p><\/div>\n<\/div>\n<p><a name=\"Aakkosellinen hakemisto\"><\/a><\/p>\n<h3>Aakkosellinen hakemisto<\/h3>\n<ul>\n<li style=\"list-style-type: none;\">\n<ul>\n<li><a href=\"#A16289\">A16289<\/a><\/li>\n<li><a href=\"#A57703\">A57703<\/a><\/li>\n<li><a href=\"#A62136\">A62136<\/a><\/li>\n<li><a href=\"#A8059\">A8059<\/a><\/li>\n<li><a href=\"#Birgit\">Birgit<\/a><\/li>\n<li><a href=\"#Birgit\">Birgit<\/a><\/li>\n<li><a href=\"#Brunette\">Brunette<\/a><\/li>\n<li><a href=\"#El Mar\">El Mar<\/a><\/li>\n<li><a href=\"#Haukka\">Haukka<\/a><\/li>\n<li><a href=\"#Heili II\">Heili II<\/a><\/li>\n<li><a href=\"#Iines\">Iines<\/a><\/li>\n<li><a href=\"#Ilona\">Ilona<\/a><\/li>\n<li><a href=\"#Inka\">Inka<\/a><\/li>\n<li><a href=\"#Jahvetti\">Jahvetti<\/a><\/li>\n<li><a href=\"#Kapu\">Kapu<\/a><\/li>\n<li><a href=\"#Kismet\">Kismet<\/a><\/li>\n<li><a href=\"#Kokema\">Kokema<\/a><\/li>\n<li><a href=\"#Lissu\">Lissu<\/a><\/li>\n<li><a href=\"#Mari II\">Mari II<\/a><\/li>\n<li><a href=\"#Mercury\">Mercury<\/a><\/li>\n<li><a href=\"#Merisontti\">Merisontti<\/a><\/li>\n<li><a href=\"#Mira\">Mira<\/a><\/li>\n<li><a href=\"#Mocca\">Mocca<\/a><\/li>\n<li><a href=\"#Nestori\">Nestori<\/a><\/li>\n<li><a href=\"#Nina\">Nina<\/a><\/li>\n<li><a href=\"#Nonna\">Nonna<\/a><\/li>\n<li><a href=\"#Obus\">Obus<\/a><\/li>\n<li><a href=\"#pikkuvene 1\">pikkuvene 1<\/a><\/li>\n<li><a href=\"#pikkuvene 2\">pikkuvene 2<\/a><\/li>\n<li><a href=\"#pikkuvene 3\">pikkuvene 3<\/a><\/li>\n<li><a href=\"#R12333\">R12333<\/a><\/li>\n<li><a href=\"#R35684\">R35684<\/a><\/li>\n<li><a href=\"#R4740\">R4740<\/a><\/li>\n<li><a href=\"#R50481\">R50481<\/a><\/li>\n<li><a href=\"#R51557\">R51557<\/a><\/li>\n<li><a href=\"#R51977\">R51977<\/a><\/li>\n<li><a href=\"#R53016\">R53016<\/a><\/li>\n<li><a href=\"#R53903\">R53903<\/a><\/li>\n<li><a href=\"#Rosita\">Rosita<\/a><\/li>\n<li><a href=\"#Saarent\u00e4hti\">Saarent\u00e4hti<\/a><\/li>\n<li><a href=\"#Sampi\">Sampi<\/a><\/li>\n<li><a href=\"#Tiira\">Tiira<\/a><\/li>\n<li><a href=\"#Titanella\">Titanella<\/a><\/li>\n<li><a href=\"#Tyyne\">Tyyne<\/a><\/li>\n<li><a href=\"#Ulpukka\">Ulpukka<\/a><\/li>\n<li><a href=\"#\u00c4ni\">\u00c4ni<\/a><\/li>\n<\/ul>\n<\/li>\n<\/ul>\n<p style=\"clear: both;\"><a href=\"http:\/\/www.laurapennanen.fi\/?page_id=109\">\u21d0 Palaa Merell\u00e4-sivustoon<\/a><\/p>\n","protected":false},"excerpt":{"rendered":"<p>Puuveneet ovat veneilyn helmi\u00e4. En v\u00e4sy koskaan ihailemasta niit\u00e4. N\u00e4ytt\u00e4v\u00e4n puuveneen takana on aina paljon ty\u00f6t\u00e4 kev\u00e4isin ja kokonaisuudessaan oman puuveneen tekeminen on yksi suurista haaveistani. Sit\u00e4 mahdollisuutta odotellessa tyydyn kuvaamaan ja katselemaan merell\u00e4 vastaantulevia puuveneit\u00e4. Sapokkaan on Tervasillan kupeeseen tehty varta vasten puuveneille oma laituri, jossa niit\u00e4 voi k\u00e4velless\u00e4 ihailla, niin kotkalaiset kuin turistitkin. [&hellip;]<\/p>\n","protected":false},"author":1,"featured_media":0,"parent":109,"menu_order":0,"comment_status":"closed","ping_status":"closed","template":"page-templates\/full-width.php","meta":{"footnotes":""},"class_list":["post-402","page","type-page","status-publish","hentry"],"_links":{"self":[{"href":"https:\/\/www.laurapennanen.fi\/index.php?rest_route=\/wp\/v2\/pages\/402","targetHints":{"allow":["GET"]}}],"collection":[{"href":"https:\/\/www.laurapennanen.fi\/index.php?rest_route=\/wp\/v2\/pages"}],"about":[{"href":"https:\/\/www.laurapennanen.fi\/index.php?rest_route=\/wp\/v2\/types\/page"}],"author":[{"embeddable":true,"href":"https:\/\/www.laurapennanen.fi\/index.php?rest_route=\/wp\/v2\/users\/1"}],"replies":[{"embeddable":true,"href":"https:\/\/www.laurapennanen.fi\/index.php?rest_route=%2Fwp%2Fv2%2Fcomments&post=402"}],"version-history":[{"count":42,"href":"https:\/\/www.laurapennanen.fi\/index.php?rest_route=\/wp\/v2\/pages\/402\/revisions"}],"predecessor-version":[{"id":5208,"href":"https:\/\/www.laurapennanen.fi\/index.php?rest_route=\/wp\/v2\/pages\/402\/revisions\/5208"}],"up":[{"embeddable":true,"href":"https:\/\/www.laurapennanen.fi\/index.php?rest_route=\/wp\/v2\/pages\/109"}],"wp:attachment":[{"href":"https:\/\/www.laurapennanen.fi\/index.php?rest_route=%2Fwp%2Fv2%2Fmedia&parent=402"}],"curies":[{"name":"wp","href":"https:\/\/api.w.org\/{rel}","templated":true}]}}