{"id":4696,"date":"2020-07-25T20:34:12","date_gmt":"2020-07-25T18:34:12","guid":{"rendered":"http:\/\/www.laurapennanen.fi\/?page_id=4696"},"modified":"2024-02-06T16:35:50","modified_gmt":"2024-02-06T14:35:50","slug":"laikku","status":"publish","type":"page","link":"https:\/\/www.laurapennanen.fi\/?page_id=4696","title":{"rendered":"Laikku"},"content":{"rendered":"<div class=\"kuvat\">\n<p><a href=\"http:\/\/www.laurapennanen.fi\/wp-content\/uploads\/2020\/07\/Laikku-merell\u00e4.jpg\"><img loading=\"lazy\" decoding=\"async\" class=\"alignnone size-large wp-image-4697\" src=\"http:\/\/www.laurapennanen.fi\/wp-content\/uploads\/2020\/07\/Laikku-merell\u00e4-1024x683.jpg\" alt=\"\" width=\"625\" height=\"417\" srcset=\"https:\/\/www.laurapennanen.fi\/wp-content\/uploads\/2020\/07\/Laikku-merell\u00e4-1024x683.jpg 1024w, https:\/\/www.laurapennanen.fi\/wp-content\/uploads\/2020\/07\/Laikku-merell\u00e4-300x200.jpg 300w, https:\/\/www.laurapennanen.fi\/wp-content\/uploads\/2020\/07\/Laikku-merell\u00e4-768x512.jpg 768w, https:\/\/www.laurapennanen.fi\/wp-content\/uploads\/2020\/07\/Laikku-merell\u00e4-1536x1024.jpg 1536w, https:\/\/www.laurapennanen.fi\/wp-content\/uploads\/2020\/07\/Laikku-merell\u00e4-2048x1365.jpg 2048w, https:\/\/www.laurapennanen.fi\/wp-content\/uploads\/2020\/07\/Laikku-merell\u00e4-624x416.jpg 624w\" sizes=\"auto, (max-width: 625px) 100vw, 625px\" \/><\/a><\/p>\n<\/div>\n<div class=\"kuvat\">\n<p><a href=\"http:\/\/www.laurapennanen.fi\/wp-content\/uploads\/2020\/07\/Laikku-pointterina-26.7.jpg\"><img loading=\"lazy\" decoding=\"async\" class=\"alignnone size-large wp-image-4708\" src=\"http:\/\/www.laurapennanen.fi\/wp-content\/uploads\/2020\/07\/Laikku-pointterina-26.7-1024x683.jpg\" alt=\"\" width=\"625\" height=\"417\" srcset=\"https:\/\/www.laurapennanen.fi\/wp-content\/uploads\/2020\/07\/Laikku-pointterina-26.7-1024x683.jpg 1024w, https:\/\/www.laurapennanen.fi\/wp-content\/uploads\/2020\/07\/Laikku-pointterina-26.7-300x200.jpg 300w, https:\/\/www.laurapennanen.fi\/wp-content\/uploads\/2020\/07\/Laikku-pointterina-26.7-768x512.jpg 768w, https:\/\/www.laurapennanen.fi\/wp-content\/uploads\/2020\/07\/Laikku-pointterina-26.7-1536x1025.jpg 1536w, https:\/\/www.laurapennanen.fi\/wp-content\/uploads\/2020\/07\/Laikku-pointterina-26.7-624x416.jpg 624w, https:\/\/www.laurapennanen.fi\/wp-content\/uploads\/2020\/07\/Laikku-pointterina-26.7.jpg 1607w\" sizes=\"auto, (max-width: 625px) 100vw, 625px\" \/><\/a><\/p>\n<\/div>\n<p>Yli kahden vuoden etsinn\u00e4n ja odottelun j\u00e4lkeen meille tuli vihdoin pentu kotiin. Laikku, viralliselta nimelt\u00e4\u00e4n Utu, on siperianhuskynarttu. Se on syntynyt 30.5.2020. Laikun suku polveilee molempien vanhempien kautta omaan kantanarttuuni <a href=\"http:\/\/www.laurapennanen.fi\/?page_id=122\">Tuiskuun<\/a>. Tuisku on sek\u00e4 Laikun \u00e4idin\u00e4idin\u00e4iti ett\u00e4 is\u00e4n\u00e4idinis\u00e4n\u00e4iti. Laikku kotiutui meille 24.7.2020 nelj\u00e4kiloisena neitona ja heti ensihetkist\u00e4 alkaen se tuli <a href=\"http:\/\/www.laurapennanen.fi\/?page_id=3266\">Napin<\/a> kanssa hyvin toimeen. My\u00f6s <a href=\"http:\/\/www.laurapennanen.fi\/?page_id=132\">M\u00f6rkki<\/a> (Tuiskun tyt\u00e4r) viihtyy Laikun seurassa ja niinp\u00e4 Laikulla oli turvallinen aikuinen koira laumassa. Laikku asusteli meid\u00e4n kanssa sis\u00e4ll\u00e4 ja totutteli laumaan pikkuhiljaa.<\/p>\n<p>Loppukes\u00e4st\u00e4 2021 perheeseemme saapunut collienpentu <a href=\"http:\/\/www.laurapennanen.fi\/?page_id=5168\">Minni<\/a> valloitti my\u00f6s Laikun syd\u00e4men. Tyt\u00f6ist\u00e4 kasvoi erottamaton parivaljakko. Laikku sai vihdoin yst\u00e4v\u00e4n, jonka kanssa juosta ja leikki\u00e4 p\u00e4ivitt\u00e4in pihalla vapaana. Laikku j\u00e4i jo pentuna sis\u00e4koiraksi ja Minnin tulo vaan vahvisti sen asemaa sis\u00e4ll\u00e4.<\/p>\n<p>Laikku on huono sy\u00f6m\u00e4\u00e4n ja se pit\u00e4\u00e4 usein paastop\u00e4ivi\u00e4. Se aikuispaino on asettunut 16 kilon tiet\u00e4mille. Kaikkea mahdollista on kokeiltu mutta mik\u00e4\u00e4n ei saa Laikkua sy\u00f6m\u00e4\u00e4n kunnolla. Laikku on my\u00f6s hyvin ihmisarka. Vain oman perheen j\u00e4senet se sallii l\u00e4helleen. Vieraiden ihmisten kanssa se on varovainen mutta saattaa k\u00e4yd\u00e4 nuuskimassa k\u00e4tt\u00e4, jos kohde malttaa katsella muualle Laikun l\u00e4hestyess\u00e4.<\/p>\n<div class=\"kuvat\">\n<div id=\"attachment_4706\" style=\"width: 635px\" class=\"wp-caption alignnone\"><a href=\"http:\/\/www.laurapennanen.fi\/wp-content\/uploads\/2020\/07\/Laikku-seisoo-26.7.jpg\"><img loading=\"lazy\" decoding=\"async\" aria-describedby=\"caption-attachment-4706\" class=\"wp-image-4706 size-large\" src=\"http:\/\/www.laurapennanen.fi\/wp-content\/uploads\/2020\/07\/Laikku-seisoo-26.7-1024x683.jpg\" alt=\"\" width=\"625\" height=\"417\" srcset=\"https:\/\/www.laurapennanen.fi\/wp-content\/uploads\/2020\/07\/Laikku-seisoo-26.7-1024x683.jpg 1024w, https:\/\/www.laurapennanen.fi\/wp-content\/uploads\/2020\/07\/Laikku-seisoo-26.7-300x200.jpg 300w, https:\/\/www.laurapennanen.fi\/wp-content\/uploads\/2020\/07\/Laikku-seisoo-26.7-768x512.jpg 768w, https:\/\/www.laurapennanen.fi\/wp-content\/uploads\/2020\/07\/Laikku-seisoo-26.7-1536x1024.jpg 1536w, https:\/\/www.laurapennanen.fi\/wp-content\/uploads\/2020\/07\/Laikku-seisoo-26.7-624x416.jpg 624w, https:\/\/www.laurapennanen.fi\/wp-content\/uploads\/2020\/07\/Laikku-seisoo-26.7.jpg 1843w\" sizes=\"auto, (max-width: 625px) 100vw, 625px\" \/><\/a><p id=\"caption-attachment-4706\" class=\"wp-caption-text\">Laikku 8 viikkoa s\u00f6p\u00f6ilee 26.7.2020.<\/p><\/div>\n<\/div>\n<div class=\"kuvat\">\n<div id=\"attachment_4705\" style=\"width: 635px\" class=\"wp-caption alignnone\"><a href=\"http:\/\/www.laurapennanen.fi\/wp-content\/uploads\/2020\/07\/Laikku-k\u00e4velee-26.7.jpg\"><img loading=\"lazy\" decoding=\"async\" aria-describedby=\"caption-attachment-4705\" class=\"wp-image-4705 size-large\" src=\"http:\/\/www.laurapennanen.fi\/wp-content\/uploads\/2020\/07\/Laikku-k\u00e4velee-26.7-1024x683.jpg\" alt=\"\" width=\"625\" height=\"417\" srcset=\"https:\/\/www.laurapennanen.fi\/wp-content\/uploads\/2020\/07\/Laikku-k\u00e4velee-26.7-1024x683.jpg 1024w, https:\/\/www.laurapennanen.fi\/wp-content\/uploads\/2020\/07\/Laikku-k\u00e4velee-26.7-300x200.jpg 300w, https:\/\/www.laurapennanen.fi\/wp-content\/uploads\/2020\/07\/Laikku-k\u00e4velee-26.7-768x512.jpg 768w, https:\/\/www.laurapennanen.fi\/wp-content\/uploads\/2020\/07\/Laikku-k\u00e4velee-26.7-1536x1024.jpg 1536w, https:\/\/www.laurapennanen.fi\/wp-content\/uploads\/2020\/07\/Laikku-k\u00e4velee-26.7-624x416.jpg 624w, https:\/\/www.laurapennanen.fi\/wp-content\/uploads\/2020\/07\/Laikku-k\u00e4velee-26.7.jpg 1843w\" sizes=\"auto, (max-width: 625px) 100vw, 625px\" \/><\/a><p id=\"caption-attachment-4705\" class=\"wp-caption-text\">Maastoa tutkailemassa 26.7.2020.<\/p><\/div>\n<\/div>\n<div class=\"kuvat\">\n<div id=\"attachment_4783\" style=\"width: 635px\" class=\"wp-caption alignnone\"><a href=\"http:\/\/www.laurapennanen.fi\/wp-content\/uploads\/2020\/09\/Laikku-Kuutsalo-23.9-1.jpg\"><img loading=\"lazy\" decoding=\"async\" aria-describedby=\"caption-attachment-4783\" class=\"wp-image-4783 size-large\" src=\"http:\/\/www.laurapennanen.fi\/wp-content\/uploads\/2020\/09\/Laikku-Kuutsalo-23.9-1-1024x708.jpg\" alt=\"\" width=\"625\" height=\"432\" srcset=\"https:\/\/www.laurapennanen.fi\/wp-content\/uploads\/2020\/09\/Laikku-Kuutsalo-23.9-1-1024x708.jpg 1024w, https:\/\/www.laurapennanen.fi\/wp-content\/uploads\/2020\/09\/Laikku-Kuutsalo-23.9-1-300x207.jpg 300w, https:\/\/www.laurapennanen.fi\/wp-content\/uploads\/2020\/09\/Laikku-Kuutsalo-23.9-1-768x531.jpg 768w, https:\/\/www.laurapennanen.fi\/wp-content\/uploads\/2020\/09\/Laikku-Kuutsalo-23.9-1-1536x1062.jpg 1536w, https:\/\/www.laurapennanen.fi\/wp-content\/uploads\/2020\/09\/Laikku-Kuutsalo-23.9-1-624x431.jpg 624w, https:\/\/www.laurapennanen.fi\/wp-content\/uploads\/2020\/09\/Laikku-Kuutsalo-23.9-1.jpg 2021w\" sizes=\"auto, (max-width: 625px) 100vw, 625px\" \/><\/a><p id=\"caption-attachment-4783\" class=\"wp-caption-text\">Laikku poseeraa syysauringossa 23.9.2020. Ik\u00e4\u00e4 pian 4kk ja painoakin on liki 11 kiloa.<\/p><\/div>\n<\/div>\n<div class=\"kuvat\">\n<div id=\"attachment_4784\" style=\"width: 635px\" class=\"wp-caption alignnone\"><a href=\"http:\/\/www.laurapennanen.fi\/wp-content\/uploads\/2020\/09\/Laikku-Kuutsalo-23.9-2.jpg\"><img loading=\"lazy\" decoding=\"async\" aria-describedby=\"caption-attachment-4784\" class=\"wp-image-4784 size-large\" src=\"http:\/\/www.laurapennanen.fi\/wp-content\/uploads\/2020\/09\/Laikku-Kuutsalo-23.9-2-1024x683.jpg\" alt=\"\" width=\"625\" height=\"417\" srcset=\"https:\/\/www.laurapennanen.fi\/wp-content\/uploads\/2020\/09\/Laikku-Kuutsalo-23.9-2-1024x683.jpg 1024w, https:\/\/www.laurapennanen.fi\/wp-content\/uploads\/2020\/09\/Laikku-Kuutsalo-23.9-2-300x200.jpg 300w, https:\/\/www.laurapennanen.fi\/wp-content\/uploads\/2020\/09\/Laikku-Kuutsalo-23.9-2-768x512.jpg 768w, https:\/\/www.laurapennanen.fi\/wp-content\/uploads\/2020\/09\/Laikku-Kuutsalo-23.9-2-1536x1025.jpg 1536w, https:\/\/www.laurapennanen.fi\/wp-content\/uploads\/2020\/09\/Laikku-Kuutsalo-23.9-2-624x416.jpg 624w, https:\/\/www.laurapennanen.fi\/wp-content\/uploads\/2020\/09\/Laikku-Kuutsalo-23.9-2.jpg 2000w\" sizes=\"auto, (max-width: 625px) 100vw, 625px\" \/><\/a><p id=\"caption-attachment-4784\" class=\"wp-caption-text\">Laikun kaunista ravia Saarimajan pihassa 23.9.2020.<\/p><\/div>\n<\/div>\n<div class=\"kuvat\">\n<div id=\"attachment_4785\" style=\"width: 635px\" class=\"wp-caption alignnone\"><a href=\"http:\/\/www.laurapennanen.fi\/wp-content\/uploads\/2020\/09\/Laikku-Kuutsalo-23.9-3.jpg\"><img loading=\"lazy\" decoding=\"async\" aria-describedby=\"caption-attachment-4785\" class=\"wp-image-4785 size-large\" src=\"http:\/\/www.laurapennanen.fi\/wp-content\/uploads\/2020\/09\/Laikku-Kuutsalo-23.9-3-1024x986.jpg\" alt=\"\" width=\"625\" height=\"602\" srcset=\"https:\/\/www.laurapennanen.fi\/wp-content\/uploads\/2020\/09\/Laikku-Kuutsalo-23.9-3-1024x986.jpg 1024w, https:\/\/www.laurapennanen.fi\/wp-content\/uploads\/2020\/09\/Laikku-Kuutsalo-23.9-3-300x289.jpg 300w, https:\/\/www.laurapennanen.fi\/wp-content\/uploads\/2020\/09\/Laikku-Kuutsalo-23.9-3-768x739.jpg 768w, https:\/\/www.laurapennanen.fi\/wp-content\/uploads\/2020\/09\/Laikku-Kuutsalo-23.9-3-1536x1478.jpg 1536w, https:\/\/www.laurapennanen.fi\/wp-content\/uploads\/2020\/09\/Laikku-Kuutsalo-23.9-3-624x601.jpg 624w, https:\/\/www.laurapennanen.fi\/wp-content\/uploads\/2020\/09\/Laikku-Kuutsalo-23.9-3.jpg 1596w\" sizes=\"auto, (max-width: 625px) 100vw, 625px\" \/><\/a><p id=\"caption-attachment-4785\" class=\"wp-caption-text\">Laikku on rohkea kulkemaan erilaisissa paikoissa. Ainut mit\u00e4 Laikku pelk\u00e4\u00e4, ovat ihmiset. Ty\u00f6maata siis riitt\u00e4\u00e4 pennun kanssa.<\/p><\/div>\n<\/div>\n<div class=\"kuvat\">\n<div id=\"attachment_4786\" style=\"width: 635px\" class=\"wp-caption alignnone\"><a href=\"http:\/\/www.laurapennanen.fi\/wp-content\/uploads\/2020\/09\/Laikku-Kuutsalo-23.9-4.jpg\"><img loading=\"lazy\" decoding=\"async\" aria-describedby=\"caption-attachment-4786\" class=\"wp-image-4786 size-large\" src=\"http:\/\/www.laurapennanen.fi\/wp-content\/uploads\/2020\/09\/Laikku-Kuutsalo-23.9-4-1024x683.jpg\" alt=\"\" width=\"625\" height=\"417\" srcset=\"https:\/\/www.laurapennanen.fi\/wp-content\/uploads\/2020\/09\/Laikku-Kuutsalo-23.9-4-1024x683.jpg 1024w, https:\/\/www.laurapennanen.fi\/wp-content\/uploads\/2020\/09\/Laikku-Kuutsalo-23.9-4-300x200.jpg 300w, https:\/\/www.laurapennanen.fi\/wp-content\/uploads\/2020\/09\/Laikku-Kuutsalo-23.9-4-768x513.jpg 768w, https:\/\/www.laurapennanen.fi\/wp-content\/uploads\/2020\/09\/Laikku-Kuutsalo-23.9-4-1536x1025.jpg 1536w, https:\/\/www.laurapennanen.fi\/wp-content\/uploads\/2020\/09\/Laikku-Kuutsalo-23.9-4-624x416.jpg 624w, https:\/\/www.laurapennanen.fi\/wp-content\/uploads\/2020\/09\/Laikku-Kuutsalo-23.9-4.jpg 1882w\" sizes=\"auto, (max-width: 625px) 100vw, 625px\" \/><\/a><p id=\"caption-attachment-4786\" class=\"wp-caption-text\">Laikku on ketter\u00e4 ja aktiivinen pentu. Vauhdikkaita hyppyj\u00e4, k\u00e4\u00e4nn\u00f6ksi\u00e4 ja spurtteja tehd\u00e4\u00e4n p\u00e4ivitt\u00e4in mets\u00e4ss\u00e4 \ud83d\ude42<\/p><\/div>\n<\/div>\n<div class=\"kuvat\">\n<div id=\"attachment_4787\" style=\"width: 635px\" class=\"wp-caption alignnone\"><a href=\"http:\/\/www.laurapennanen.fi\/wp-content\/uploads\/2020\/09\/Laikku-Kuutsalo-23.9-5.jpg\"><img loading=\"lazy\" decoding=\"async\" aria-describedby=\"caption-attachment-4787\" class=\"wp-image-4787 size-large\" src=\"http:\/\/www.laurapennanen.fi\/wp-content\/uploads\/2020\/09\/Laikku-Kuutsalo-23.9-5-1024x684.jpg\" alt=\"\" width=\"625\" height=\"417\" srcset=\"https:\/\/www.laurapennanen.fi\/wp-content\/uploads\/2020\/09\/Laikku-Kuutsalo-23.9-5-1024x684.jpg 1024w, https:\/\/www.laurapennanen.fi\/wp-content\/uploads\/2020\/09\/Laikku-Kuutsalo-23.9-5-300x200.jpg 300w, https:\/\/www.laurapennanen.fi\/wp-content\/uploads\/2020\/09\/Laikku-Kuutsalo-23.9-5-768x513.jpg 768w, https:\/\/www.laurapennanen.fi\/wp-content\/uploads\/2020\/09\/Laikku-Kuutsalo-23.9-5-1536x1026.jpg 1536w, https:\/\/www.laurapennanen.fi\/wp-content\/uploads\/2020\/09\/Laikku-Kuutsalo-23.9-5-624x417.jpg 624w, https:\/\/www.laurapennanen.fi\/wp-content\/uploads\/2020\/09\/Laikku-Kuutsalo-23.9-5.jpg 1930w\" sizes=\"auto, (max-width: 625px) 100vw, 625px\" \/><\/a><p id=\"caption-attachment-4787\" class=\"wp-caption-text\">Hei \u00e4ipp\u00e4 ja isk\u00e4, leikit\u00e4\u00e4nk\u00f6?<\/p><\/div>\n<\/div>\n<div class=\"kuvat\">\n<div id=\"attachment_5245\" style=\"width: 635px\" class=\"wp-caption alignnone\"><a href=\"http:\/\/www.laurapennanen.fi\/wp-content\/uploads\/2021\/11\/Minni-ja-Laikku-kivella.jpg\"><img loading=\"lazy\" decoding=\"async\" aria-describedby=\"caption-attachment-5245\" class=\"wp-image-5245 size-large\" src=\"http:\/\/www.laurapennanen.fi\/wp-content\/uploads\/2021\/11\/Minni-ja-Laikku-kivella-1024x768.jpg\" alt=\"\" width=\"625\" height=\"469\" srcset=\"https:\/\/www.laurapennanen.fi\/wp-content\/uploads\/2021\/11\/Minni-ja-Laikku-kivella-1024x768.jpg 1024w, https:\/\/www.laurapennanen.fi\/wp-content\/uploads\/2021\/11\/Minni-ja-Laikku-kivella-300x225.jpg 300w, https:\/\/www.laurapennanen.fi\/wp-content\/uploads\/2021\/11\/Minni-ja-Laikku-kivella-768x576.jpg 768w, https:\/\/www.laurapennanen.fi\/wp-content\/uploads\/2021\/11\/Minni-ja-Laikku-kivella-1536x1152.jpg 1536w, https:\/\/www.laurapennanen.fi\/wp-content\/uploads\/2021\/11\/Minni-ja-Laikku-kivella-624x468.jpg 624w, https:\/\/www.laurapennanen.fi\/wp-content\/uploads\/2021\/11\/Minni-ja-Laikku-kivella.jpg 1843w\" sizes=\"auto, (max-width: 625px) 100vw, 625px\" \/><\/a><p id=\"caption-attachment-5245\" class=\"wp-caption-text\">Minni on Laikun paras yst\u00e4v\u00e4. Tyt\u00f6ill\u00e4 on vuosi ik\u00e4eroa ja samat leikit: vauhtia ja hammastelua sopuisasti. Kuvassa Minni 5 kk ja Laikku 1,5 v 19.11.2021.<\/p><\/div>\n<\/div>\n<p><a href=\"http:\/\/www.laurapennanen.fi\/?page_id=86#Meid\u00e4n lauma\">\u21d0 Palaa koirat-sivulle<\/a><\/p>\n","protected":false},"excerpt":{"rendered":"<p>Yli kahden vuoden etsinn\u00e4n ja odottelun j\u00e4lkeen meille tuli vihdoin pentu kotiin. Laikku, viralliselta nimelt\u00e4\u00e4n Utu, on siperianhuskynarttu. Se on syntynyt 30.5.2020. Laikun suku polveilee molempien vanhempien kautta omaan kantanarttuuni Tuiskuun. Tuisku on sek\u00e4 Laikun \u00e4idin\u00e4idin\u00e4iti ett\u00e4 is\u00e4n\u00e4idinis\u00e4n\u00e4iti. Laikku kotiutui meille 24.7.2020 nelj\u00e4kiloisena neitona ja heti ensihetkist\u00e4 alkaen se tuli Napin kanssa hyvin toimeen. My\u00f6s [&hellip;]<\/p>\n","protected":false},"author":1,"featured_media":0,"parent":86,"menu_order":0,"comment_status":"closed","ping_status":"closed","template":"page-templates\/full-width.php","meta":{"footnotes":""},"class_list":["post-4696","page","type-page","status-publish","hentry"],"_links":{"self":[{"href":"https:\/\/www.laurapennanen.fi\/index.php?rest_route=\/wp\/v2\/pages\/4696","targetHints":{"allow":["GET"]}}],"collection":[{"href":"https:\/\/www.laurapennanen.fi\/index.php?rest_route=\/wp\/v2\/pages"}],"about":[{"href":"https:\/\/www.laurapennanen.fi\/index.php?rest_route=\/wp\/v2\/types\/page"}],"author":[{"embeddable":true,"href":"https:\/\/www.laurapennanen.fi\/index.php?rest_route=\/wp\/v2\/users\/1"}],"replies":[{"embeddable":true,"href":"https:\/\/www.laurapennanen.fi\/index.php?rest_route=%2Fwp%2Fv2%2Fcomments&post=4696"}],"version-history":[{"count":15,"href":"https:\/\/www.laurapennanen.fi\/index.php?rest_route=\/wp\/v2\/pages\/4696\/revisions"}],"predecessor-version":[{"id":5803,"href":"https:\/\/www.laurapennanen.fi\/index.php?rest_route=\/wp\/v2\/pages\/4696\/revisions\/5803"}],"up":[{"embeddable":true,"href":"https:\/\/www.laurapennanen.fi\/index.php?rest_route=\/wp\/v2\/pages\/86"}],"wp:attachment":[{"href":"https:\/\/www.laurapennanen.fi\/index.php?rest_route=%2Fwp%2Fv2%2Fmedia&parent=4696"}],"curies":[{"name":"wp","href":"https:\/\/api.w.org\/{rel}","templated":true}]}}