{"id":5168,"date":"2021-08-21T16:58:50","date_gmt":"2021-08-21T14:58:50","guid":{"rendered":"http:\/\/www.laurapennanen.fi\/?page_id=5168"},"modified":"2024-01-26T07:08:04","modified_gmt":"2024-01-26T05:08:04","slug":"minni","status":"publish","type":"page","link":"https:\/\/www.laurapennanen.fi\/?page_id=5168","title":{"rendered":"Minni"},"content":{"rendered":"<p>Pikkutyt\u00f6st\u00e4 asti olin haaveillut omasta lassiekoirasta. Meni 50 vuotta ja vihdoin pikku &#8216;lassie&#8217; saapui meille 2.8.2021. Tosin t\u00e4lt\u00e4 lassielta olivat karvat h\u00e4vinneet jonnekin \ud83d\ude42<\/p>\n<p>Minni eli Koiruuksien Jokamaunrae on sile\u00e4karvainen collieneiti. H\u00e4n on syntynyt 14.6.2021 Tervakoskella, Koiruuksien kennelnime\u00e4 kantaen. Minni on siis pitk\u00e4aikaisen unelmani t\u00e4yttymys. Minnin v\u00e4ritys on tricolour eli kolmiv\u00e4rinen. Minnin emo Mytty on v\u00e4ritykselt\u00e4\u00e4n soopeli ja is\u00e4 Vertti on tricolour. Minnill\u00e4 on sisko ja nelj\u00e4 velje\u00e4. Minni tuli meille 7 viikkoisena ja painoi tullessaan 4,6 kiloa.<\/p>\n<p>Minni otettiin laumaan sis\u00e4\u00e4n hienosti. <a href=\"http:\/\/www.laurapennanen.fi\/?page_id=4696\">Laikku<\/a> oli mukana reissussa, kun haimme Minnin kotiin. Kahden tunnin automatkan lis\u00e4ksi tuli tietysti viel\u00e4 tunti merell\u00e4 olemista. Minni asettui nukkumaan Marun kajuutan lattialle ja oli kokolailla heti selvill\u00e4, miten veneess\u00e4 matkustetaan.<\/p>\n<p><a href=\"http:\/\/www.laurapennanen.fi\/?page_id=157\">Wilma<\/a> otti pennun hyvin wilmamaiseen tapaansa vastaan ihastuneena ja emon roolin p\u00e4\u00e4lle laittaen. Tarhahuskyt saivat katsella pentua verkon l\u00e4pi, paitsi <a href=\"http:\/\/www.laurapennanen.fi\/?page_id=132\">M\u00f6rkki<\/a> tutustui pentuun jo ensimm\u00e4isten p\u00e4ivien aikana. My\u00f6s <a href=\"http:\/\/www.laurapennanen.fi\/?page_id=3266\">Nappi<\/a> oli innoissaan, kun talossa oli j\u00e4lleen koira, joka oli samaa kokoa sen kanssa (ainakin hetken).<\/p>\n<div class=\"kuvat\">\n<div id=\"attachment_5186\" style=\"width: 635px\" class=\"wp-caption alignnone\"><a href=\"http:\/\/www.laurapennanen.fi\/wp-content\/uploads\/2021\/08\/Vauva-Minni.jpg\"><img loading=\"lazy\" decoding=\"async\" aria-describedby=\"caption-attachment-5186\" class=\"wp-image-5186 size-large\" src=\"http:\/\/www.laurapennanen.fi\/wp-content\/uploads\/2021\/08\/Vauva-Minni-1024x683.jpg\" alt=\"\" width=\"625\" height=\"417\" srcset=\"https:\/\/www.laurapennanen.fi\/wp-content\/uploads\/2021\/08\/Vauva-Minni-1024x683.jpg 1024w, https:\/\/www.laurapennanen.fi\/wp-content\/uploads\/2021\/08\/Vauva-Minni-300x200.jpg 300w, https:\/\/www.laurapennanen.fi\/wp-content\/uploads\/2021\/08\/Vauva-Minni-768x512.jpg 768w, https:\/\/www.laurapennanen.fi\/wp-content\/uploads\/2021\/08\/Vauva-Minni-1536x1024.jpg 1536w, https:\/\/www.laurapennanen.fi\/wp-content\/uploads\/2021\/08\/Vauva-Minni-2048x1365.jpg 2048w, https:\/\/www.laurapennanen.fi\/wp-content\/uploads\/2021\/08\/Vauva-Minni-624x416.jpg 624w\" sizes=\"auto, (max-width: 625px) 100vw, 625px\" \/><\/a><p id=\"caption-attachment-5186\" class=\"wp-caption-text\">Minni 7 viikkoisena, juuri kotiutuneena pienokaisena &lt;3<\/p><\/div>\n<\/div>\n<div class=\"kuvat\">\n<div id=\"attachment_5201\" style=\"width: 635px\" class=\"wp-caption alignnone\"><a href=\"http:\/\/www.laurapennanen.fi\/wp-content\/uploads\/2021\/08\/Minni-2-kk.jpg\"><img loading=\"lazy\" decoding=\"async\" aria-describedby=\"caption-attachment-5201\" class=\"wp-image-5201 size-large\" src=\"http:\/\/www.laurapennanen.fi\/wp-content\/uploads\/2021\/08\/Minni-2-kk-1024x683.jpg\" alt=\"\" width=\"625\" height=\"417\" srcset=\"https:\/\/www.laurapennanen.fi\/wp-content\/uploads\/2021\/08\/Minni-2-kk-1024x683.jpg 1024w, https:\/\/www.laurapennanen.fi\/wp-content\/uploads\/2021\/08\/Minni-2-kk-300x200.jpg 300w, https:\/\/www.laurapennanen.fi\/wp-content\/uploads\/2021\/08\/Minni-2-kk-768x512.jpg 768w, https:\/\/www.laurapennanen.fi\/wp-content\/uploads\/2021\/08\/Minni-2-kk-1536x1024.jpg 1536w, https:\/\/www.laurapennanen.fi\/wp-content\/uploads\/2021\/08\/Minni-2-kk-2048x1365.jpg 2048w, https:\/\/www.laurapennanen.fi\/wp-content\/uploads\/2021\/08\/Minni-2-kk-624x416.jpg 624w\" sizes=\"auto, (max-width: 625px) 100vw, 625px\" \/><\/a><p id=\"caption-attachment-5201\" class=\"wp-caption-text\">Kasvu on huimaa. T\u00e4ss\u00e4 Minni 9,5 viikkoisena 19.8.2021.<\/p><\/div>\n<\/div>\n<p>Minni oli alusta asti helppo opettaa ja kouluttaa. Se oppi nopeasti uudet asiat ja kontaktoi todella hyvin. Miellytt\u00e4misen halua oli my\u00f6s sopivasti. Minni oli rohkea pentu ja eritt\u00e4in sosiaalinen mit\u00e4 tuli ihmisten kanssa tapaamisiin. Vieraita koiria kohtaan se oli alusta asti hieman pid\u00e4ttyv\u00e4. \u00c4\u00e4niarkuutta ei ollut, paitsi aivan pienen\u00e4 se pel\u00e4styi ohi mennytt\u00e4 m\u00f6nkij\u00e4\u00e4. Sekin arkuus loppui, kun totuteltiin niihin \u00e4\u00e4niin kaikessa rauhassa.<\/p>\n<p>V\u00e4h\u00e4n ennen viiden kuukauden ik\u00e4\u00e4 alkoivat hampaat vaihtumaan pysyviin hampaisiin. Kaikki muut hampaat vaihtuivat helposti mutta maitoyl\u00e4kulmahampaat tuppasivat jumittamaan paikoillaan. Toisen puolen alakulmahammas ei n\u00e4in saanut tilaa kasvaa oikeaan suuntaan ja Minnin hampaita jumpattiin useaan kertaan p\u00e4iv\u00e4ss\u00e4 monta viikkoa, jotta alakulmuri alkoi k\u00e4\u00e4ntym\u00e4\u00e4n oikeaan suuntaan. Kun lopulta viimeisetkin maitohampaat yl\u00e4kulmureista irtosivat, alkoi v\u00e4\u00e4r\u00e4\u00e4n suuntaan kasvanut alakulmurikin l\u00f6yt\u00e4\u00e4 oikean linjan.<\/p>\n<p>Minni k\u00e4vi el\u00e4m\u00e4ns\u00e4 ensimm\u00e4isess\u00e4 koiran\u00e4yttelyss\u00e4 18.6.2022. Kysesss\u00e4 oli Kotkan Ruusu n\u00e4yttely Kotkan Katariinanpuistossa. Minni kilpaili junioriluokassa, jossa oli mukana viisi sile\u00e4karvaista collieneitoa. Minni sai yksil\u00f6arvostelussa arvosanaksi ERI (erinomainen) ja kilpailuluokassa se oli nelj\u00e4s. Ihan ei saavutettu SA:ta, jonka avulla Minni olisi p\u00e4\u00e4ssyt viel\u00e4 paras narttu -keh\u00e4\u00e4n. Minni k\u00e4ytt\u00e4ytyi n\u00e4yttelyss\u00e4 eritt\u00e4in rauhallisesti, ollen kuitenkin keh\u00e4ss\u00e4 vauhdikas ja yhteisty\u00f6kykyinen. Minnin esitti hyv\u00e4 kamuni Sanni.<\/p>\n<p>Minnin anturoiden iho alkoi oheta kovien helteiden jatkuessa viikkokaupalla hein\u00e4kuussa. Lopulta iho meni muutamasta anturasta rikki. Minni sai rasvat (sin Bepanthen aukioleviin ihoalueisiin ja Vetramil voidetta suojaamaan ohutta ihoa) tassuihin. Muutaman viikon ajan pidin sill\u00e4 tossuja lenkeill\u00e4. Anturat paranivat tuskaisen hitaasti ja jouduimme perumaan koulutuksia, kentt\u00e4harkkoja sek\u00e4 paimennustreenej\u00e4. Uiminen onneksi alkoi sujumaan elokuussa.<\/p>\n<p>Minni k\u00e4vi elokuun alussa tutustumassa Hyv\u00e4nmielen Koirakeskuksessa uimahalliin. Ensimm\u00e4isell\u00e4 k\u00e4ynnill\u00e4 oli mukana Laikku. Wilman piti ensin olla mukana, mutta sill\u00e4 oli ihossa tulehdus, joten h\u00e4n ei p\u00e4\u00e4ssyt mukaan. Minni uskaltautui menem\u00e4\u00e4n rampille ja hakemaan leluja mahasyvyydelt\u00e4 mutta uimaan ei ollut intoa menn\u00e4. Sitten tapahtui omassa rannassa se, mit\u00e4 olin todella toivonut. Minni alkoi uimaan meress\u00e4. Toisella k\u00e4ynnill\u00e4 hallissa elokuun lopulla Minni meni uimaan pariin otteeseen, kun avustimme sit\u00e4 valjaista kiinni pit\u00e4m\u00e4ll\u00e4. Mit\u00e4\u00e4n intointoa ei viel\u00e4k\u00e4\u00e4n syttynyt halliuimiseen.<\/p>\n<div class=\"kuvat\">\n<div id=\"attachment_5233\" style=\"width: 635px\" class=\"wp-caption alignnone\"><a href=\"http:\/\/www.laurapennanen.fi\/wp-content\/uploads\/2021\/11\/Minnin-havu.jpg\"><img loading=\"lazy\" decoding=\"async\" aria-describedby=\"caption-attachment-5233\" class=\"wp-image-5233 size-large\" src=\"http:\/\/www.laurapennanen.fi\/wp-content\/uploads\/2021\/11\/Minnin-havu-1024x769.jpg\" alt=\"\" width=\"625\" height=\"469\" srcset=\"https:\/\/www.laurapennanen.fi\/wp-content\/uploads\/2021\/11\/Minnin-havu-1024x769.jpg 1024w, https:\/\/www.laurapennanen.fi\/wp-content\/uploads\/2021\/11\/Minnin-havu-300x225.jpg 300w, https:\/\/www.laurapennanen.fi\/wp-content\/uploads\/2021\/11\/Minnin-havu-768x577.jpg 768w, https:\/\/www.laurapennanen.fi\/wp-content\/uploads\/2021\/11\/Minnin-havu-1536x1154.jpg 1536w, https:\/\/www.laurapennanen.fi\/wp-content\/uploads\/2021\/11\/Minnin-havu-624x469.jpg 624w, https:\/\/www.laurapennanen.fi\/wp-content\/uploads\/2021\/11\/Minnin-havu.jpg 2018w\" sizes=\"auto, (max-width: 625px) 100vw, 625px\" \/><\/a><p id=\"caption-attachment-5233\" class=\"wp-caption-text\">Kolmikuinen Minni leikin touhussa 15.9.2021.<\/p><\/div>\n<\/div>\n<div class=\"kuvat\">\n<div id=\"attachment_5236\" style=\"width: 635px\" class=\"wp-caption alignnone\"><a href=\"http:\/\/www.laurapennanen.fi\/wp-content\/uploads\/2021\/11\/Minni-pono.jpg\"><img loading=\"lazy\" decoding=\"async\" aria-describedby=\"caption-attachment-5236\" class=\"wp-image-5236 size-large\" src=\"http:\/\/www.laurapennanen.fi\/wp-content\/uploads\/2021\/11\/Minni-pono-1024x768.jpg\" alt=\"\" width=\"625\" height=\"469\" srcset=\"https:\/\/www.laurapennanen.fi\/wp-content\/uploads\/2021\/11\/Minni-pono-1024x768.jpg 1024w, https:\/\/www.laurapennanen.fi\/wp-content\/uploads\/2021\/11\/Minni-pono-300x225.jpg 300w, https:\/\/www.laurapennanen.fi\/wp-content\/uploads\/2021\/11\/Minni-pono-768x576.jpg 768w, https:\/\/www.laurapennanen.fi\/wp-content\/uploads\/2021\/11\/Minni-pono-1536x1152.jpg 1536w, https:\/\/www.laurapennanen.fi\/wp-content\/uploads\/2021\/11\/Minni-pono-624x468.jpg 624w, https:\/\/www.laurapennanen.fi\/wp-content\/uploads\/2021\/11\/Minni-pono.jpg 2000w\" sizes=\"auto, (max-width: 625px) 100vw, 625px\" \/><\/a><p id=\"caption-attachment-5236\" class=\"wp-caption-text\">Reilu nelj\u00e4kuinen Minni harjoittelee p\u00f6n\u00f6tyst\u00e4 n\u00e4ytelmi\u00e4 varten 26.10.2021.<\/p><\/div>\n<\/div>\n<div class=\"kuvat\">\n<div id=\"attachment_5242\" style=\"width: 635px\" class=\"wp-caption alignnone\"><a href=\"http:\/\/www.laurapennanen.fi\/wp-content\/uploads\/2021\/11\/Minni-5-kk.jpg\"><img loading=\"lazy\" decoding=\"async\" aria-describedby=\"caption-attachment-5242\" class=\"wp-image-5242 size-large\" src=\"http:\/\/www.laurapennanen.fi\/wp-content\/uploads\/2021\/11\/Minni-5-kk-1024x683.jpg\" alt=\"\" width=\"625\" height=\"417\" srcset=\"https:\/\/www.laurapennanen.fi\/wp-content\/uploads\/2021\/11\/Minni-5-kk-1024x683.jpg 1024w, https:\/\/www.laurapennanen.fi\/wp-content\/uploads\/2021\/11\/Minni-5-kk-300x200.jpg 300w, https:\/\/www.laurapennanen.fi\/wp-content\/uploads\/2021\/11\/Minni-5-kk-768x512.jpg 768w, https:\/\/www.laurapennanen.fi\/wp-content\/uploads\/2021\/11\/Minni-5-kk-1536x1024.jpg 1536w, https:\/\/www.laurapennanen.fi\/wp-content\/uploads\/2021\/11\/Minni-5-kk-2048x1365.jpg 2048w, https:\/\/www.laurapennanen.fi\/wp-content\/uploads\/2021\/11\/Minni-5-kk-624x416.jpg 624w\" sizes=\"auto, (max-width: 625px) 100vw, 625px\" \/><\/a><p id=\"caption-attachment-5242\" class=\"wp-caption-text\">Minnin kauniit luonnonkorvat. Viisikuisena Minnin kuono on alkanut kasvamaan aikuisen collien lookkiin.<\/p><\/div>\n<\/div>\n<div class=\"kuvat\">\n<div id=\"attachment_5373\" style=\"width: 635px\" class=\"wp-caption alignnone\"><a href=\"http:\/\/www.laurapennanen.fi\/wp-content\/uploads\/2022\/05\/Minni-pono-11-kk.jpg\"><img loading=\"lazy\" decoding=\"async\" aria-describedby=\"caption-attachment-5373\" class=\"wp-image-5373 size-large\" src=\"http:\/\/www.laurapennanen.fi\/wp-content\/uploads\/2022\/05\/Minni-pono-11-kk-1024x683.jpg\" alt=\"\" width=\"625\" height=\"417\" srcset=\"https:\/\/www.laurapennanen.fi\/wp-content\/uploads\/2022\/05\/Minni-pono-11-kk-1024x683.jpg 1024w, https:\/\/www.laurapennanen.fi\/wp-content\/uploads\/2022\/05\/Minni-pono-11-kk-300x200.jpg 300w, https:\/\/www.laurapennanen.fi\/wp-content\/uploads\/2022\/05\/Minni-pono-11-kk-768x512.jpg 768w, https:\/\/www.laurapennanen.fi\/wp-content\/uploads\/2022\/05\/Minni-pono-11-kk-624x416.jpg 624w, https:\/\/www.laurapennanen.fi\/wp-content\/uploads\/2022\/05\/Minni-pono-11-kk.jpg 1391w\" sizes=\"auto, (max-width: 625px) 100vw, 625px\" \/><\/a><p id=\"caption-attachment-5373\" class=\"wp-caption-text\">Minni 11 kuukautta ja upea p\u00f6n\u00f6tyskuva, joka otettiin Tervakoskella kyl\u00e4illess\u00e4mme. Kuva Tiina Heikkinen.<\/p><\/div>\n<\/div>\n<div class=\"kuvatkapeampi2\">\n<div id=\"attachment_5376\" style=\"width: 628px\" class=\"wp-caption alignnone\"><a href=\"http:\/\/www.laurapennanen.fi\/wp-content\/uploads\/2022\/05\/Minni-naama-11-kk.jpg\"><img loading=\"lazy\" decoding=\"async\" aria-describedby=\"caption-attachment-5376\" class=\"wp-image-5376 size-full\" src=\"http:\/\/www.laurapennanen.fi\/wp-content\/uploads\/2022\/05\/Minni-naama-11-kk.jpg\" alt=\"\" width=\"618\" height=\"927\" srcset=\"https:\/\/www.laurapennanen.fi\/wp-content\/uploads\/2022\/05\/Minni-naama-11-kk.jpg 618w, https:\/\/www.laurapennanen.fi\/wp-content\/uploads\/2022\/05\/Minni-naama-11-kk-200x300.jpg 200w\" sizes=\"auto, (max-width: 618px) 100vw, 618px\" \/><\/a><p id=\"caption-attachment-5376\" class=\"wp-caption-text\">Minnin ilmeik\u00e4s katse 11 kk<\/p><\/div>\n<\/div>\n<div class=\"kuvat\">\n<div id=\"attachment_5417\" style=\"width: 635px\" class=\"wp-caption alignnone\"><a href=\"http:\/\/www.laurapennanen.fi\/wp-content\/uploads\/2022\/06\/Minni-koiranayttelyssa.jpg\"><img loading=\"lazy\" decoding=\"async\" aria-describedby=\"caption-attachment-5417\" class=\"wp-image-5417 size-large\" src=\"http:\/\/www.laurapennanen.fi\/wp-content\/uploads\/2022\/06\/Minni-koiranayttelyssa-1024x771.jpg\" alt=\"\" width=\"625\" height=\"471\" srcset=\"https:\/\/www.laurapennanen.fi\/wp-content\/uploads\/2022\/06\/Minni-koiranayttelyssa-1024x771.jpg 1024w, https:\/\/www.laurapennanen.fi\/wp-content\/uploads\/2022\/06\/Minni-koiranayttelyssa-300x226.jpg 300w, https:\/\/www.laurapennanen.fi\/wp-content\/uploads\/2022\/06\/Minni-koiranayttelyssa-768x578.jpg 768w, https:\/\/www.laurapennanen.fi\/wp-content\/uploads\/2022\/06\/Minni-koiranayttelyssa-1536x1156.jpg 1536w, https:\/\/www.laurapennanen.fi\/wp-content\/uploads\/2022\/06\/Minni-koiranayttelyssa-2048x1541.jpg 2048w, https:\/\/www.laurapennanen.fi\/wp-content\/uploads\/2022\/06\/Minni-koiranayttelyssa-624x470.jpg 624w\" sizes=\"auto, (max-width: 625px) 100vw, 625px\" \/><\/a><p id=\"caption-attachment-5417\" class=\"wp-caption-text\">Minni Sannin kanssa Kotkan Ruusu n\u00e4yttelyn keh\u00e4ss\u00e4 18.6.2022.<\/p><\/div>\n<\/div>\n<p>Minni k\u00e4vi 17.7.2022 tutustumassa lampaisiin ja paimentamiseen Kannusj\u00e4rvell\u00e4. Lampaat olivat alkuksi py\u00f6r\u00f6aitauksessa ja Minni tutkaili niit\u00e4 ulkopuolelta. Sitten Minni p\u00e4\u00e4si lampaiden kanssa aitaukseen ja testailtiin, miten el\u00e4imet toisiinsa reagoi. Pikkuhiljaa Minnille alkoi selvit\u00e4 homman juju. Kokeiltiin my\u00f6s lampaiden kuljetusta Minnin ollessa hihnassa ja Minni sai lopuksi viel\u00e4 itse testailla oman et\u00e4isyytens\u00e4 vaikutusta lampaisiin. Itsell\u00e4ni on 30 vuotta sitten ollut coctailbordereita, joista nuorempi paimensi jonkun verran. Into paimennusharrastukseen syttyi j\u00e4lleen Minnin antaessa n\u00e4ytt\u00f6\u00e4 taipumuksesta paimennukseen. Treenit jatkuvat Klamilassa.<\/p>\n<p>19.7.2022 oli vuorossa viralliset lonkka-, kyyn\u00e4r- ja selk\u00e4kuvaukset Anjalan el\u00e4inl\u00e4\u00e4k\u00e4riasemalla. Kaikki muut kuvat l\u00e4htiv\u00e4t puhtaina Kennelliittoon mutta vasemmassa lonkassa oli kuvaava el\u00e4inl\u00e4\u00e4k\u00e4ri ep\u00e4varma lonkan puhtaudesta. Tulokset tulivat jalostustietoj\u00e4rjestelm\u00e4\u00e4n torstaina 21.7.2022 ollen seuraavanlaiset: Lonkat A\/A (lonkkanivelen kasvuh\u00e4iri\u00f6 HD) ei muutoksia, Kyyn\u00e4r\u00e4t 0\/0 (kyynernivelen kasvuh\u00e4iri\u00f6 ED) normaali kyynernivel ja selk\u00e4 LTV0 (v\u00e4limuotoinen lanne-ristinikama) normaali ja VA0 (nikamien ep\u00e4muotoisuus) normaali, lukum\u00e4\u00e4r\u00e4 nolla. N\u00e4ihin tuloksiin voi olla todella tyytyv\u00e4inen, Minnin luusto on t\u00e4ysin terve. Yksi luustokuvaus on viel\u00e4 edess\u00e4. Se on spondyloosi (sel\u00e4n rappeumasairaus), joka n\u00e4kyy vasta kaksi vuotiaana. Terve koira on aina omistajalleen onni. Koiralla ei ole luuston puolesta vaivoja ja se on my\u00f6s huoleton kisa- ja n\u00e4yttelykumppani.<\/p>\n<div class=\"kuvat\">\n<div id=\"attachment_5431\" style=\"width: 635px\" class=\"wp-caption alignnone\"><a href=\"http:\/\/www.laurapennanen.fi\/wp-content\/uploads\/2022\/07\/Minni-ja-lampaat-1.jpg\"><img loading=\"lazy\" decoding=\"async\" aria-describedby=\"caption-attachment-5431\" class=\"wp-image-5431 size-large\" src=\"http:\/\/www.laurapennanen.fi\/wp-content\/uploads\/2022\/07\/Minni-ja-lampaat-1-1024x768.jpg\" alt=\"\" width=\"625\" height=\"469\" srcset=\"https:\/\/www.laurapennanen.fi\/wp-content\/uploads\/2022\/07\/Minni-ja-lampaat-1-1024x768.jpg 1024w, https:\/\/www.laurapennanen.fi\/wp-content\/uploads\/2022\/07\/Minni-ja-lampaat-1-300x225.jpg 300w, https:\/\/www.laurapennanen.fi\/wp-content\/uploads\/2022\/07\/Minni-ja-lampaat-1-768x576.jpg 768w, https:\/\/www.laurapennanen.fi\/wp-content\/uploads\/2022\/07\/Minni-ja-lampaat-1-1536x1152.jpg 1536w, https:\/\/www.laurapennanen.fi\/wp-content\/uploads\/2022\/07\/Minni-ja-lampaat-1-624x468.jpg 624w, https:\/\/www.laurapennanen.fi\/wp-content\/uploads\/2022\/07\/Minni-ja-lampaat-1.jpg 1843w\" sizes=\"auto, (max-width: 625px) 100vw, 625px\" \/><\/a><p id=\"caption-attachment-5431\" class=\"wp-caption-text\">Minni n\u00e4kee ensimm\u00e4ist\u00e4 kertaa el\u00e4m\u00e4ss\u00e4\u00e4n lampaita. Ensin tutustuttiin niihin py\u00f6r\u00f6aitauksen ulkopuolelta. Minni oli ensin hieman h\u00e4mill\u00e4\u00e4n mutta aika nopeasti alkoi niist\u00e4 sitten kiinnostumaan.<\/p><\/div>\n<\/div>\n<div class=\"kuvat\">\n<div id=\"attachment_5432\" style=\"width: 635px\" class=\"wp-caption alignnone\"><a href=\"http:\/\/www.laurapennanen.fi\/wp-content\/uploads\/2022\/07\/Minni-ja-lampaat-2.jpg\"><img loading=\"lazy\" decoding=\"async\" aria-describedby=\"caption-attachment-5432\" class=\"wp-image-5432 size-large\" src=\"http:\/\/www.laurapennanen.fi\/wp-content\/uploads\/2022\/07\/Minni-ja-lampaat-2-1024x768.jpg\" alt=\"\" width=\"625\" height=\"469\" srcset=\"https:\/\/www.laurapennanen.fi\/wp-content\/uploads\/2022\/07\/Minni-ja-lampaat-2-1024x768.jpg 1024w, https:\/\/www.laurapennanen.fi\/wp-content\/uploads\/2022\/07\/Minni-ja-lampaat-2-300x225.jpg 300w, https:\/\/www.laurapennanen.fi\/wp-content\/uploads\/2022\/07\/Minni-ja-lampaat-2-768x576.jpg 768w, https:\/\/www.laurapennanen.fi\/wp-content\/uploads\/2022\/07\/Minni-ja-lampaat-2-1536x1152.jpg 1536w, https:\/\/www.laurapennanen.fi\/wp-content\/uploads\/2022\/07\/Minni-ja-lampaat-2-624x468.jpg 624w, https:\/\/www.laurapennanen.fi\/wp-content\/uploads\/2022\/07\/Minni-ja-lampaat-2.jpg 1843w\" sizes=\"auto, (max-width: 625px) 100vw, 625px\" \/><\/a><p id=\"caption-attachment-5432\" class=\"wp-caption-text\">Minni py\u00f6r\u00f6aitauksessa muutaman lampaan kanssa. Hieman ensin taas j\u00e4nnitti ja Minni haukahteli lampaille mutta kun lampaat v\u00e4istiv\u00e4t Minni\u00e4, se alkoi saada jujusta kiinni.<\/p><\/div>\n<\/div>\n<div class=\"kuvat\">\n<div id=\"attachment_5433\" style=\"width: 635px\" class=\"wp-caption alignnone\"><a href=\"http:\/\/www.laurapennanen.fi\/wp-content\/uploads\/2022\/07\/Minni-ja-lampaat-3.jpg\"><img loading=\"lazy\" decoding=\"async\" aria-describedby=\"caption-attachment-5433\" class=\"wp-image-5433 size-large\" src=\"http:\/\/www.laurapennanen.fi\/wp-content\/uploads\/2022\/07\/Minni-ja-lampaat-3-1024x768.jpg\" alt=\"\" width=\"625\" height=\"469\" srcset=\"https:\/\/www.laurapennanen.fi\/wp-content\/uploads\/2022\/07\/Minni-ja-lampaat-3-1024x768.jpg 1024w, https:\/\/www.laurapennanen.fi\/wp-content\/uploads\/2022\/07\/Minni-ja-lampaat-3-300x225.jpg 300w, https:\/\/www.laurapennanen.fi\/wp-content\/uploads\/2022\/07\/Minni-ja-lampaat-3-768x576.jpg 768w, https:\/\/www.laurapennanen.fi\/wp-content\/uploads\/2022\/07\/Minni-ja-lampaat-3-1536x1152.jpg 1536w, https:\/\/www.laurapennanen.fi\/wp-content\/uploads\/2022\/07\/Minni-ja-lampaat-3-624x468.jpg 624w, https:\/\/www.laurapennanen.fi\/wp-content\/uploads\/2022\/07\/Minni-ja-lampaat-3.jpg 1843w\" sizes=\"auto, (max-width: 625px) 100vw, 625px\" \/><\/a><p id=\"caption-attachment-5433\" class=\"wp-caption-text\">Kuljetusharjoitus borderin avustamana hihnassa. Minnin p\u00e4\u00e4ss\u00e4 selke\u00e4sti alkoi raksuttaa \ud83d\ude42<\/p><\/div>\n<\/div>\n<p>Talvella 2022-2023 Minnill\u00e4 uusi anturoiden ihon aukeaminen. Joulukuussa 2022 sit\u00e4 alkoi vaivata my\u00f6s pissankarkailu ja hyppyhaluttomuus autoon. Pissaongelmaa hoidettiin ensin antibiootein, joka helpottikin v\u00e4lillisesti vaivaan. Anturoihin kokeiltiin esilaisia rasvoja ulkoisesti mutta lopullisen avun niihin toi ruokaan lis\u00e4tt\u00e4v\u00e4 pellavansiemen\u00f6ljy, jota Minni s\u00f6i kolmen kuukauden kuurina. Helmikuussa pissankarkailu palasi ja el\u00e4inl\u00e4\u00e4k\u00e4ri m\u00e4\u00e4r\u00e4si tulehduskipul\u00e4\u00e4kett\u00e4 ja ep\u00e4ili takasel\u00e4n hermo-tai rankajumia. J\u00e4lleen pissakarkailu helpotti mutta hypp\u00e4\u00e4mishaluttomuus ei. Kev\u00e4\u00e4ll\u00e4 p\u00e4\u00e4simme tutulle osteopaatille ja siit\u00e4 alkoi Minnin takasel\u00e4n kuntouttaminen. Osteopatia k\u00e4yntej\u00e4 on kuukauden v\u00e4lein ja lis\u00e4ksi hoitoon lis\u00e4ttiin vesimattotreeni\u00e4. Onneksi olimme Minnin kanssa k\u00e4yneet tutustumassa vesimattoon aiemmin. Tuttu elementti ja rauhallisuus auttoivat, kun t\u00e4ll\u00e4 kertaa sen kanssa hoidettiin kipuilevaa selk\u00e4\u00e4.<\/p>\n<p>Kes\u00e4kuussa 10.6.2023 oli Minnill\u00e4 toinen n\u00e4yttely. Ennen n\u00e4yttely\u00e4 Minnin anturat alkoivat j\u00e4lleen aueta. Rasvasin tassuja uutterasti ja tilasin j\u00e4lleen pellavansiemen\u00f6ljy\u00e4, jota t\u00e4ll\u00e4 kertaa on tarkoitus antaa sille puolisen vuotta. Minni osallistui collieiden sivuerikoisn\u00e4yttelyyn Lappeenrannassa nuortenluokassa. T\u00e4m\u00e4 olikin Minnille viimeinen nuortenluokaan p\u00e4\u00e4syik\u00e4, sill\u00e4 kaksi vuotias kuuluu jatkossa avoimeen luokkaan. Minni t\u00e4ytti kaksi nelj\u00e4 p\u00e4iv\u00e4\u00e4 n\u00e4yttelyn j\u00e4lkeen. Minnin esitti keh\u00e4ss\u00e4 sen kasvattaja Teija. Minni k\u00e4ytt\u00e4ytyi hienosti ja sai hyv\u00e4n arvostelun. Minnin sijoitus oli NUK ERI2. Tuomarina oli Johansson Micael.<\/p>\n<p>20.6.2023 Minni k\u00e4vi sel\u00e4n spondyloosikuvissa. Olin liev\u00e4sti sanottuna huolissani tuloksesta, koska oireita, jotka saattoivat johtua spondyloosista, oli olemassa. Kuvat l\u00e4htiv\u00e4t Kennelliittoon kuitenkin t\u00e4ysin priimana, nolla-asteena. Eli ehj\u00e4 selk\u00e4 silt\u00e4kin osin. Muutama p\u00e4iv\u00e4 my\u00f6hemmin Kennelliiton jalostustietoj\u00e4rjestelm\u00e4\u00e4n oli tullut Minnin sel\u00e4n spondyloosin virallinen tulos: SP0. Eli Minni on luustoltaan t\u00e4ysin terve, ihan priimaa kaikki kuvatut kohteet \ud83d\ude42<\/p>\n<p>Minnin takasel\u00e4n ongelmat jatkuivat pitkin kes\u00e4\u00e4 ja syksy\u00e4. Pissankarkailua oli p\u00e4ivitt\u00e4in. Samoin anturoiden ihon ohuus jatkui ja kirsusta alkoi kadota v\u00e4ri. El\u00e4inl\u00e4\u00e4k\u00e4ri tutki lis\u00e4\u00e4 Minni\u00e4 ja totesi Minnill\u00e4 olevan suurella todenn\u00e4k\u00f6isyydell\u00e4 collienose. Anturoihin saatiin lis\u00e4\u00e4 rasvaa (Bio Balm) ja kipul\u00e4\u00e4kekuuri takaselk\u00e4\u00e4n. Pissankarkailuun kokeeksi Propalinia. Jatkoimme s\u00e4\u00e4nn\u00f6llisesti osteopatiaa ja vesimattoilua. V\u00e4lill\u00e4 jumit hieman helpottivatkin ja samalla pissankarkailu v\u00e4heni. Talven 2023-2024 alussa otin tassuvahan k\u00e4ytt\u00f6\u00f6n pitkille lenkeille, joissa tossujen k\u00e4ytt\u00f6 ei ollut sopivaa. Canine Care tassuvaha auttoi anturoiden kuivuuteen ja pehmensi niit\u00e4.<\/p>\n<p><a href=\"http:\/\/www.laurapennanen.fi\/?page_id=86#Meid\u00e4n lauma\">\u21d0 Palaa koirat-sivulle<\/a><\/p>\n","protected":false},"excerpt":{"rendered":"<p>Pikkutyt\u00f6st\u00e4 asti olin haaveillut omasta lassiekoirasta. Meni 50 vuotta ja vihdoin pikku &#8216;lassie&#8217; saapui meille 2.8.2021. Tosin t\u00e4lt\u00e4 lassielta olivat karvat h\u00e4vinneet jonnekin \ud83d\ude42 Minni eli Koiruuksien Jokamaunrae on sile\u00e4karvainen collieneiti. H\u00e4n on syntynyt 14.6.2021 Tervakoskella, Koiruuksien kennelnime\u00e4 kantaen. Minni on siis pitk\u00e4aikaisen unelmani t\u00e4yttymys. Minnin v\u00e4ritys on tricolour eli kolmiv\u00e4rinen. Minnin emo Mytty on [&hellip;]<\/p>\n","protected":false},"author":1,"featured_media":0,"parent":86,"menu_order":0,"comment_status":"closed","ping_status":"closed","template":"page-templates\/full-width.php","meta":{"footnotes":""},"class_list":["post-5168","page","type-page","status-publish","hentry"],"_links":{"self":[{"href":"https:\/\/www.laurapennanen.fi\/index.php?rest_route=\/wp\/v2\/pages\/5168","targetHints":{"allow":["GET"]}}],"collection":[{"href":"https:\/\/www.laurapennanen.fi\/index.php?rest_route=\/wp\/v2\/pages"}],"about":[{"href":"https:\/\/www.laurapennanen.fi\/index.php?rest_route=\/wp\/v2\/types\/page"}],"author":[{"embeddable":true,"href":"https:\/\/www.laurapennanen.fi\/index.php?rest_route=\/wp\/v2\/users\/1"}],"replies":[{"embeddable":true,"href":"https:\/\/www.laurapennanen.fi\/index.php?rest_route=%2Fwp%2Fv2%2Fcomments&post=5168"}],"version-history":[{"count":35,"href":"https:\/\/www.laurapennanen.fi\/index.php?rest_route=\/wp\/v2\/pages\/5168\/revisions"}],"predecessor-version":[{"id":5756,"href":"https:\/\/www.laurapennanen.fi\/index.php?rest_route=\/wp\/v2\/pages\/5168\/revisions\/5756"}],"up":[{"embeddable":true,"href":"https:\/\/www.laurapennanen.fi\/index.php?rest_route=\/wp\/v2\/pages\/86"}],"wp:attachment":[{"href":"https:\/\/www.laurapennanen.fi\/index.php?rest_route=%2Fwp%2Fv2%2Fmedia&parent=5168"}],"curies":[{"name":"wp","href":"https:\/\/api.w.org\/{rel}","templated":true}]}}