{"id":568,"date":"2018-11-02T12:13:56","date_gmt":"2018-11-02T10:13:56","guid":{"rendered":"http:\/\/www.laurapennanen.fi\/?page_id=568"},"modified":"2019-10-08T20:01:40","modified_gmt":"2019-10-08T18:01:40","slug":"kuutsalo","status":"publish","type":"page","link":"https:\/\/www.laurapennanen.fi\/?page_id=568","title":{"rendered":"Kuutsalo"},"content":{"rendered":"<p>Kuutsalo on saari Kotkan kupeessa, it\u00e4isell\u00e4 Suomenlahdella. P\u00e4\u00e4saaressa Kuutsalossa on nelj\u00e4 kyl\u00e4\u00e4, joita asuttaa 24 ymp\u00e4rivuotista asukasta. N\u00e4iden lis\u00e4ksi on\u00a0satoja kes\u00e4asukkaita. Kuutsalon saaristoon kuuluvat mm. Kirkonmaa, Vuorisaari, Pitk\u00e4saari, Vassaari ja Karhusaari\u00a0sek\u00e4 lukematon m\u00e4\u00e4r\u00e4 pienempi\u00e4 saaria.<\/p>\n<h3>Sis\u00e4llysluettelo<\/h3>\n<style>.luettelo {float: left;width: 100%;}<\/style>\n<div class=\"luettelo\">\n<ul>\n<li><a href=\"#Kuutsalon kappeli\">Kuutsalon kappeli<\/a><\/li>\n<li><a href=\"#Popovin muistolaatta\">Popovin muistolaatta<\/a><\/li>\n<li><a href=\"#Kuutsalon koulu\">Kuutsalon koulu<\/a><\/li>\n<li><a href=\"#Saarimaja\">Saarimaja<\/a><\/li>\n<li><a href=\"#Mullin yhteysaluslaituri\">Mullin yhteysaluslaituri<\/a><\/li>\n<li><a href=\"#Kiulunkivi\">Kiulunkivi<\/a><\/li>\n<li><a href=\"#It\u00e4rivi\">It\u00e4rivi<\/a><\/li>\n<li><a href=\"#Kuutsalon muinaisj\u00e4\u00e4nn\u00f6kset\">Kuutsalon muinaisj\u00e4\u00e4nn\u00f6kset<\/a><\/li>\n<\/ul>\n<\/div>\n<p>Muistoni Kuutsalosta kantautuvat aina 1970-luvun alkuvuosiin. Rantauduin Kuutsaloon 1968 taaperoik\u00e4isen\u00e4, perheeni alkaessa rakentamaan kes\u00e4m\u00f6kki\u00e4 Suurenkyl\u00e4nlahden rannan tuntumaan. Lapsuus, nuoruus ja sittemmin aikuisi\u00e4ll\u00e4 kaikki mahdolliset vapaa-ajat\u00a0on tullut vietetty\u00e4 t\u00e4ss\u00e4 saaressa. My\u00f6hemmin 2000-luvulla sitten muutin pysyv\u00e4sti kuutsalolaiseksi.<\/p>\n<p>Kuutsalossa on toiminut kansakoulu aina vuoteen 1963 asti. Lapsena k\u00e4vimme usein koululla kirjastossa ja leirien aikaan hiippailimme koulurakennuksen huoneissa tehden tutkimusmatkoja ominp\u00e4in. Muistoissa on my\u00f6s koulun pehme\u00e4 ja matala hiekkaranta, jonne uimme kes\u00e4isin l\u00e4hes p\u00e4ivitt\u00e4in. Koulun vieress\u00e4 Hauhian talon kupeessa toimi kioski, josta haimme postin ja samalla sai ostettua p\u00e4ivitt\u00e4istavaroita kuten maitoa, makkaraa ja leip\u00e4\u00e4. Savolaisen vanhassa tallissa tuli paljon leikitty\u00e4. 1970 luvulla siell\u00e4 oli viel\u00e4 hevosen karsina kunnossa olkineen sek\u00e4 muiden kotiel\u00e4inten makuuparsia. Suurimman osan p\u00e4iv\u00e4st\u00e4 kuitenkin olimme uimassa tai soutelemassa. My\u00f6s mets\u00e4ss\u00e4 tuli liikuttua paljon. Lapsuudestani muistan kyll\u00e4 pienet punkit, joita irroiteltiin iholta iltaisin, ilman sen suurempaa hysteriaa.<\/p>\n<p>Verkkokalastus oli is\u00e4ni suuri intohimo. Olimme kes\u00e4aamuisin ja -iltaisin veljeni kanssa soutamassa is\u00e4lle venett\u00e4, jotta verkot saatiin koettua. Herkk\u00e4n\u00e4 lapsena sain p\u00e4\u00e4stell\u00e4 pienimm\u00e4t kalat takaisin uimaan. En koskaan halunnut niit\u00e4 tappaa. Kun veljeni oli p\u00e4\u00e4st\u00e4nyt ne p\u00e4ivilt\u00e4\u00e4n, osasin ja halusinkin kyll\u00e4 saaliit suomustaa ja perata. Mets\u00e4n antimia tuli my\u00f6s poimittua lapsen n\u00e4k\u00f6kulmasta katsottuna hirmuiset m\u00e4\u00e4r\u00e4t loppukesien marja-aikaan. \u00c4iti keitti mustikat ja puutarhan viinimarjat mehuiksi, joita sitten kipe\u00e4n\u00e4 ollessa saimme nautiskella. Kaikki oli tarkkaan laskettu, huvikseen mehuja ei juotu.<\/p>\n<p>T\u00e4rkeint\u00e4 ja muistoihin vahvimmin j\u00e4\u00e4neit\u00e4 hetki\u00e4 olivat kuitenkin merimatkat. Lapsuuden ajan kulkupelin\u00e4 oli vanha meril\u00e4ismallinen puuvene, jota kev\u00e4\u00e4ll\u00e4 raapattiin vanhoista lakoista puhtaaksi, maalattiin myrkkymaalit pohjaan ja odotetuin hetki oli mereenlasku. Niin pienest\u00e4 kuin muistan, sain istua is\u00e4n syliss\u00e4 ja ajaa. Kuutsalon v\u00e4ylien merimerkit, karikot, matalikot ja tuulet suuntineen tulivat tutuiksi ja imeytyiv\u00e4t selk\u00e4ytimeen loppuel\u00e4m\u00e4kseni. Pienest\u00e4 lettip\u00e4isest\u00e4 tyt\u00f6st\u00e4 kasvoi merta rakastava, taitava ja etenkin merta kunnioittava saarelainen. Mit\u00e4p\u00e4 muuta tahdoinkaan aikuisena enemp\u00e4\u00e4 kuin omistaa oman meril\u00e4isen ja kynt\u00e4\u00e4 sen kanssa merell\u00e4.<\/p>\n<div id=\"attachment_3818\" style=\"width: 210px\" class=\"wp-caption alignnone\"><a href=\"http:\/\/www.laurapennanen.fi\/wp-content\/uploads\/2019\/10\/Kuutsalon-viiri.jpg\"><img loading=\"lazy\" decoding=\"async\" aria-describedby=\"caption-attachment-3818\" class=\"wp-image-3818\" src=\"http:\/\/www.laurapennanen.fi\/wp-content\/uploads\/2019\/10\/Kuutsalon-viiri-768x1024.jpg\" alt=\"\" width=\"200\" height=\"267\" srcset=\"https:\/\/www.laurapennanen.fi\/wp-content\/uploads\/2019\/10\/Kuutsalon-viiri-768x1024.jpg 768w, https:\/\/www.laurapennanen.fi\/wp-content\/uploads\/2019\/10\/Kuutsalon-viiri-225x300.jpg 225w, https:\/\/www.laurapennanen.fi\/wp-content\/uploads\/2019\/10\/Kuutsalon-viiri-624x832.jpg 624w, https:\/\/www.laurapennanen.fi\/wp-content\/uploads\/2019\/10\/Kuutsalon-viiri.jpg 1500w\" sizes=\"auto, (max-width: 200px) 100vw, 200px\" \/><\/a><p id=\"caption-attachment-3818\" class=\"wp-caption-text\">Kuutsalon viiri seitsem\u00e4n suvun tunnusten kera.<\/p><\/div>\n<h2>Kuutsalon rakennuksia ja paikkoja<\/h2>\n<p><a name=\"Kuutsalon kappeli\"><\/a><br \/>\n<strong>Kuutsalon kappeli<\/strong> on rakennettu talkoovoimin ja se siunattiin k\u00e4ytt\u00f6\u00f6n vuonna 2003. Kappelin ovet ovat avoinna vuoden jokaisena p\u00e4iv\u00e4n\u00e4 kellon ymp\u00e4ri. Sis\u00e4\u00e4n voi menn\u00e4 hiljentym\u00e4\u00e4n ja kirjoittaa vieraskirjaan pienen muiston k\u00e4ynnist\u00e4\u00e4n. Kes\u00e4lauantaisin soitetaan ehtookelloja ja pidet\u00e4\u00e4n pieni rukoushetki. Ovet ovat per\u00e4isin Laajakosken vanhasta kappelista ja alttariristi Ruotsinsalmen taistelun aikaisesta laivanhylyst\u00e4. Kappelin on suunnitellut arkkitehti Tuomo Hovi.<\/p>\n<div id=\"attachment_1072\" style=\"width: 410px\" class=\"wp-caption alignnone\"><a href=\"http:\/\/www.laurapennanen.fi\/wp-content\/uploads\/2018\/12\/Kuutsalon-kappeli-1.jpg\"><img loading=\"lazy\" decoding=\"async\" aria-describedby=\"caption-attachment-1072\" class=\"wp-image-1072\" src=\"http:\/\/www.laurapennanen.fi\/wp-content\/uploads\/2018\/12\/Kuutsalon-kappeli-1-1024x768.jpg\" alt=\"\" width=\"400\" height=\"300\" srcset=\"https:\/\/www.laurapennanen.fi\/wp-content\/uploads\/2018\/12\/Kuutsalon-kappeli-1-1024x768.jpg 1024w, https:\/\/www.laurapennanen.fi\/wp-content\/uploads\/2018\/12\/Kuutsalon-kappeli-1-300x225.jpg 300w, https:\/\/www.laurapennanen.fi\/wp-content\/uploads\/2018\/12\/Kuutsalon-kappeli-1-768x576.jpg 768w, https:\/\/www.laurapennanen.fi\/wp-content\/uploads\/2018\/12\/Kuutsalon-kappeli-1-624x468.jpg 624w, https:\/\/www.laurapennanen.fi\/wp-content\/uploads\/2018\/12\/Kuutsalon-kappeli-1.jpg 1824w\" sizes=\"auto, (max-width: 400px) 100vw, 400px\" \/><\/a><p id=\"caption-attachment-1072\" class=\"wp-caption-text\">Kuutsalon kappeli ja kellotorni.<\/p><\/div>\n<p><a name=\"Popovin muistolaatta\"><\/a><br \/>\n<strong>Popovin muistolaatta<\/strong> l\u00f6ytyy Autionkyl\u00e4nvuorelta. Aleksandr Popov oli ven\u00e4l\u00e4inen fyysikko, joka l\u00e4hetti ensimm\u00e4isen langattoman s\u00e4hk\u00f6sanoman Kuutsalosta panssarilaiva General-admiral Apraksin avuksi vuonna 1900. T\u00e4m\u00e4n tapahtuman muistoksi paikalle on pystytetty muistolaatta. Mit\u00e4\u00e4n tienviittoja tahi tiet\u00e4 ei muistolaatalle ole, vaan sen luo p\u00e4\u00e4see kapuamalla Autionkyl\u00e4nvuorelle jyrk\u00e4nnett\u00e4 pitkin.<\/p>\n<div id=\"attachment_976\" style=\"width: 410px\" class=\"wp-caption alignnone\"><a href=\"http:\/\/www.laurapennanen.fi\/wp-content\/uploads\/2018\/12\/Popovin-kallio.jpg\"><img loading=\"lazy\" decoding=\"async\" aria-describedby=\"caption-attachment-976\" class=\"wp-image-976\" src=\"http:\/\/www.laurapennanen.fi\/wp-content\/uploads\/2018\/12\/Popovin-kallio-1024x768.jpg\" alt=\"\" width=\"400\" height=\"300\" srcset=\"https:\/\/www.laurapennanen.fi\/wp-content\/uploads\/2018\/12\/Popovin-kallio-1024x768.jpg 1024w, https:\/\/www.laurapennanen.fi\/wp-content\/uploads\/2018\/12\/Popovin-kallio-300x225.jpg 300w, https:\/\/www.laurapennanen.fi\/wp-content\/uploads\/2018\/12\/Popovin-kallio-768x576.jpg 768w, https:\/\/www.laurapennanen.fi\/wp-content\/uploads\/2018\/12\/Popovin-kallio-624x468.jpg 624w, https:\/\/www.laurapennanen.fi\/wp-content\/uploads\/2018\/12\/Popovin-kallio.jpg 1600w\" sizes=\"auto, (max-width: 400px) 100vw, 400px\" \/><\/a><p id=\"caption-attachment-976\" class=\"wp-caption-text\">Popovin muistolaatta maisemineen 28.8.2017.<\/p><\/div>\n<p><a name=\"Kuutsalon koulu\"><\/a><br \/>\n<strong>Kuutsalon koulu<\/strong> sijaitsee Kyl\u00e4nlahden rannalla, Suurikyl\u00e4n ja Autionkyl\u00e4n rajalla. Kuutsalon koulun toiminta alkoi vuonna 1893 ja koulu lakkautettiin vuonna 1963. Koulun 70-vuotisen taipaleen aikana koulussa toimi virassa 25 opettajaa ja koulun k\u00e4vi n. 500 lasta. Koulutoimen lakkauttamisen j\u00e4lkeen rakennnus siirtyi Kotkan kaupungille. Koululla j\u00e4rjestettiin vuosia erilaisia leirej\u00e4. Nyky\u00e4\u00e4n koulurakennus tontteineen on yksityisess\u00e4 omistuksessa.<\/p>\n<div id=\"attachment_1218\" style=\"width: 410px\" class=\"wp-caption alignnone\"><a href=\"http:\/\/www.laurapennanen.fi\/wp-content\/uploads\/2019\/01\/Kuutsalon-koulu.jpg\"><img loading=\"lazy\" decoding=\"async\" aria-describedby=\"caption-attachment-1218\" class=\"wp-image-1218\" src=\"http:\/\/www.laurapennanen.fi\/wp-content\/uploads\/2019\/01\/Kuutsalon-koulu-1024x768.jpg\" alt=\"\" width=\"400\" height=\"300\" srcset=\"https:\/\/www.laurapennanen.fi\/wp-content\/uploads\/2019\/01\/Kuutsalon-koulu-1024x768.jpg 1024w, https:\/\/www.laurapennanen.fi\/wp-content\/uploads\/2019\/01\/Kuutsalon-koulu-300x225.jpg 300w, https:\/\/www.laurapennanen.fi\/wp-content\/uploads\/2019\/01\/Kuutsalon-koulu-768x576.jpg 768w, https:\/\/www.laurapennanen.fi\/wp-content\/uploads\/2019\/01\/Kuutsalon-koulu-624x468.jpg 624w, https:\/\/www.laurapennanen.fi\/wp-content\/uploads\/2019\/01\/Kuutsalon-koulu.jpg 1600w\" sizes=\"auto, (max-width: 400px) 100vw, 400px\" \/><\/a><p id=\"caption-attachment-1218\" class=\"wp-caption-text\">Kuutsalon koulu 21.7.2017.<\/p><\/div>\n<p><a name=\"Saarimaja\"><\/a><br \/>\n<strong>Saarimaja<\/strong> sijaitsee Kyl\u00e4nlahden rannalla, Suurikyl\u00e4ss\u00e4. Vuonna 1915, ja mahdollisesti jo aiemminkin, otettiin puheeksi oman talon rakentaminen raittius- ja nuorisoseuroissa Kuutsalossa. Suojeluskuntaliike lienee ollut lopullinen liikkeellepaneva voima talon rakentamisp\u00e4\u00e4t\u00f6kseen. Vuonna 1928 kyl\u00e4kokouksissa k\u00e4siteltiin asiaa ja lopulta rakentamisp\u00e4\u00e4t\u00f6s tehtiin 11.3.1928. Talo on rakennettu p\u00e4\u00e4osin talkoovoimin ja muun muassa Kuutsalon talolliset luovuttivat 3-5 runkoa taloa kohti rakentamiseen. Saarimaja valmistui ja vihittiin k\u00e4ytt\u00f6\u00f6n elokuussa 1929.<\/p>\n<p>Saarimajalla on tanssittu h\u00e4it\u00e4 ja juhannustansseja sek\u00e4 vietetty (ja yh\u00e4 vietet\u00e4\u00e4n) kes\u00e4juhlia. Sota-aikana talo oli puolustusvoimien k\u00e4yt\u00f6ss\u00e4. 1960-70 luvuilla talon toiminta hiipui ja lopulta 1974 talo peruskorjattiin. Korjauksen lis\u00e4ksi pihaan on rakennettu uudet saniteettitilat, pihaa ymp\u00e4r\u00f6iv\u00e4\u00e4 aitaa on kunnostettu sek\u00e4 laituria ja kattoa on uudistettu useampaan otteeseen.<\/p>\n<div id=\"attachment_1313\" style=\"width: 410px\" class=\"wp-caption alignnone\"><a href=\"http:\/\/www.laurapennanen.fi\/wp-content\/uploads\/2019\/01\/Seurantalo.jpg\"><img loading=\"lazy\" decoding=\"async\" aria-describedby=\"caption-attachment-1313\" class=\"wp-image-1313\" src=\"http:\/\/www.laurapennanen.fi\/wp-content\/uploads\/2019\/01\/Seurantalo-1024x768.jpg\" alt=\"\" width=\"400\" height=\"300\" srcset=\"https:\/\/www.laurapennanen.fi\/wp-content\/uploads\/2019\/01\/Seurantalo-1024x768.jpg 1024w, https:\/\/www.laurapennanen.fi\/wp-content\/uploads\/2019\/01\/Seurantalo-300x225.jpg 300w, https:\/\/www.laurapennanen.fi\/wp-content\/uploads\/2019\/01\/Seurantalo-768x576.jpg 768w, https:\/\/www.laurapennanen.fi\/wp-content\/uploads\/2019\/01\/Seurantalo-624x468.jpg 624w, https:\/\/www.laurapennanen.fi\/wp-content\/uploads\/2019\/01\/Seurantalo.jpg 2000w\" sizes=\"auto, (max-width: 400px) 100vw, 400px\" \/><\/a><p id=\"caption-attachment-1313\" class=\"wp-caption-text\">Kuutsalon Saarimaja 10.5.2015.<\/p><\/div>\n<p><a name=\"Mullin yhteysaluslaituri\"><\/a><br \/>\n<strong>Mullin yhteysaluslaituri<\/strong> sijaitsee Halkoniemess\u00e4. T\u00e4t\u00e4 nykyist\u00e4 laituria varten Kotkan kaupunki hankki maa-alueen Mullinlahdelta 2005-2006. Laiturin rakentaminen alkoi lokakuussa ja se valmistui joulukuussa 2007. Tie laiturille tehtiin syksyll\u00e4 2008. V\u00e4yl\u00e4n ja k\u00e4\u00e4nt\u00f6altaan ruoppausty\u00f6t valmistuivat syksyll\u00e4 2009. Vuonna 2010 laituri alueineen oli lopulta yhteysalusten k\u00e4yt\u00f6ss\u00e4.<\/p>\n<p>V\u00e4yl\u00e4n syvyys on aiheuttanut matalalla vedell\u00e4 ongelmia nykyisten yhteysalusten kanssa. Sek\u00e4 Tekla I:en ett\u00e4 Otavan syv\u00e4ys on 2,4 m, joten kumpikaan niist\u00e4 ei p\u00e4\u00e4se ajamaan laituriin veden ollessa &#8211; 50 cm normaalia matalammalla. V\u00e4yl\u00e4n pohja on peruskalliota, joten suurempiin ruoppauksiin ei ole ryhdytty. Entinen yhteysaluslaituri sijaitsi samalla lahdella poukaman per\u00e4ll\u00e4. Vaikka v\u00e4yl\u00e4 vanhalle laiturille oli paljon nykyist\u00e4 matalampi, p\u00e4\u00e4siv\u00e4t pienikokoisemmat tuurit ajamaan laituriin veden mataluudesta huolimatta. Talviaikaan j\u00e4iden paksuuden ollessa esteen\u00e4, yhteysalukset ajoivat Sukosenpohjaan, Kuutsalon pohjoisk\u00e4rjen tuntumassa olevaan talvilaituriin.<\/p>\n<p>Yhteysalukset j\u00e4ttiv\u00e4t aikaisemmin matkustajat talvella matalanveden aikana Mullinlahden edustalla olevan Laiskankarin viereen j\u00e4\u00e4lle, josta k\u00e4velymatkaa Mulliin tuli noin kilometri. J\u00e4iden paksuutta seurattiin tarkasti. Turvallisuussyist\u00e4 nyky\u00e4\u00e4n ei en\u00e4\u00e4 matkustajia j\u00e4\u00e4lle j\u00e4tet\u00e4. Kuvassa n\u00e4kyy moottorikelkkojen ura, joka vei j\u00e4\u00e4n reunaan. Saarelaiset ovat tottuneet my\u00f6s tilanteisiin, jolloin saaresta ei p\u00e4\u00e4se pois kelirikkoaikana.<\/p>\n<div class=\"kuvatleve\u00e4mpi\">\n<div id=\"attachment_1366\" style=\"width: 410px\" class=\"wp-caption alignnone\"><a href=\"http:\/\/www.laurapennanen.fi\/wp-content\/uploads\/2019\/01\/Mullin-yhteysaluslaituri.jpg\"><img loading=\"lazy\" decoding=\"async\" aria-describedby=\"caption-attachment-1366\" class=\"wp-image-1366\" src=\"http:\/\/www.laurapennanen.fi\/wp-content\/uploads\/2019\/01\/Mullin-yhteysaluslaituri-1024x768.jpg\" alt=\"\" width=\"400\" height=\"300\" srcset=\"https:\/\/www.laurapennanen.fi\/wp-content\/uploads\/2019\/01\/Mullin-yhteysaluslaituri-1024x768.jpg 1024w, https:\/\/www.laurapennanen.fi\/wp-content\/uploads\/2019\/01\/Mullin-yhteysaluslaituri-300x225.jpg 300w, https:\/\/www.laurapennanen.fi\/wp-content\/uploads\/2019\/01\/Mullin-yhteysaluslaituri-768x576.jpg 768w, https:\/\/www.laurapennanen.fi\/wp-content\/uploads\/2019\/01\/Mullin-yhteysaluslaituri-624x468.jpg 624w, https:\/\/www.laurapennanen.fi\/wp-content\/uploads\/2019\/01\/Mullin-yhteysaluslaituri.jpg 2000w\" sizes=\"auto, (max-width: 400px) 100vw, 400px\" \/><\/a><p id=\"caption-attachment-1366\" class=\"wp-caption-text\">Mullin yhteysaluslaituri merelt\u00e4p\u00e4in katsottuna 2.3.2018.<\/p><\/div>\n<\/div>\n<p><a name=\"Kiulunkivi\"><\/a><br \/>\n<strong>Kiulunkivi<\/strong> on Kuutsalon suurin siirtolohkare. Kivi sijaitsee Halssinsaaren kupeessa, Kiulunkivensalmen rannalla.<\/p>\n<div id=\"attachment_1879\" style=\"width: 410px\" class=\"wp-caption alignnone\"><a href=\"http:\/\/www.laurapennanen.fi\/wp-content\/uploads\/2019\/04\/Kiulunkivi5.jpg\"><img loading=\"lazy\" decoding=\"async\" aria-describedby=\"caption-attachment-1879\" class=\"wp-image-1879\" src=\"http:\/\/www.laurapennanen.fi\/wp-content\/uploads\/2019\/04\/Kiulunkivi5-1024x768.jpg\" alt=\"\" width=\"400\" height=\"300\" srcset=\"https:\/\/www.laurapennanen.fi\/wp-content\/uploads\/2019\/04\/Kiulunkivi5-1024x768.jpg 1024w, https:\/\/www.laurapennanen.fi\/wp-content\/uploads\/2019\/04\/Kiulunkivi5-300x225.jpg 300w, https:\/\/www.laurapennanen.fi\/wp-content\/uploads\/2019\/04\/Kiulunkivi5-768x576.jpg 768w, https:\/\/www.laurapennanen.fi\/wp-content\/uploads\/2019\/04\/Kiulunkivi5-624x468.jpg 624w\" sizes=\"auto, (max-width: 400px) 100vw, 400px\" \/><\/a><p id=\"caption-attachment-1879\" class=\"wp-caption-text\">Koirat mittakaavana verrattuna Kiulunkivelle.<\/p><\/div>\n<p><a name=\"It\u00e4rivi\"><\/a><br \/>\n<strong>It\u00e4rivi<\/strong> on Kuutsalon p\u00e4\u00e4saaren it\u00e4isin kohta. Pitk\u00e4, suurehkoista kivenmurikoista muodostuva kivirivist\u00f6 lep\u00e4\u00e4 maakannaksen p\u00e4\u00e4ll\u00e4. Matalalla vedell\u00e4 it\u00e4rivi on k\u00e4velt\u00e4viss\u00e4 kuivin jaloin uloimpiin kiviin asti. It\u00e4rivin j\u00e4lkeen, Vassaarensalmeen p\u00e4in ment\u00e4ess\u00e4 muodostuu luonnon oma v\u00e4yl\u00e4n suu, josta on turvallista ajaa kohti Vassaarensalmea. Selk\u00e4kivi j\u00e4\u00e4 vasemmalle ja Kolmikivet oikealle. Molemmat merkkikivet ovat lipuin merkityt.<\/p>\n<div class=\"kuvat\">\n<p><a href=\"http:\/\/www.laurapennanen.fi\/wp-content\/uploads\/2019\/04\/It\u00e4rivi11.jpg\"><img decoding=\"async\" class=\"wp-image-1876\" src=\"http:\/\/www.laurapennanen.fi\/wp-content\/uploads\/2019\/04\/It\u00e4rivi11-1024x768.jpg\" alt=\"\" width=\"height=\" srcset=\"https:\/\/www.laurapennanen.fi\/wp-content\/uploads\/2019\/04\/It\u00e4rivi11-1024x768.jpg 1024w, https:\/\/www.laurapennanen.fi\/wp-content\/uploads\/2019\/04\/It\u00e4rivi11-300x225.jpg 300w, https:\/\/www.laurapennanen.fi\/wp-content\/uploads\/2019\/04\/It\u00e4rivi11-768x576.jpg 768w, https:\/\/www.laurapennanen.fi\/wp-content\/uploads\/2019\/04\/It\u00e4rivi11-624x468.jpg 624w\" sizes=\"(max-width: 1024px) 100vw, 1024px\" \/><\/a><\/p>\n<\/div>\n<div class=\"kuvat\">\n<p><a href=\"http:\/\/www.laurapennanen.fi\/wp-content\/uploads\/2019\/04\/It\u00e4rivi-l\u00e4hestyminen.jpg\"><img decoding=\"async\" class=\"wp-image-2440\" src=\"http:\/\/www.laurapennanen.fi\/wp-content\/uploads\/2019\/04\/It\u00e4rivi-l\u00e4hestyminen-1024x768.jpg\" alt=\"\" width=\"height=\" srcset=\"https:\/\/www.laurapennanen.fi\/wp-content\/uploads\/2019\/04\/It\u00e4rivi-l\u00e4hestyminen-1024x768.jpg 1024w, https:\/\/www.laurapennanen.fi\/wp-content\/uploads\/2019\/04\/It\u00e4rivi-l\u00e4hestyminen-300x225.jpg 300w, https:\/\/www.laurapennanen.fi\/wp-content\/uploads\/2019\/04\/It\u00e4rivi-l\u00e4hestyminen-768x576.jpg 768w, https:\/\/www.laurapennanen.fi\/wp-content\/uploads\/2019\/04\/It\u00e4rivi-l\u00e4hestyminen-624x468.jpg 624w, https:\/\/www.laurapennanen.fi\/wp-content\/uploads\/2019\/04\/It\u00e4rivi-l\u00e4hestyminen.jpg 2000w\" sizes=\"(max-width: 1024px) 100vw, 1024px\" \/><\/a><\/p>\n<\/div>\n<div class=\"kuvat\">\n<p><a href=\"http:\/\/www.laurapennanen.fi\/wp-content\/uploads\/2019\/04\/It\u00e4rivi-rivinp\u00e4\u00e4.jpg\"><img decoding=\"async\" class=\"wp-image-2438\" src=\"http:\/\/www.laurapennanen.fi\/wp-content\/uploads\/2019\/04\/It\u00e4rivi-rivinp\u00e4\u00e4-1024x768.jpg\" alt=\"\" width=\"height=\" srcset=\"https:\/\/www.laurapennanen.fi\/wp-content\/uploads\/2019\/04\/It\u00e4rivi-rivinp\u00e4\u00e4-1024x768.jpg 1024w, https:\/\/www.laurapennanen.fi\/wp-content\/uploads\/2019\/04\/It\u00e4rivi-rivinp\u00e4\u00e4-300x225.jpg 300w, https:\/\/www.laurapennanen.fi\/wp-content\/uploads\/2019\/04\/It\u00e4rivi-rivinp\u00e4\u00e4-768x576.jpg 768w, https:\/\/www.laurapennanen.fi\/wp-content\/uploads\/2019\/04\/It\u00e4rivi-rivinp\u00e4\u00e4-624x468.jpg 624w, https:\/\/www.laurapennanen.fi\/wp-content\/uploads\/2019\/04\/It\u00e4rivi-rivinp\u00e4\u00e4.jpg 1600w\" sizes=\"(max-width: 1024px) 100vw, 1024px\" \/><\/a><\/p>\n<\/div>\n<p><a name=\"Kuutsalon muinaisj\u00e4\u00e4nn\u00f6kset\"><\/a><\/p>\n<p><strong>Kuutsalon muinaisj\u00e4\u00e4nn\u00f6kset<\/strong><\/p>\n<p>Kuutsalossa on runsaasti rautakautisia hautar\u00f6ykki\u00f6it\u00e4 eri puolilla saarta. Alueet tunnetaan nimill\u00e4 Laukkaniemi 1 ja 2, Pohjansuu ja Iso-Halssi.<\/p>\n<div class=\"kuvat\">\n<div id=\"attachment_3667\" style=\"width: 635px\" class=\"wp-caption alignnone\"><a href=\"http:\/\/www.laurapennanen.fi\/wp-content\/uploads\/2019\/09\/Laukkaniemi-2.jpg\"><img loading=\"lazy\" decoding=\"async\" aria-describedby=\"caption-attachment-3667\" class=\"wp-image-3667 size-large\" src=\"http:\/\/www.laurapennanen.fi\/wp-content\/uploads\/2019\/09\/Laukkaniemi-2-1024x768.jpg\" alt=\"\" width=\"625\" height=\"469\" srcset=\"https:\/\/www.laurapennanen.fi\/wp-content\/uploads\/2019\/09\/Laukkaniemi-2-1024x768.jpg 1024w, https:\/\/www.laurapennanen.fi\/wp-content\/uploads\/2019\/09\/Laukkaniemi-2-300x225.jpg 300w, https:\/\/www.laurapennanen.fi\/wp-content\/uploads\/2019\/09\/Laukkaniemi-2-768x576.jpg 768w, https:\/\/www.laurapennanen.fi\/wp-content\/uploads\/2019\/09\/Laukkaniemi-2-624x468.jpg 624w, https:\/\/www.laurapennanen.fi\/wp-content\/uploads\/2019\/09\/Laukkaniemi-2.jpg 1843w\" sizes=\"auto, (max-width: 625px) 100vw, 625px\" \/><\/a><p id=\"caption-attachment-3667\" class=\"wp-caption-text\">Laukkaniemess\u00e4 sijaitseva kivilatomus.<\/p><\/div>\n<\/div>\n<div class=\"kuvat\">\n<div id=\"attachment_3671\" style=\"width: 635px\" class=\"wp-caption alignnone\"><a href=\"http:\/\/www.laurapennanen.fi\/wp-content\/uploads\/2019\/09\/Iso-Halssi.jpg\"><img loading=\"lazy\" decoding=\"async\" aria-describedby=\"caption-attachment-3671\" class=\"wp-image-3671 size-large\" src=\"http:\/\/www.laurapennanen.fi\/wp-content\/uploads\/2019\/09\/Iso-Halssi-1024x768.jpg\" alt=\"\" width=\"625\" height=\"469\" srcset=\"https:\/\/www.laurapennanen.fi\/wp-content\/uploads\/2019\/09\/Iso-Halssi-1024x768.jpg 1024w, https:\/\/www.laurapennanen.fi\/wp-content\/uploads\/2019\/09\/Iso-Halssi-300x225.jpg 300w, https:\/\/www.laurapennanen.fi\/wp-content\/uploads\/2019\/09\/Iso-Halssi-768x576.jpg 768w, https:\/\/www.laurapennanen.fi\/wp-content\/uploads\/2019\/09\/Iso-Halssi-624x468.jpg 624w, https:\/\/www.laurapennanen.fi\/wp-content\/uploads\/2019\/09\/Iso-Halssi.jpg 1843w\" sizes=\"auto, (max-width: 625px) 100vw, 625px\" \/><\/a><p id=\"caption-attachment-3671\" class=\"wp-caption-text\">Halssinsaarentien varrella sijaitseva kivilatomus.<\/p><\/div>\n<\/div>\n<h3>Ulkoisia linkkej\u00e4<\/h3>\n<ul style=\"list-style-type: disc;\">\n<li><a href=\"http:\/\/kuutsalo.fi\/\" target=\"_blank\" rel=\"noopener noreferrer\">Kuutsalo.fi<\/a><\/li>\n<li><a href=\"http:\/\/fi.wikipedia.org\/wiki\/Kuutsalo\" target=\"_blank\" rel=\"noopener noreferrer\">Kuutsalo &#8211; Wikipedia<\/a><\/li>\n<li><a href=\"https:\/\/www.kotka.fi\/instancedata\/prime_product_julkaisu\/kotka\/embeds\/kotkawwwstructure\/18553_kotkan_pohjoisosa_2.gif\/\" target=\"_blank\" rel=\"noopener noreferrer\">Kartta Kotkan kaupunginosien rajoista<\/a><\/li>\n<li><a href=\"http:\/\/www.kotka.fi\/instancedata\/prime_product_julkaisu\/kotka\/embeds\/kotkawwwstructure\/29108_Tilastotietoja_2016.pdf\" target=\"_blank\" rel=\"noopener noreferrer\">Kotkan tilastoalueiden tietoja<\/a><\/li>\n<\/ul>\n<p style=\"clear: both;\"><a href=\"http:\/\/www.laurapennanen.fi\/?page_id=2172\">\u21d0 Palaa Kotkan kaupunginosia ja kyli\u00e4 -sivustoon<\/a><\/p>\n","protected":false},"excerpt":{"rendered":"<p>Kuutsalo on saari Kotkan kupeessa, it\u00e4isell\u00e4 Suomenlahdella. P\u00e4\u00e4saaressa Kuutsalossa on nelj\u00e4 kyl\u00e4\u00e4, joita asuttaa 24 ymp\u00e4rivuotista asukasta. N\u00e4iden lis\u00e4ksi on\u00a0satoja kes\u00e4asukkaita. Kuutsalon saaristoon kuuluvat mm. Kirkonmaa, Vuorisaari, Pitk\u00e4saari, Vassaari ja Karhusaari\u00a0sek\u00e4 lukematon m\u00e4\u00e4r\u00e4 pienempi\u00e4 saaria. Sis\u00e4llysluettelo Kuutsalon kappeli Popovin muistolaatta Kuutsalon koulu Saarimaja Mullin yhteysaluslaituri Kiulunkivi It\u00e4rivi Kuutsalon muinaisj\u00e4\u00e4nn\u00f6kset Muistoni Kuutsalosta kantautuvat aina 1970-luvun alkuvuosiin. [&hellip;]<\/p>\n","protected":false},"author":1,"featured_media":0,"parent":0,"menu_order":0,"comment_status":"closed","ping_status":"closed","template":"page-templates\/full-width.php","meta":{"footnotes":""},"class_list":["post-568","page","type-page","status-publish","hentry"],"_links":{"self":[{"href":"https:\/\/www.laurapennanen.fi\/index.php?rest_route=\/wp\/v2\/pages\/568","targetHints":{"allow":["GET"]}}],"collection":[{"href":"https:\/\/www.laurapennanen.fi\/index.php?rest_route=\/wp\/v2\/pages"}],"about":[{"href":"https:\/\/www.laurapennanen.fi\/index.php?rest_route=\/wp\/v2\/types\/page"}],"author":[{"embeddable":true,"href":"https:\/\/www.laurapennanen.fi\/index.php?rest_route=\/wp\/v2\/users\/1"}],"replies":[{"embeddable":true,"href":"https:\/\/www.laurapennanen.fi\/index.php?rest_route=%2Fwp%2Fv2%2Fcomments&post=568"}],"version-history":[{"count":44,"href":"https:\/\/www.laurapennanen.fi\/index.php?rest_route=\/wp\/v2\/pages\/568\/revisions"}],"predecessor-version":[{"id":3826,"href":"https:\/\/www.laurapennanen.fi\/index.php?rest_route=\/wp\/v2\/pages\/568\/revisions\/3826"}],"wp:attachment":[{"href":"https:\/\/www.laurapennanen.fi\/index.php?rest_route=%2Fwp%2Fv2%2Fmedia&parent=568"}],"curies":[{"name":"wp","href":"https:\/\/api.w.org\/{rel}","templated":true}]}}